{"id":207,"date":"2021-03-09T00:15:00","date_gmt":"2021-03-09T00:15:00","guid":{"rendered":"https:\/\/festivaldecaruaru.com.br\/2021\/?page_id=207"},"modified":"2021-03-31T13:26:34","modified_gmt":"2021-03-31T13:26:34","slug":"programacao","status":"publish","type":"page","link":"https:\/\/festivaldecaruaru.com.br\/2021\/?page_id=207","title":{"rendered":"Programa\u00e7\u00e3o"},"content":{"rendered":"\t\t<div data-elementor-type=\"wp-page\" data-elementor-id=\"207\" class=\"elementor elementor-207\" data-elementor-settings=\"[]\">\n\t\t\t\t\t\t\t<div class=\"elementor-section-wrap\">\n\t\t\t\t\t\t\t<section class=\"elementor-section elementor-top-section elementor-element elementor-element-685314b elementor-section-boxed elementor-section-height-default elementor-section-height-default\" data-id=\"685314b\" data-element_type=\"section\">\n\t\t\t\t\t\t<div class=\"elementor-container elementor-column-gap-default\">\n\t\t\t\t\t<div class=\"elementor-column elementor-col-100 elementor-top-column elementor-element elementor-element-6ea54f6\" data-id=\"6ea54f6\" data-element_type=\"column\">\n\t\t\t<div class=\"elementor-widget-wrap elementor-element-populated\">\n\t\t\t\t\t\t\t\t<div class=\"elementor-element elementor-element-a64d20f elementor-widget elementor-widget-heading\" data-id=\"a64d20f\" data-element_type=\"widget\" data-widget_type=\"heading.default\">\n\t\t\t\t<div class=\"elementor-widget-container\">\n\t\t\t<h2 class=\"elementor-heading-title elementor-size-default\">Exibi\u00e7\u00f5es<\/h2>\t\t<\/div>\n\t\t\t\t<\/div>\n\t\t\t\t\t<\/div>\n\t\t<\/div>\n\t\t\t\t\t\t\t<\/div>\n\t\t<\/section>\n\t\t\t\t<section class=\"elementor-section elementor-top-section elementor-element elementor-element-4d23c6b elementor-section-boxed elementor-section-height-default elementor-section-height-default\" data-id=\"4d23c6b\" data-element_type=\"section\">\n\t\t\t\t\t\t<div class=\"elementor-container elementor-column-gap-default\">\n\t\t\t\t\t<div class=\"elementor-column elementor-col-100 elementor-top-column elementor-element elementor-element-07578d2\" data-id=\"07578d2\" data-element_type=\"column\">\n\t\t\t<div class=\"elementor-widget-wrap elementor-element-populated\">\n\t\t\t\t\t\t\t\t<div class=\"elementor-element elementor-element-3cc6dae elementor-widget-divider--view-line elementor-widget elementor-widget-divider\" data-id=\"3cc6dae\" data-element_type=\"widget\" data-widget_type=\"divider.default\">\n\t\t\t\t<div class=\"elementor-widget-container\">\n\t\t\t\t\t<div class=\"elementor-divider\">\n\t\t\t<span class=\"elementor-divider-separator\">\n\t\t\t\t\t\t<\/span>\n\t\t<\/div>\n\t\t\t\t<\/div>\n\t\t\t\t<\/div>\n\t\t\t\t\t<\/div>\n\t\t<\/div>\n\t\t\t\t\t\t\t<\/div>\n\t\t<\/section>\n\t\t\t\t<section class=\"elementor-section elementor-top-section elementor-element elementor-element-8bacb96 elementor-section-boxed elementor-section-height-default elementor-section-height-default\" data-id=\"8bacb96\" data-element_type=\"section\">\n\t\t\t\t\t\t<div class=\"elementor-container elementor-column-gap-default\">\n\t\t\t\t\t<div class=\"elementor-column elementor-col-100 elementor-top-column elementor-element elementor-element-e4ff6ea\" data-id=\"e4ff6ea\" data-element_type=\"column\">\n\t\t\t<div class=\"elementor-widget-wrap elementor-element-populated\">\n\t\t\t\t\t\t\t\t<div class=\"elementor-element elementor-element-b05b3db elementor-widget elementor-widget-text-editor\" data-id=\"b05b3db\" data-element_type=\"widget\" data-widget_type=\"text-editor.default\">\n\t\t\t\t<div class=\"elementor-widget-container\">\n\t\t\t\t\t<div class=\"elementor-text-editor elementor-clearfix\"><p><b>Os filmes ficaram dispon\u00edveis aqui no site e tamb\u00e9m gratuitamente na plataforma <\/b><a style=\"font-weight: bold;\" href=\"http:\/\/cardume.tv.br\/\">CARDUME.TV.BR .<\/a><\/p><\/div>\n\t\t\t\t<\/div>\n\t\t\t\t<\/div>\n\t\t\t\t\t<\/div>\n\t\t<\/div>\n\t\t\t\t\t\t\t<\/div>\n\t\t<\/section>\n\t\t\t\t<section class=\"elementor-section elementor-top-section elementor-element elementor-element-d14e686 elementor-section-boxed elementor-section-height-default elementor-section-height-default\" data-id=\"d14e686\" data-element_type=\"section\">\n\t\t\t\t\t\t<div class=\"elementor-container elementor-column-gap-default\">\n\t\t\t\t\t<div class=\"elementor-column elementor-col-100 elementor-top-column elementor-element elementor-element-7be260f\" data-id=\"7be260f\" data-element_type=\"column\">\n\t\t\t<div class=\"elementor-widget-wrap elementor-element-populated\">\n\t\t\t\t\t\t\t\t<div class=\"elementor-element elementor-element-af259c0 elementor-widget-divider--view-line elementor-widget elementor-widget-divider\" data-id=\"af259c0\" data-element_type=\"widget\" data-widget_type=\"divider.default\">\n\t\t\t\t<div class=\"elementor-widget-container\">\n\t\t\t\t\t<div class=\"elementor-divider\">\n\t\t\t<span class=\"elementor-divider-separator\">\n\t\t\t\t\t\t<\/span>\n\t\t<\/div>\n\t\t\t\t<\/div>\n\t\t\t\t<\/div>\n\t\t\t\t\t<\/div>\n\t\t<\/div>\n\t\t\t\t\t\t\t<\/div>\n\t\t<\/section>\n\t\t\t\t<section class=\"elementor-section elementor-top-section elementor-element elementor-element-469e012 elementor-section-boxed elementor-section-height-default elementor-section-height-default\" data-id=\"469e012\" data-element_type=\"section\">\n\t\t\t\t\t\t<div class=\"elementor-container elementor-column-gap-default\">\n\t\t\t\t\t<div class=\"elementor-column elementor-col-100 elementor-top-column elementor-element elementor-element-56e2c77\" data-id=\"56e2c77\" data-element_type=\"column\">\n\t\t\t<div class=\"elementor-widget-wrap elementor-element-populated\">\n\t\t\t\t\t\t\t\t<div class=\"elementor-element elementor-element-e34f73e elementor-widget elementor-widget-heading\" data-id=\"e34f73e\" data-element_type=\"widget\" data-widget_type=\"heading.default\">\n\t\t\t\t<div class=\"elementor-widget-container\">\n\t\t\t<h2 class=\"elementor-heading-title elementor-size-default\">Debates<\/h2>\t\t<\/div>\n\t\t\t\t<\/div>\n\t\t\t\t\t<\/div>\n\t\t<\/div>\n\t\t\t\t\t\t\t<\/div>\n\t\t<\/section>\n\t\t\t\t<section class=\"elementor-section elementor-top-section elementor-element elementor-element-4088296 elementor-section-boxed elementor-section-height-default elementor-section-height-default\" data-id=\"4088296\" data-element_type=\"section\">\n\t\t\t\t\t\t<div class=\"elementor-container elementor-column-gap-default\">\n\t\t\t\t\t<div class=\"elementor-column elementor-col-100 elementor-top-column elementor-element elementor-element-fdd2fa2\" data-id=\"fdd2fa2\" data-element_type=\"column\">\n\t\t\t<div class=\"elementor-widget-wrap elementor-element-populated\">\n\t\t\t\t\t\t\t\t<div class=\"elementor-element elementor-element-c2eeafb elementor-widget elementor-widget-text-editor\" data-id=\"c2eeafb\" data-element_type=\"widget\" data-widget_type=\"text-editor.default\">\n\t\t\t\t<div class=\"elementor-widget-container\">\n\t\t\t\t\t<div class=\"elementor-text-editor elementor-clearfix\"><p><strong>Transmitidos pelo <a href=\"https:\/\/www.youtube.com\/channel\/UCvFGLGcttcB-22ZO5RuI_6g\">canal da FIC\u00c7\u00c3O FILMES no Youtube. Ent\u00e3o Clique aqui pra se inscrever!<\/a><\/strong><\/p><\/div>\n\t\t\t\t<\/div>\n\t\t\t\t<\/div>\n\t\t\t\t\t<\/div>\n\t\t<\/div>\n\t\t\t\t\t\t\t<\/div>\n\t\t<\/section>\n\t\t\t\t<section class=\"elementor-section elementor-top-section elementor-element elementor-element-8d435ab elementor-section-boxed elementor-section-height-default elementor-section-height-default\" data-id=\"8d435ab\" data-element_type=\"section\">\n\t\t\t\t\t\t<div class=\"elementor-container elementor-column-gap-default\">\n\t\t\t\t\t<div class=\"elementor-column elementor-col-100 elementor-top-column elementor-element elementor-element-92f8c28\" data-id=\"92f8c28\" data-element_type=\"column\">\n\t\t\t<div class=\"elementor-widget-wrap elementor-element-populated\">\n\t\t\t\t\t\t\t\t<div class=\"elementor-element elementor-element-5b38568 elementor-widget elementor-widget-text-editor\" data-id=\"5b38568\" data-element_type=\"widget\" data-widget_type=\"text-editor.default\">\n\t\t\t\t<div class=\"elementor-widget-container\">\n\t\t\t\t\t<div class=\"elementor-text-editor elementor-clearfix\"><p><strong>15\/03<\/strong> &#8211; Abertura com apresenta\u00e7\u00e3o de Stephanie S\u00e1<\/p><p><span style=\"background-color: var( --e-global-color-e5b55b7 ); color: var(--nv-text-color); font-family: Poppins, var(--nv-fallback-ff); letter-spacing: 0px;\"><b>16\/03<\/b> &#8211; Mostra Infantil com m<\/span><span style=\"background-color: var( --e-global-color-e5b55b7 ); color: var(--nv-text-color); font-family: Poppins, var(--nv-fallback-ff); letter-spacing: 0px;\">edia\u00e7\u00e3o de Edson Santos<\/span><\/p><p><span style=\"background-color: var( --e-global-color-e5b55b7 ); color: var(--nv-text-color); font-family: Poppins, var(--nv-fallback-ff); letter-spacing: 0px;\"><b>17\/03<\/b> &#8211; Mostra Adolescine m<\/span><span style=\"background-color: var( --e-global-color-e5b55b7 ); color: var(--nv-text-color); font-family: Poppins, var(--nv-fallback-ff); letter-spacing: 0px;\">edia\u00e7\u00e3o de Edson Santos<\/span><\/p><p><span style=\"background-color: var( --e-global-color-e5b55b7 ); color: var(--nv-text-color); font-family: Poppins, var(--nv-fallback-ff); letter-spacing: 0px;\"><b>18\/03<\/b> &#8211; Mostra Latino-americana com m<\/span><span style=\"background-color: var( --e-global-color-e5b55b7 ); color: var(--nv-text-color); font-family: Poppins, var(--nv-fallback-ff); letter-spacing: 0px;\">edia\u00e7\u00e3o de Luciano Torres<\/span><\/p><p><span style=\"background-color: var( --e-global-color-e5b55b7 ); color: var(--nv-text-color); font-family: Poppins, var(--nv-fallback-ff); letter-spacing: 0px;\"><b>19\/03<\/b> &#8211; Mostra Brasil de curta-metragem com m<\/span><span style=\"background-color: var( --e-global-color-e5b55b7 ); color: var(--nv-text-color); font-family: Poppins, var(--nv-fallback-ff); letter-spacing: 0px;\">edia\u00e7\u00e3o de Stephanie S\u00e1<\/span><\/p><ul><li class=\"MsoNormal\">Dual, dir. M\u00e1rcio Jorge, Recife &#8211; PE, 20 min., 16<\/li><li class=\"MsoNormal\">Inabit\u00e1vel, dir. Matheus Farias e Enock Carvalho, Recife &#8211; PE, 20 min., L<\/li><li class=\"MsoNormal\">O Rei das Estrelas, dir. Rodrigo Barros, Recife &#8211; PE, 13 min., 12<\/li><li class=\"MsoNormal\">Aonde V\u00e3o os P\u00e9s, dir. D\u00e9bora Zanatta, Curitiba &#8211; PR, 14 min., 10<\/li><li class=\"MsoNormal\">Enquanto Estamos Juntos, dir. Kleber Macedo, Bras\u00edlia &#8211; DF, 29 min., 14<\/li><li class=\"MsoNormal\">Menina Veneno, dir. Gleison Mota, Varginha &#8211; MG, 19 min., 16<\/li><li class=\"MsoNormal\">A Benzedeira, dir. Wallace Abreu, Manaus &#8211; AM, 14 min., 12<\/li><\/ul><p><b>20\/03<\/b>\u00a0&#8211; Mostra Brasil de curta-metragem com media\u00e7\u00e3o de Stephanie S\u00e1<\/p><ul><li>Pausa para o Caf\u00e9, dir. Tamiris Tertuliano, Curitiba &#8211; PR, 5 min., 12<\/li><li>Gado Marcado, dir. Estevan Muniz, S\u00e3o Jo\u00e3o da Barra &#8211; RJ, 15 min., L<\/li><li>Ju\u00edzo, Menino&#8230;, dir. Diego dos Anjos, Rio Bonito &#8211; RJ, 24 min., 14<\/li><li>A Verdade Sai de Seu Po\u00e7o para Envergonhar a Humanidade, dir. Matheus Strelow, Pelotas &#8211; RS, 22 min., 12<\/li><li>Voc\u00ea Tem Olhos Tristes, dir. Diogo Leite, S\u00e3o Paulo &#8211; SP, 19 min., 12<\/li><li>S\u00e9timo Dia, dir. Jho\u00e3o Scarpa, Piracicaba &#8211; SP, 26 min., 18<\/li><li>Distopia, dir. Lilih Curi, Salvador &#8211; BA, 10 min., 14<\/li><\/ul><p><b>21\/03<\/b>\u00a0&#8211; Mostra Brasil de curta-metragem com media\u00e7\u00e3o de Stephanie S\u00e1<\/p><ul><li>Scelus, dir. Edmilson Filho, Fortaleza &#8211; CE, 9 min., 14<\/li><li>Story.Telling, dir. F\u00e1bio Brand\u00e3o, Rio de janeiro, 29 min., 12<\/li><li>Womaneater, dir. Paula Pardillos, Natal &#8211; RN, 20 min., 14<\/li><li>N\u00e3o Te Amo Mais, dir. Yasmin Gomes, Juazeiro do Norte &#8211; CE, 10 min., L<\/li><li>Aquela Noite, dir. Fernando Marques, Recife &#8211; PE, 22 min., 14<\/li><li>25 Anos Sem Asfalto, dir. Fabi Andrade, S\u00e3o Paulo &#8211; SP, 15 min., L<\/li><\/ul><p><strong>22\/03<\/strong> &#8211; Mostra Agreste com media\u00e7\u00e3o de Priscila Urpia<\/p><p><strong>23\/03<\/strong> &#8211; Mostra Reconex\u00f5es com media\u00e7\u00e3o de Stephanie S\u00e1<\/p><p><strong>24\/03<\/strong> &#8211; Mostra Brasil de longa-metragem com media\u00e7\u00e3o de Edson Santos<\/p><ul><li>Doidos de Pedra &#8211; O Para\u00edso Amea\u00e7ado, dir. Luiz Eduardo Oz\u00f3rio, Rio de janeiro &#8211; RJ, 109 min., L<\/li><li>Dentro da Minha Pele, dir. Toni Venturi e Val Gomes, S\u00e3o Paulo &#8211; SP, 86 min., L<\/li><\/ul><p><strong>25\/03<\/strong> &#8211; Mostra Brasil de longa-metragem com media\u00e7\u00e3o de Edson Santos<\/p><ul><li>Serr\u00e1queos, dir. Rodrigo Campos, Mogi das Cruzes &#8211; SP, 84 min, L<\/li><li>Skull &#8211; A M\u00e1scara de Anhang\u00e1, dir. Armando Fonseca, Kapel Furman, S\u00e3o Paulo &#8211; SP, 90 min., 16<\/li><\/ul><p><strong>26\/03<\/strong> &#8211; Mostra Brasil de longa-metragem com media\u00e7\u00e3o de Edson Santos<\/p><ul><li>Nas Asas da Pam Am, dir. Silvio Tendler, Rio de janeiro &#8211; RJ, 110 min., L<\/li><li>Oxente, Bixiga!, dir. Daniel Fagundes e Fernanda Vargas, S\u00e3o Paulo &#8211; SP, 87 min., L<\/li><\/ul><p><strong>27\/03<\/strong> &#8211; Mostra Brasil de longa-metragem com media\u00e7\u00e3o de Edson Santos<\/p><ul><li>M\u00e9nage, dir. Luan Cardoso, S\u00e3o Paulo &#8211; SP, 86 min, 16<\/li><li>21 M\u00e3o na Cabe\u00e7a, dir. Milton Alencar Jr, Rio de Janeiro &#8211; RJ, 81 min., 12<\/li><\/ul><p><strong>28\/03<\/strong> &#8211; Mostra Brasil de longa-metragem com media\u00e7\u00e3o de Edson Santos<\/p><ul><li>Fendas, dir. Carlos Segundo, Natal &#8211; RN, 80 min., 12<\/li><\/ul><p><strong>23\/04<\/strong> (ADIADO) &#8211; Mostra Especial Caruaru com media\u00e7\u00e3o de Stephanie S\u00e1<\/p><p><strong>30\/03<\/strong> &#8211; Encerramento (premia\u00e7\u00e3o, resultado das oficinas e muito mais&#8230;) com apresenta\u00e7\u00e3o de Stephanie S\u00e1<b><\/b><\/p><\/div>\n\t\t\t\t<\/div>\n\t\t\t\t<\/div>\n\t\t\t\t\t<\/div>\n\t\t<\/div>\n\t\t\t\t\t\t\t<\/div>\n\t\t<\/section>\n\t\t\t\t<section class=\"elementor-section elementor-top-section elementor-element elementor-element-7b97d4db elementor-section-content-middle elementor-section-boxed elementor-section-height-default elementor-section-height-default\" data-id=\"7b97d4db\" data-element_type=\"section\" data-settings=\"{&quot;background_background&quot;:&quot;classic&quot;}\">\n\t\t\t\t\t\t<div class=\"elementor-container elementor-column-gap-no\">\n\t\t\t\t\t<div class=\"elementor-column elementor-col-100 elementor-top-column elementor-element elementor-element-58f67fde\" data-id=\"58f67fde\" data-element_type=\"column\">\n\t\t\t<div class=\"elementor-widget-wrap elementor-element-populated\">\n\t\t\t\t\t\t\t\t<div class=\"elementor-element elementor-element-5605f0b4 elementor-widget elementor-widget-heading\" data-id=\"5605f0b4\" data-element_type=\"widget\" data-widget_type=\"heading.default\">\n\t\t\t\t<div class=\"elementor-widget-container\">\n\t\t\t<h6 class=\"elementor-heading-title elementor-size-default\">NOSSOS CANAIS<\/h6>\t\t<\/div>\n\t\t\t\t<\/div>\n\t\t\t\t<div class=\"elementor-element elementor-element-50524652 elementor-shape-rounded elementor-grid-0 e-grid-align-center elementor-widget elementor-widget-social-icons\" data-id=\"50524652\" data-element_type=\"widget\" data-widget_type=\"social-icons.default\">\n\t\t\t\t<div class=\"elementor-widget-container\">\n\t\t\t\t\t<div class=\"elementor-social-icons-wrapper elementor-grid\">\n\t\t\t\t\t\t\t<div class=\"elementor-grid-item\">\n\t\t\t\t\t<a class=\"elementor-icon elementor-social-icon elementor-social-icon-facebook-f elementor-animation-grow elementor-repeater-item-9c86cde\" href=\"https:\/\/www.facebook.com\/festivaldecinemadecaruaru\" target=\"_blank\">\n\t\t\t\t\t\t<span class=\"elementor-screen-only\">Facebook-f<\/span>\n\t\t\t\t\t\t<i class=\"fab fa-facebook-f\"><\/i>\t\t\t\t\t<\/a>\n\t\t\t\t<\/div>\n\t\t\t\t\t\t\t<div class=\"elementor-grid-item\">\n\t\t\t\t\t<a class=\"elementor-icon elementor-social-icon elementor-social-icon-instagram elementor-animation-grow elementor-repeater-item-7b9d1bc\" href=\"https:\/\/www.instagram.com\/festcinecru\" target=\"_blank\">\n\t\t\t\t\t\t<span class=\"elementor-screen-only\">Instagram<\/span>\n\t\t\t\t\t\t<i class=\"fab fa-instagram\"><\/i>\t\t\t\t\t<\/a>\n\t\t\t\t<\/div>\n\t\t\t\t\t\t\t<div class=\"elementor-grid-item\">\n\t\t\t\t\t<a class=\"elementor-icon elementor-social-icon elementor-social-icon-youtube elementor-animation-grow elementor-repeater-item-1cfae18\" href=\"http:\/\/youtube.com\/user\/FICCAOTV\" target=\"_blank\">\n\t\t\t\t\t\t<span class=\"elementor-screen-only\">Youtube<\/span>\n\t\t\t\t\t\t<i class=\"fab fa-youtube\"><\/i>\t\t\t\t\t<\/a>\n\t\t\t\t<\/div>\n\t\t\t\t\t<\/div>\n\t\t\t\t<\/div>\n\t\t\t\t<\/div>\n\t\t\t\t\t<\/div>\n\t\t<\/div>\n\t\t\t\t\t\t\t<\/div>\n\t\t<\/section>\n\t\t\t\t\t\t<\/div>\n\t\t\t\t\t<\/div>\n\t\t","protected":false},"excerpt":{"rendered":"<p>Exibi\u00e7\u00f5es Os filmes ficaram dispon\u00edveis aqui no site e tamb\u00e9m gratuitamente na plataforma CARDUME.TV.BR . Debates Transmitidos pelo canal da FIC\u00c7\u00c3O FILMES no Youtube. Ent\u00e3o Clique aqui pra se inscrever! 15\/03 &#8211; Abertura com apresenta\u00e7\u00e3o de Stephanie S\u00e1 16\/03 &#8211; Mostra Infantil com media\u00e7\u00e3o de Edson Santos 17\/03 &#8211; Mostra Adolescine media\u00e7\u00e3o de Edson Santos&hellip;&nbsp;<a href=\"https:\/\/festivaldecaruaru.com.br\/2021\/?page_id=207\" class=\"\" rel=\"bookmark\">Read More &raquo;<span class=\"screen-reader-text\">Programa\u00e7\u00e3o<\/span><\/a><\/p>\n","protected":false},"author":1,"featured_media":0,"parent":0,"menu_order":0,"comment_status":"closed","ping_status":"closed","template":"","meta":{"neve_meta_sidebar":"full-width","neve_meta_container":"","neve_meta_enable_content_width":"on","neve_meta_content_width":100,"neve_meta_title_alignment":"","neve_meta_author_avatar":"","neve_post_elements_order":"","neve_meta_disable_header":"","neve_meta_disable_footer":"","neve_meta_disable_title":"","_ti_tpc_template_sync":false,"_ti_tpc_template_id":""},"_links":{"self":[{"href":"https:\/\/festivaldecaruaru.com.br\/2021\/index.php?rest_route=\/wp\/v2\/pages\/207"}],"collection":[{"href":"https:\/\/festivaldecaruaru.com.br\/2021\/index.php?rest_route=\/wp\/v2\/pages"}],"about":[{"href":"https:\/\/festivaldecaruaru.com.br\/2021\/index.php?rest_route=\/wp\/v2\/types\/page"}],"author":[{"embeddable":true,"href":"https:\/\/festivaldecaruaru.com.br\/2021\/index.php?rest_route=\/wp\/v2\/users\/1"}],"replies":[{"embeddable":true,"href":"https:\/\/festivaldecaruaru.com.br\/2021\/index.php?rest_route=%2Fwp%2Fv2%2Fcomments&post=207"}],"version-history":[{"count":49,"href":"https:\/\/festivaldecaruaru.com.br\/2021\/index.php?rest_route=\/wp\/v2\/pages\/207\/revisions"}],"predecessor-version":[{"id":741,"href":"https:\/\/festivaldecaruaru.com.br\/2021\/index.php?rest_route=\/wp\/v2\/pages\/207\/revisions\/741"}],"wp:attachment":[{"href":"https:\/\/festivaldecaruaru.com.br\/2021\/index.php?rest_route=%2Fwp%2Fv2%2Fmedia&parent=207"}],"curies":[{"name":"wp","href":"https:\/\/api.w.org\/{rel}","templated":true}]}}