{"id":811,"date":"2021-07-05T14:28:17","date_gmt":"2021-07-05T14:28:17","guid":{"rendered":"https:\/\/festivaldecaruaru.com.br\/2021\/?page_id=811"},"modified":"2021-07-07T12:41:11","modified_gmt":"2021-07-07T12:41:11","slug":"registros","status":"publish","type":"page","link":"https:\/\/festivaldecaruaru.com.br\/2021\/?page_id=811","title":{"rendered":"Registros"},"content":{"rendered":"\t\t<div data-elementor-type=\"wp-page\" data-elementor-id=\"811\" class=\"elementor elementor-811\" data-elementor-settings=\"[]\">\n\t\t\t\t\t\t\t<div class=\"elementor-section-wrap\">\n\t\t\t\t\t\t\t<section class=\"elementor-section elementor-top-section elementor-element elementor-element-8b244ee elementor-section-boxed elementor-section-height-default elementor-section-height-default\" data-id=\"8b244ee\" data-element_type=\"section\">\n\t\t\t\t\t\t<div class=\"elementor-container elementor-column-gap-default\">\n\t\t\t\t\t<div class=\"elementor-column elementor-col-100 elementor-top-column elementor-element elementor-element-d067835\" data-id=\"d067835\" data-element_type=\"column\">\n\t\t\t<div class=\"elementor-widget-wrap elementor-element-populated\">\n\t\t\t\t\t\t\t\t<div class=\"elementor-element elementor-element-234e44f elementor-widget elementor-widget-heading\" data-id=\"234e44f\" data-element_type=\"widget\" data-widget_type=\"heading.default\">\n\t\t\t\t<div class=\"elementor-widget-container\">\n\t\t\t<h2 class=\"elementor-heading-title elementor-size-default\">Fomos not\u00edcia<\/h2>\t\t<\/div>\n\t\t\t\t<\/div>\n\t\t\t\t\t<\/div>\n\t\t<\/div>\n\t\t\t\t\t\t\t<\/div>\n\t\t<\/section>\n\t\t\t\t<section class=\"elementor-section elementor-top-section elementor-element elementor-element-1e30306 elementor-section-boxed elementor-section-height-default elementor-section-height-default\" data-id=\"1e30306\" data-element_type=\"section\">\n\t\t\t\t\t\t<div class=\"elementor-container elementor-column-gap-default\">\n\t\t\t\t\t<div class=\"elementor-column elementor-col-100 elementor-top-column elementor-element elementor-element-59003ed\" data-id=\"59003ed\" data-element_type=\"column\">\n\t\t\t<div class=\"elementor-widget-wrap elementor-element-populated\">\n\t\t\t\t\t\t\t\t<div class=\"elementor-element elementor-element-a9f30dd elementor-widget elementor-widget-text-editor\" data-id=\"a9f30dd\" data-element_type=\"widget\" data-widget_type=\"text-editor.default\">\n\t\t\t\t<div class=\"elementor-widget-container\">\n\t\t\t\t\t<div class=\"elementor-text-editor elementor-clearfix\"><p><blockquote class=\"wp-embedded-content\" data-secret=\"i0uYdVH5c1\"><a href=\"https:\/\/blogdoedvaldomagalhaes.com.br\/index.php\/2021\/01\/02\/festival-de-cinema-de-caruaru-esta-com-inscricoes-abertas-para-segunda-edicao-virtual\/\">Festival de Cinema de Caruaru est\u00e1 com inscri\u00e7\u00f5es abertas para segunda edi\u00e7\u00e3o virtual<\/a><\/blockquote><iframe class=\"wp-embedded-content\" sandbox=\"allow-scripts\" security=\"restricted\" style=\"position: absolute; clip: rect(1px, 1px, 1px, 1px);\" title=\"&#8220;Festival de Cinema de Caruaru est\u00e1 com inscri\u00e7\u00f5es abertas para segunda edi\u00e7\u00e3o virtual&#8221; &#8212; Blog do Edvaldo Magalh\u00e3es\" src=\"https:\/\/blogdoedvaldomagalhaes.com.br\/index.php\/2021\/01\/02\/festival-de-cinema-de-caruaru-esta-com-inscricoes-abertas-para-segunda-edicao-virtual\/embed\/#?secret=i0uYdVH5c1\" data-secret=\"i0uYdVH5c1\" width=\"600\" height=\"338\" frameborder=\"0\" marginwidth=\"0\" marginheight=\"0\" scrolling=\"no\"><\/iframe><\/p><\/div>\n\t\t\t\t<\/div>\n\t\t\t\t<\/div>\n\t\t\t\t\t<\/div>\n\t\t<\/div>\n\t\t\t\t\t\t\t<\/div>\n\t\t<\/section>\n\t\t\t\t<section class=\"elementor-section elementor-top-section elementor-element elementor-element-66edf1a elementor-section-boxed elementor-section-height-default elementor-section-height-default\" data-id=\"66edf1a\" data-element_type=\"section\">\n\t\t\t\t\t\t<div class=\"elementor-container elementor-column-gap-default\">\n\t\t\t\t\t<div class=\"elementor-column elementor-col-100 elementor-top-column elementor-element elementor-element-fc6403b\" data-id=\"fc6403b\" data-element_type=\"column\">\n\t\t\t<div class=\"elementor-widget-wrap elementor-element-populated\">\n\t\t\t\t\t\t\t\t<div class=\"elementor-element elementor-element-4ef3aba elementor-widget elementor-widget-text-editor\" data-id=\"4ef3aba\" data-element_type=\"widget\" data-widget_type=\"text-editor.default\">\n\t\t\t\t<div class=\"elementor-widget-container\">\n\t\t\t\t\t<div class=\"elementor-text-editor elementor-clearfix\"><p><blockquote class=\"wp-embedded-content\" data-secret=\"ZtwKP85b0N\"><a href=\"https:\/\/www.cadernow.com.br\/noticias\/serraqueos-e-selecionado-para-o-8o-festival-de-cinema-de-caruaru\/\">Serr\u00e1queos \u00e9 selecionado para o 8\u00ba Festival de Cinema de Caruaru<\/a><\/blockquote><iframe class=\"wp-embedded-content\" sandbox=\"allow-scripts\" security=\"restricted\" style=\"position: absolute; clip: rect(1px, 1px, 1px, 1px);\" title=\"&#8220;Serr\u00e1queos \u00e9 selecionado para o 8\u00ba Festival de Cinema de Caruaru&#8221; &#8212; Caderno W\" src=\"https:\/\/www.cadernow.com.br\/noticias\/serraqueos-e-selecionado-para-o-8o-festival-de-cinema-de-caruaru\/embed\/#?secret=ZtwKP85b0N\" data-secret=\"ZtwKP85b0N\" width=\"600\" height=\"338\" frameborder=\"0\" marginwidth=\"0\" marginheight=\"0\" scrolling=\"no\"><\/iframe><\/p><\/div>\n\t\t\t\t<\/div>\n\t\t\t\t<\/div>\n\t\t\t\t\t<\/div>\n\t\t<\/div>\n\t\t\t\t\t\t\t<\/div>\n\t\t<\/section>\n\t\t\t\t<section class=\"elementor-section elementor-top-section elementor-element elementor-element-eb4aa6c elementor-section-boxed elementor-section-height-default elementor-section-height-default\" data-id=\"eb4aa6c\" data-element_type=\"section\">\n\t\t\t\t\t\t<div class=\"elementor-container elementor-column-gap-default\">\n\t\t\t\t\t<div class=\"elementor-column elementor-col-100 elementor-top-column elementor-element elementor-element-a3da8e0\" data-id=\"a3da8e0\" data-element_type=\"column\">\n\t\t\t<div class=\"elementor-widget-wrap elementor-element-populated\">\n\t\t\t\t\t\t\t\t<div class=\"elementor-element elementor-element-aa8bf1c elementor-widget elementor-widget-text-editor\" data-id=\"aa8bf1c\" data-element_type=\"widget\" data-widget_type=\"text-editor.default\">\n\t\t\t\t<div class=\"elementor-widget-container\">\n\t\t\t\t\t<div class=\"elementor-text-editor elementor-clearfix\"><p><blockquote class=\"wp-embedded-content\" data-secret=\"rlwpDxBPve\"><a href=\"https:\/\/academiadocinema.com.br\/festival-de-cinema\/conheca-o-festival-de-cinema-de-caruaru\/\">Conhe\u00e7a o Festival de Cinema de Caruaru<\/a><\/blockquote><iframe class=\"wp-embedded-content\" sandbox=\"allow-scripts\" security=\"restricted\" style=\"position: absolute; clip: rect(1px, 1px, 1px, 1px);\" title=\"&#8220;Conhe\u00e7a o Festival de Cinema de Caruaru&#8221; &#8212; Academia do Cinema\" src=\"https:\/\/academiadocinema.com.br\/festival-de-cinema\/conheca-o-festival-de-cinema-de-caruaru\/embed\/#?secret=rlwpDxBPve\" data-secret=\"rlwpDxBPve\" width=\"600\" height=\"338\" frameborder=\"0\" marginwidth=\"0\" marginheight=\"0\" scrolling=\"no\"><\/iframe><\/p><\/div>\n\t\t\t\t<\/div>\n\t\t\t\t<\/div>\n\t\t\t\t\t<\/div>\n\t\t<\/div>\n\t\t\t\t\t\t\t<\/div>\n\t\t<\/section>\n\t\t\t\t<section class=\"elementor-section elementor-top-section elementor-element elementor-element-c7c44b4 elementor-section-boxed elementor-section-height-default elementor-section-height-default\" data-id=\"c7c44b4\" data-element_type=\"section\">\n\t\t\t\t\t\t<div class=\"elementor-container elementor-column-gap-default\">\n\t\t\t\t\t<div class=\"elementor-column elementor-col-100 elementor-top-column elementor-element elementor-element-1a34a6d\" data-id=\"1a34a6d\" data-element_type=\"column\">\n\t\t\t<div class=\"elementor-widget-wrap elementor-element-populated\">\n\t\t\t\t\t\t\t\t<div class=\"elementor-element elementor-element-e99b426 elementor-widget elementor-widget-text-editor\" data-id=\"e99b426\" data-element_type=\"widget\" data-widget_type=\"text-editor.default\">\n\t\t\t\t<div class=\"elementor-widget-container\">\n\t\t\t\t\t<div class=\"elementor-text-editor elementor-clearfix\"><p>https:\/\/myclappy.com\/talitatk\/noticia\/2198\/festival-de-cinema-caruaru-esta-com-inscricoes-abertas?ns=comments-list&page=1<\/p><\/div>\n\t\t\t\t<\/div>\n\t\t\t\t<\/div>\n\t\t\t\t\t<\/div>\n\t\t<\/div>\n\t\t\t\t\t\t\t<\/div>\n\t\t<\/section>\n\t\t\t\t<section class=\"elementor-section elementor-top-section elementor-element elementor-element-f4f8186 elementor-section-boxed elementor-section-height-default elementor-section-height-default\" data-id=\"f4f8186\" data-element_type=\"section\">\n\t\t\t\t\t\t<div class=\"elementor-container elementor-column-gap-default\">\n\t\t\t\t\t<div class=\"elementor-column elementor-col-100 elementor-top-column elementor-element elementor-element-93152df\" data-id=\"93152df\" data-element_type=\"column\">\n\t\t\t<div class=\"elementor-widget-wrap elementor-element-populated\">\n\t\t\t\t\t\t\t\t<div class=\"elementor-element elementor-element-3cd578b elementor-widget elementor-widget-text-editor\" data-id=\"3cd578b\" data-element_type=\"widget\" data-widget_type=\"text-editor.default\">\n\t\t\t\t<div class=\"elementor-widget-container\">\n\t\t\t\t\t<div class=\"elementor-text-editor elementor-clearfix\"><p>https:\/\/g1.globo.com\/pe\/caruaru-regiao\/noticia\/2020\/12\/28\/inscricoes-abertas-para-8a-edicao-do-festival-de-cinema-de-caruaru.ghtml<\/p><\/div>\n\t\t\t\t<\/div>\n\t\t\t\t<\/div>\n\t\t\t\t\t<\/div>\n\t\t<\/div>\n\t\t\t\t\t\t\t<\/div>\n\t\t<\/section>\n\t\t\t\t<section class=\"elementor-section elementor-top-section elementor-element elementor-element-bd0b42a elementor-section-boxed elementor-section-height-default elementor-section-height-default\" data-id=\"bd0b42a\" data-element_type=\"section\">\n\t\t\t\t\t\t<div class=\"elementor-container elementor-column-gap-default\">\n\t\t\t\t\t<div class=\"elementor-column elementor-col-100 elementor-top-column elementor-element elementor-element-8318cfe\" data-id=\"8318cfe\" data-element_type=\"column\">\n\t\t\t<div class=\"elementor-widget-wrap elementor-element-populated\">\n\t\t\t\t\t\t\t\t<div class=\"elementor-element elementor-element-7f8228a elementor-widget elementor-widget-text-editor\" data-id=\"7f8228a\" data-element_type=\"widget\" data-widget_type=\"text-editor.default\">\n\t\t\t\t<div class=\"elementor-widget-container\">\n\t\t\t\t\t<div class=\"elementor-text-editor elementor-clearfix\"><p>https:\/\/interior.ne10.uol.com.br\/noticias\/2020\/12\/28\/festival-de-cinema-de-caruaru-abre-inscricoes-para-8-edicao-201221<\/p><\/div>\n\t\t\t\t<\/div>\n\t\t\t\t<\/div>\n\t\t\t\t\t<\/div>\n\t\t<\/div>\n\t\t\t\t\t\t\t<\/div>\n\t\t<\/section>\n\t\t\t\t<section class=\"elementor-section elementor-top-section elementor-element elementor-element-dbaf901 elementor-section-boxed elementor-section-height-default elementor-section-height-default\" data-id=\"dbaf901\" data-element_type=\"section\">\n\t\t\t\t\t\t<div class=\"elementor-container elementor-column-gap-default\">\n\t\t\t\t\t<div class=\"elementor-column elementor-col-100 elementor-top-column elementor-element elementor-element-913f79c\" data-id=\"913f79c\" data-element_type=\"column\">\n\t\t\t<div class=\"elementor-widget-wrap elementor-element-populated\">\n\t\t\t\t\t\t\t\t<div class=\"elementor-element elementor-element-6ae1884 elementor-widget elementor-widget-text-editor\" data-id=\"6ae1884\" data-element_type=\"widget\" data-widget_type=\"text-editor.default\">\n\t\t\t\t<div class=\"elementor-widget-container\">\n\t\t\t\t\t<div class=\"elementor-text-editor elementor-clearfix\"><p>https:\/\/www.cineset.com.br\/a-benzedeira-representa-o-amazonas-no-festival-de-cinema-de-caruaru\/<\/p><\/div>\n\t\t\t\t<\/div>\n\t\t\t\t<\/div>\n\t\t\t\t\t<\/div>\n\t\t<\/div>\n\t\t\t\t\t\t\t<\/div>\n\t\t<\/section>\n\t\t\t\t<section class=\"elementor-section elementor-top-section elementor-element elementor-element-5621a91 elementor-section-boxed elementor-section-height-default elementor-section-height-default\" data-id=\"5621a91\" data-element_type=\"section\">\n\t\t\t\t\t\t<div class=\"elementor-container elementor-column-gap-default\">\n\t\t\t\t\t<div class=\"elementor-column elementor-col-100 elementor-top-column elementor-element elementor-element-a648e10\" data-id=\"a648e10\" data-element_type=\"column\">\n\t\t\t<div class=\"elementor-widget-wrap elementor-element-populated\">\n\t\t\t\t\t\t\t\t<div class=\"elementor-element elementor-element-7a52ca8 elementor-widget elementor-widget-text-editor\" data-id=\"7a52ca8\" data-element_type=\"widget\" data-widget_type=\"text-editor.default\">\n\t\t\t\t<div class=\"elementor-widget-container\">\n\t\t\t\t\t<div class=\"elementor-text-editor elementor-clearfix\"><p>https:\/\/g1.globo.com\/pe\/caruaru-regiao\/noticia\/2020\/08\/12\/festival-de-cinema-de-caruaru-divulga-filmes-selecionados-e-sera-realizado-de-forma-virtual.ghtml<\/p><\/div>\n\t\t\t\t<\/div>\n\t\t\t\t<\/div>\n\t\t\t\t\t<\/div>\n\t\t<\/div>\n\t\t\t\t\t\t\t<\/div>\n\t\t<\/section>\n\t\t\t\t<section class=\"elementor-section elementor-top-section elementor-element elementor-element-9f98fa8 elementor-section-boxed elementor-section-height-default elementor-section-height-default\" data-id=\"9f98fa8\" data-element_type=\"section\">\n\t\t\t\t\t\t<div class=\"elementor-container elementor-column-gap-default\">\n\t\t\t\t\t<div class=\"elementor-column elementor-col-100 elementor-top-column elementor-element elementor-element-9391b41\" data-id=\"9391b41\" data-element_type=\"column\">\n\t\t\t<div class=\"elementor-widget-wrap elementor-element-populated\">\n\t\t\t\t\t\t\t\t<div class=\"elementor-element elementor-element-2638cb8 elementor-widget elementor-widget-text-editor\" data-id=\"2638cb8\" data-element_type=\"widget\" data-widget_type=\"text-editor.default\">\n\t\t\t\t<div class=\"elementor-widget-container\">\n\t\t\t\t\t<div class=\"elementor-text-editor elementor-clearfix\"><p><blockquote class=\"wp-embedded-content\" data-secret=\"SxLVbnpD64\"><a href=\"http:\/\/radioculturadonordeste.com.br\/8o-festival-de-cinema-de-caruaru-inicia-na-proxima-segunda-15\/\">8\u00ba Festival de Cinema de Caruaru inicia na pr\u00f3xima segunda (15)<\/a><\/blockquote><iframe class=\"wp-embedded-content\" sandbox=\"allow-scripts\" security=\"restricted\" style=\"position: absolute; clip: rect(1px, 1px, 1px, 1px);\" title=\"&#8220;8\u00ba Festival de Cinema de Caruaru inicia na pr\u00f3xima segunda (15)&#8221; &#8212; R\u00e1dio Cultura do Nordeste\" src=\"http:\/\/radioculturadonordeste.com.br\/8o-festival-de-cinema-de-caruaru-inicia-na-proxima-segunda-15\/embed\/#?secret=SxLVbnpD64\" data-secret=\"SxLVbnpD64\" width=\"600\" height=\"338\" frameborder=\"0\" marginwidth=\"0\" marginheight=\"0\" scrolling=\"no\"><\/iframe><\/p><\/div>\n\t\t\t\t<\/div>\n\t\t\t\t<\/div>\n\t\t\t\t\t<\/div>\n\t\t<\/div>\n\t\t\t\t\t\t\t<\/div>\n\t\t<\/section>\n\t\t\t\t<section class=\"elementor-section elementor-top-section elementor-element elementor-element-9965b63 elementor-section-boxed elementor-section-height-default elementor-section-height-default\" data-id=\"9965b63\" data-element_type=\"section\">\n\t\t\t\t\t\t<div class=\"elementor-container elementor-column-gap-default\">\n\t\t\t\t\t<div class=\"elementor-column elementor-col-100 elementor-top-column elementor-element elementor-element-6455c5e\" data-id=\"6455c5e\" data-element_type=\"column\">\n\t\t\t<div class=\"elementor-widget-wrap elementor-element-populated\">\n\t\t\t\t\t\t\t\t<div class=\"elementor-element elementor-element-060c11f elementor-widget elementor-widget-text-editor\" data-id=\"060c11f\" data-element_type=\"widget\" data-widget_type=\"text-editor.default\">\n\t\t\t\t<div class=\"elementor-widget-container\">\n\t\t\t\t\t<div class=\"elementor-text-editor elementor-clearfix\"><p><blockquote class=\"wp-embedded-content\" data-secret=\"K1MEnG2dFF\"><a href=\"http:\/\/www.cinevitor.com.br\/conheca-os-vencedores-do-8o-festival-de-cinema-de-caruaru\/\">Conhe\u00e7a os vencedores do 8\u00ba Festival de Cinema de Caruaru<\/a><\/blockquote><iframe class=\"wp-embedded-content\" sandbox=\"allow-scripts\" security=\"restricted\" style=\"position: absolute; clip: rect(1px, 1px, 1px, 1px);\" title=\"&#8220;Conhe\u00e7a os vencedores do 8\u00ba Festival de Cinema de Caruaru&#8221; &#8212; CINEVITOR\" src=\"http:\/\/www.cinevitor.com.br\/conheca-os-vencedores-do-8o-festival-de-cinema-de-caruaru\/embed\/#?secret=K1MEnG2dFF\" data-secret=\"K1MEnG2dFF\" width=\"600\" height=\"338\" frameborder=\"0\" marginwidth=\"0\" marginheight=\"0\" scrolling=\"no\"><\/iframe><\/p><\/div>\n\t\t\t\t<\/div>\n\t\t\t\t<\/div>\n\t\t\t\t\t<\/div>\n\t\t<\/div>\n\t\t\t\t\t\t\t<\/div>\n\t\t<\/section>\n\t\t\t\t<section class=\"elementor-section elementor-top-section elementor-element elementor-element-3591a79 elementor-section-boxed elementor-section-height-default elementor-section-height-default\" data-id=\"3591a79\" data-element_type=\"section\">\n\t\t\t\t\t\t<div class=\"elementor-container elementor-column-gap-default\">\n\t\t\t\t\t<div class=\"elementor-column elementor-col-100 elementor-top-column elementor-element elementor-element-e827373\" data-id=\"e827373\" data-element_type=\"column\">\n\t\t\t<div class=\"elementor-widget-wrap elementor-element-populated\">\n\t\t\t\t\t\t\t\t<div class=\"elementor-element elementor-element-6283675 elementor-widget elementor-widget-text-editor\" data-id=\"6283675\" data-element_type=\"widget\" data-widget_type=\"text-editor.default\">\n\t\t\t\t<div class=\"elementor-widget-container\">\n\t\t\t\t\t<div class=\"elementor-text-editor elementor-clearfix\"><p><blockquote class=\"wp-embedded-content\" data-secret=\"D3t3A2MCDR\"><a href=\"https:\/\/www.cafecolombo.com.br\/lei-aldir-blanc-e-as-novas-estrategias-adotadas-pelos-festivais-pernambucanos-de-cinema\/\">Lei Aldir Blanc e as novas estrat\u00e9gias adotadas pelos festivais pernambucanos de cinema<\/a><\/blockquote><iframe class=\"wp-embedded-content\" sandbox=\"allow-scripts\" security=\"restricted\" style=\"position: absolute; clip: rect(1px, 1px, 1px, 1px);\" title=\"&#8220;Lei Aldir Blanc e as novas estrat\u00e9gias adotadas pelos festivais pernambucanos de cinema&#8221; &#8212; Caf\u00e9 Colombo\" src=\"https:\/\/www.cafecolombo.com.br\/lei-aldir-blanc-e-as-novas-estrategias-adotadas-pelos-festivais-pernambucanos-de-cinema\/embed\/#?secret=D3t3A2MCDR\" data-secret=\"D3t3A2MCDR\" width=\"600\" height=\"338\" frameborder=\"0\" marginwidth=\"0\" marginheight=\"0\" scrolling=\"no\"><\/iframe><\/p><\/div>\n\t\t\t\t<\/div>\n\t\t\t\t<\/div>\n\t\t\t\t\t<\/div>\n\t\t<\/div>\n\t\t\t\t\t\t\t<\/div>\n\t\t<\/section>\n\t\t\t\t<section class=\"elementor-section elementor-top-section elementor-element elementor-element-e68c4b5 elementor-section-content-middle elementor-section-boxed elementor-section-height-default elementor-section-height-default\" data-id=\"e68c4b5\" data-element_type=\"section\" data-settings=\"{&quot;background_background&quot;:&quot;classic&quot;}\">\n\t\t\t\t\t\t<div class=\"elementor-container elementor-column-gap-no\">\n\t\t\t\t\t<div class=\"elementor-column elementor-col-100 elementor-top-column elementor-element elementor-element-2813c5c1\" data-id=\"2813c5c1\" data-element_type=\"column\">\n\t\t\t<div class=\"elementor-widget-wrap elementor-element-populated\">\n\t\t\t\t\t\t\t\t<div class=\"elementor-element elementor-element-26c186ce elementor-widget elementor-widget-heading\" data-id=\"26c186ce\" data-element_type=\"widget\" data-widget_type=\"heading.default\">\n\t\t\t\t<div class=\"elementor-widget-container\">\n\t\t\t<h6 class=\"elementor-heading-title elementor-size-default\">NOSSOS CANAIS<\/h6>\t\t<\/div>\n\t\t\t\t<\/div>\n\t\t\t\t<div class=\"elementor-element elementor-element-308f5d6a elementor-shape-rounded elementor-grid-0 e-grid-align-center elementor-widget elementor-widget-social-icons\" data-id=\"308f5d6a\" data-element_type=\"widget\" data-widget_type=\"social-icons.default\">\n\t\t\t\t<div class=\"elementor-widget-container\">\n\t\t\t\t\t<div class=\"elementor-social-icons-wrapper elementor-grid\">\n\t\t\t\t\t\t\t<div class=\"elementor-grid-item\">\n\t\t\t\t\t<a class=\"elementor-icon elementor-social-icon elementor-social-icon-facebook-f elementor-animation-grow elementor-repeater-item-9c86cde\" href=\"https:\/\/www.facebook.com\/festivaldecinemadecaruaru\" target=\"_blank\">\n\t\t\t\t\t\t<span class=\"elementor-screen-only\">Facebook-f<\/span>\n\t\t\t\t\t\t<i class=\"fab fa-facebook-f\"><\/i>\t\t\t\t\t<\/a>\n\t\t\t\t<\/div>\n\t\t\t\t\t\t\t<div class=\"elementor-grid-item\">\n\t\t\t\t\t<a class=\"elementor-icon elementor-social-icon elementor-social-icon-instagram elementor-animation-grow elementor-repeater-item-7b9d1bc\" href=\"https:\/\/www.instagram.com\/festcinecru\" target=\"_blank\">\n\t\t\t\t\t\t<span class=\"elementor-screen-only\">Instagram<\/span>\n\t\t\t\t\t\t<i class=\"fab fa-instagram\"><\/i>\t\t\t\t\t<\/a>\n\t\t\t\t<\/div>\n\t\t\t\t\t\t\t<div class=\"elementor-grid-item\">\n\t\t\t\t\t<a class=\"elementor-icon elementor-social-icon elementor-social-icon-youtube elementor-animation-grow elementor-repeater-item-1cfae18\" href=\"http:\/\/youtube.com\/user\/FICCAOTV\" target=\"_blank\">\n\t\t\t\t\t\t<span class=\"elementor-screen-only\">Youtube<\/span>\n\t\t\t\t\t\t<i class=\"fab fa-youtube\"><\/i>\t\t\t\t\t<\/a>\n\t\t\t\t<\/div>\n\t\t\t\t\t<\/div>\n\t\t\t\t<\/div>\n\t\t\t\t<\/div>\n\t\t\t\t\t<\/div>\n\t\t<\/div>\n\t\t\t\t\t\t\t<\/div>\n\t\t<\/section>\n\t\t\t\t\t\t<\/div>\n\t\t\t\t\t<\/div>\n\t\t","protected":false},"excerpt":{"rendered":"<p>Fomos not\u00edcia Festival de Cinema de Caruaru est\u00e1 com inscri\u00e7\u00f5es abertas para segunda edi\u00e7\u00e3o virtual Serr\u00e1queos \u00e9 selecionado para o 8\u00ba Festival de Cinema de Caruaru Conhe\u00e7a o Festival de Cinema de Caruaru https:\/\/myclappy.com\/talitatk\/noticia\/2198\/festival-de-cinema-caruaru-esta-com-inscricoes-abertas?ns=comments-list&#038;page=1 https:\/\/g1.globo.com\/pe\/caruaru-regiao\/noticia\/2020\/12\/28\/inscricoes-abertas-para-8a-edicao-do-festival-de-cinema-de-caruaru.ghtml https:\/\/interior.ne10.uol.com.br\/noticias\/2020\/12\/28\/festival-de-cinema-de-caruaru-abre-inscricoes-para-8-edicao-201221 https:\/\/www.cineset.com.br\/a-benzedeira-representa-o-amazonas-no-festival-de-cinema-de-caruaru\/ https:\/\/g1.globo.com\/pe\/caruaru-regiao\/noticia\/2020\/08\/12\/festival-de-cinema-de-caruaru-divulga-filmes-selecionados-e-sera-realizado-de-forma-virtual.ghtml 8\u00ba Festival de Cinema de Caruaru inicia na pr\u00f3xima segunda (15) Conhe\u00e7a os vencedores do 8\u00ba Festival&hellip;&nbsp;<a href=\"https:\/\/festivaldecaruaru.com.br\/2021\/?page_id=811\" class=\"\" rel=\"bookmark\">Read More &raquo;<span class=\"screen-reader-text\">Registros<\/span><\/a><\/p>\n","protected":false},"author":1,"featured_media":0,"parent":0,"menu_order":0,"comment_status":"closed","ping_status":"closed","template":"","meta":{"neve_meta_sidebar":"full-width","neve_meta_container":"","neve_meta_enable_content_width":"on","neve_meta_content_width":100,"neve_meta_title_alignment":"","neve_meta_author_avatar":"","neve_post_elements_order":"","neve_meta_disable_header":"","neve_meta_disable_footer":"","neve_meta_disable_title":"","_ti_tpc_template_sync":false,"_ti_tpc_template_id":""},"_links":{"self":[{"href":"https:\/\/festivaldecaruaru.com.br\/2021\/index.php?rest_route=\/wp\/v2\/pages\/811"}],"collection":[{"href":"https:\/\/festivaldecaruaru.com.br\/2021\/index.php?rest_route=\/wp\/v2\/pages"}],"about":[{"href":"https:\/\/festivaldecaruaru.com.br\/2021\/index.php?rest_route=\/wp\/v2\/types\/page"}],"author":[{"embeddable":true,"href":"https:\/\/festivaldecaruaru.com.br\/2021\/index.php?rest_route=\/wp\/v2\/users\/1"}],"replies":[{"embeddable":true,"href":"https:\/\/festivaldecaruaru.com.br\/2021\/index.php?rest_route=%2Fwp%2Fv2%2Fcomments&post=811"}],"version-history":[{"count":52,"href":"https:\/\/festivaldecaruaru.com.br\/2021\/index.php?rest_route=\/wp\/v2\/pages\/811\/revisions"}],"predecessor-version":[{"id":876,"href":"https:\/\/festivaldecaruaru.com.br\/2021\/index.php?rest_route=\/wp\/v2\/pages\/811\/revisions\/876"}],"wp:attachment":[{"href":"https:\/\/festivaldecaruaru.com.br\/2021\/index.php?rest_route=%2Fwp%2Fv2%2Fmedia&parent=811"}],"curies":[{"name":"wp","href":"https:\/\/api.w.org\/{rel}","templated":true}]}}