{"id":137,"date":"2022-07-15T20:59:42","date_gmt":"2022-07-15T23:59:42","guid":{"rendered":"https:\/\/festivaldecaruaru.com.br\/2022\/?page_id=137"},"modified":"2022-08-29T17:00:55","modified_gmt":"2022-08-29T20:00:55","slug":"o-festival","status":"publish","type":"page","link":"https:\/\/festivaldecaruaru.com.br\/2022\/o-festival\/","title":{"rendered":"O Festival"},"content":{"rendered":"\t\t<div data-elementor-type=\"wp-page\" data-elementor-id=\"137\" class=\"elementor elementor-137\">\n\t\t\t\t\t\t\t\t\t<section class=\"elementor-section elementor-top-section elementor-element elementor-element-625310ae elementor-section-full_width elementor-section-content-top elementor-section-height-default elementor-section-height-default\" data-id=\"625310ae\" data-element_type=\"section\" data-settings=\"{&quot;background_background&quot;:&quot;slideshow&quot;,&quot;background_slideshow_gallery&quot;:[{&quot;id&quot;:62,&quot;url&quot;:&quot;https:\\\/\\\/festivaldecaruaru.com.br\\\/2022\\\/wp-content\\\/uploads\\\/2022\\\/07\\\/barra_topo2.png&quot;}],&quot;background_slideshow_loop&quot;:&quot;yes&quot;,&quot;background_slideshow_slide_duration&quot;:5000,&quot;background_slideshow_slide_transition&quot;:&quot;fade&quot;,&quot;background_slideshow_transition_duration&quot;:500}\">\n\t\t\t\t\t\t<div class=\"elementor-container elementor-column-gap-no\">\n\t\t\t\t\t<div class=\"elementor-column elementor-col-100 elementor-top-column elementor-element elementor-element-45bccea0\" data-id=\"45bccea0\" data-element_type=\"column\">\n\t\t\t<div class=\"elementor-widget-wrap\">\n\t\t\t\t\t\t\t\t\t<\/div>\n\t\t<\/div>\n\t\t\t\t\t\t\t<\/div>\n\t\t<\/section>\n\t\t\t\t<section class=\"elementor-section elementor-top-section elementor-element elementor-element-53cd1701 elementor-section-boxed elementor-section-height-default elementor-section-height-default\" data-id=\"53cd1701\" data-element_type=\"section\">\n\t\t\t\t\t\t<div class=\"elementor-container elementor-column-gap-default\">\n\t\t\t\t\t<div class=\"elementor-column elementor-col-50 elementor-top-column elementor-element elementor-element-5d7b2e6d\" data-id=\"5d7b2e6d\" data-element_type=\"column\">\n\t\t\t<div class=\"elementor-widget-wrap elementor-element-populated\">\n\t\t\t\t\t\t\t\t<div class=\"elementor-element elementor-element-256d0756 elementor-widget elementor-widget-image\" data-id=\"256d0756\" data-element_type=\"widget\" data-widget_type=\"image.default\">\n\t\t\t\t<div class=\"elementor-widget-container\">\n\t\t\t<style>\/*! elementor - v3.7.3 - 29-08-2022 *\/\n.elementor-widget-image{text-align:center}.elementor-widget-image a{display:inline-block}.elementor-widget-image a img[src$=\".svg\"]{width:48px}.elementor-widget-image img{vertical-align:middle;display:inline-block}<\/style>\t\t\t\t\t\t\t\t\t\t\t\t\t<a href=\"https:\/\/festivaldecaruaru.com.br\/2022\">\n\t\t\t\t\t\t\t<img decoding=\"async\" src=\"https:\/\/festivaldecaruaru.com.br\/2022\/wp-content\/uploads\/elementor\/thumbs\/LOGO-SITE-ps5mm79tmmvni2ijc7zol2an2uesx09r6ni8zz5xhq.png\" title=\"LOGO &#8211; SITE\" alt=\"LOGO - SITE\" \/>\t\t\t\t\t\t\t\t<\/a>\n\t\t\t\t\t\t\t\t\t\t\t\t\t\t\t<\/div>\n\t\t\t\t<\/div>\n\t\t\t\t\t<\/div>\n\t\t<\/div>\n\t\t\t\t<div class=\"elementor-column elementor-col-50 elementor-top-column elementor-element elementor-element-40674f66\" data-id=\"40674f66\" data-element_type=\"column\">\n\t\t\t<div class=\"elementor-widget-wrap elementor-element-populated\">\n\t\t\t\t\t\t\t\t<div class=\"elementor-element elementor-element-42f97d73 elementor-nav-menu__align-left elementor-nav-menu--dropdown-tablet elementor-nav-menu__text-align-aside elementor-nav-menu--toggle elementor-nav-menu--burger elementor-widget elementor-widget-nav-menu\" data-id=\"42f97d73\" data-element_type=\"widget\" data-settings=\"{&quot;submenu_icon&quot;:{&quot;value&quot;:&quot;&lt;i class=\\&quot;fas fa-chevron-down\\&quot;&gt;&lt;\\\/i&gt;&quot;,&quot;library&quot;:&quot;fa-solid&quot;},&quot;layout&quot;:&quot;horizontal&quot;,&quot;toggle&quot;:&quot;burger&quot;}\" data-widget_type=\"nav-menu.default\">\n\t\t\t\t<div class=\"elementor-widget-container\">\n\t\t\t<link rel=\"stylesheet\" href=\"https:\/\/festivaldecaruaru.com.br\/2022\/wp-content\/plugins\/elementor-pro\/assets\/css\/widget-nav-menu.min.css\">\t\t\t<nav migration_allowed=\"1\" migrated=\"0\" role=\"navigation\" class=\"elementor-nav-menu--main elementor-nav-menu__container elementor-nav-menu--layout-horizontal e--pointer-none\">\n\t\t\t\t<!-- start master menu -->\n<ul id=\"menu-1-42f97d73\" class=\"elementor-nav-menu\"><li class=\"menu-item menu-item-type-post_type menu-item-object-page menu-item-121\"><a href=\"https:\/\/festivaldecaruaru.com.br\/2022\/home\/\" class=\"elementor-item\">Home<\/a><\/li>\n<li class=\"menu-item menu-item-type-post_type menu-item-object-page menu-item-160\"><a href=\"https:\/\/festivaldecaruaru.com.br\/2022\/o-festival\/\" class=\"elementor-item\">O Festival<\/a><\/li>\n<li class=\"menu-item menu-item-type-post_type menu-item-object-page menu-item-159\"><a href=\"https:\/\/festivaldecaruaru.com.br\/2022\/filmes\/\" class=\"elementor-item\">Filmes<\/a><\/li>\n<li class=\"menu-item menu-item-type-post_type menu-item-object-page menu-item-157\"><a href=\"https:\/\/festivaldecaruaru.com.br\/2022\/programacao\/\" class=\"elementor-item\">Programa\u00e7\u00e3o<\/a><\/li>\n<li class=\"menu-item menu-item-type-post_type menu-item-object-page menu-item-158\"><a href=\"https:\/\/festivaldecaruaru.com.br\/2022\/oficinas\/\" class=\"elementor-item\">Oficinas<\/a><\/li>\n<li class=\"menu-item menu-item-type-post_type menu-item-object-page menu-item-260\"><a href=\"https:\/\/festivaldecaruaru.com.br\/2022\/homenagem\/\" class=\"elementor-item\">Homenagem<\/a><\/li>\n<li class=\"menu-item menu-item-type-post_type menu-item-object-page menu-item-156\"><a href=\"https:\/\/festivaldecaruaru.com.br\/2022\/juri\/\" class=\"elementor-item\">Juri<\/a><\/li>\n<li class=\"menu-item menu-item-type-post_type menu-item-object-page menu-item-155\"><a href=\"https:\/\/festivaldecaruaru.com.br\/2022\/premios\/\" class=\"elementor-item\">Pr\u00eamios<\/a><\/li>\n<li class=\"menu-item menu-item-type-post_type menu-item-object-page menu-item-153\"><a href=\"https:\/\/festivaldecaruaru.com.br\/2022\/contato\/\" class=\"elementor-item\">Contato<\/a><\/li>\n<\/ul>\n<!-- end master menu -->\n\t\t\t<\/nav>\n\t\t\t\t\t<div class=\"elementor-menu-toggle\" role=\"button\" tabindex=\"0\" aria-label=\"Menu Toggle\" aria-expanded=\"false\">\n\t\t\t<i aria-hidden=\"true\" role=\"presentation\" class=\"elementor-menu-toggle__icon--open eicon-menu-bar\"><\/i><i aria-hidden=\"true\" role=\"presentation\" class=\"elementor-menu-toggle__icon--close eicon-close\"><\/i>\t\t\t<span class=\"elementor-screen-only\">Menu<\/span>\n\t\t<\/div>\n\t\t\t<nav class=\"elementor-nav-menu--dropdown elementor-nav-menu__container\" role=\"navigation\" aria-hidden=\"true\">\n\t\t\t\t<!-- start master menu -->\n<ul id=\"menu-2-42f97d73\" class=\"elementor-nav-menu\"><li class=\"menu-item menu-item-type-post_type menu-item-object-page menu-item-121\"><a href=\"https:\/\/festivaldecaruaru.com.br\/2022\/home\/\" class=\"elementor-item\" tabindex=\"-1\">Home<\/a><\/li>\n<li class=\"menu-item menu-item-type-post_type menu-item-object-page menu-item-160\"><a href=\"https:\/\/festivaldecaruaru.com.br\/2022\/o-festival\/\" class=\"elementor-item\" tabindex=\"-1\">O Festival<\/a><\/li>\n<li class=\"menu-item menu-item-type-post_type menu-item-object-page menu-item-159\"><a href=\"https:\/\/festivaldecaruaru.com.br\/2022\/filmes\/\" class=\"elementor-item\" tabindex=\"-1\">Filmes<\/a><\/li>\n<li class=\"menu-item menu-item-type-post_type menu-item-object-page menu-item-157\"><a href=\"https:\/\/festivaldecaruaru.com.br\/2022\/programacao\/\" class=\"elementor-item\" tabindex=\"-1\">Programa\u00e7\u00e3o<\/a><\/li>\n<li class=\"menu-item menu-item-type-post_type menu-item-object-page menu-item-158\"><a href=\"https:\/\/festivaldecaruaru.com.br\/2022\/oficinas\/\" class=\"elementor-item\" tabindex=\"-1\">Oficinas<\/a><\/li>\n<li class=\"menu-item menu-item-type-post_type menu-item-object-page menu-item-260\"><a href=\"https:\/\/festivaldecaruaru.com.br\/2022\/homenagem\/\" class=\"elementor-item\" tabindex=\"-1\">Homenagem<\/a><\/li>\n<li class=\"menu-item menu-item-type-post_type menu-item-object-page menu-item-156\"><a href=\"https:\/\/festivaldecaruaru.com.br\/2022\/juri\/\" class=\"elementor-item\" tabindex=\"-1\">Juri<\/a><\/li>\n<li class=\"menu-item menu-item-type-post_type menu-item-object-page menu-item-155\"><a href=\"https:\/\/festivaldecaruaru.com.br\/2022\/premios\/\" class=\"elementor-item\" tabindex=\"-1\">Pr\u00eamios<\/a><\/li>\n<li class=\"menu-item menu-item-type-post_type menu-item-object-page menu-item-153\"><a href=\"https:\/\/festivaldecaruaru.com.br\/2022\/contato\/\" class=\"elementor-item\" tabindex=\"-1\">Contato<\/a><\/li>\n<\/ul>\n<!-- end master menu -->\n\t\t\t<\/nav>\n\t\t\t\t<\/div>\n\t\t\t\t<\/div>\n\t\t\t\t\t<\/div>\n\t\t<\/div>\n\t\t\t\t\t\t\t<\/div>\n\t\t<\/section>\n\t\t\t\t<section class=\"elementor-section elementor-top-section elementor-element elementor-element-6e8526ae elementor-section-full_width elementor-section-height-default elementor-section-height-default\" data-id=\"6e8526ae\" data-element_type=\"section\">\n\t\t\t\t\t\t<div class=\"elementor-container elementor-column-gap-no\">\n\t\t\t\t\t<div class=\"elementor-column elementor-col-100 elementor-top-column elementor-element elementor-element-2a603559\" data-id=\"2a603559\" data-element_type=\"column\">\n\t\t\t<div class=\"elementor-widget-wrap elementor-element-populated\">\n\t\t\t\t\t\t\t\t<div class=\"elementor-element elementor-element-1d50f6b0 elementor-widget elementor-widget-image\" data-id=\"1d50f6b0\" data-element_type=\"widget\" data-widget_type=\"image.default\">\n\t\t\t\t<div class=\"elementor-widget-container\">\n\t\t\t\t\t\t\t\t\t\t\t\t\t\t\t<img decoding=\"async\" width=\"3507\" height=\"296\" src=\"https:\/\/festivaldecaruaru.com.br\/2022\/wp-content\/uploads\/2022\/07\/barra_topo.png\" class=\"attachment-full size-full\" alt=\"\" loading=\"lazy\" srcset=\"https:\/\/festivaldecaruaru.com.br\/2022\/wp-content\/uploads\/2022\/07\/barra_topo.png 3507w, https:\/\/festivaldecaruaru.com.br\/2022\/wp-content\/uploads\/2022\/07\/barra_topo-300x25.png 300w, https:\/\/festivaldecaruaru.com.br\/2022\/wp-content\/uploads\/2022\/07\/barra_topo-1024x86.png 1024w, https:\/\/festivaldecaruaru.com.br\/2022\/wp-content\/uploads\/2022\/07\/barra_topo-768x65.png 768w, https:\/\/festivaldecaruaru.com.br\/2022\/wp-content\/uploads\/2022\/07\/barra_topo-1536x130.png 1536w, https:\/\/festivaldecaruaru.com.br\/2022\/wp-content\/uploads\/2022\/07\/barra_topo-2048x173.png 2048w\" sizes=\"(max-width: 3507px) 100vw, 3507px\" \/>\t\t\t\t\t\t\t\t\t\t\t\t\t\t\t<\/div>\n\t\t\t\t<\/div>\n\t\t\t\t\t<\/div>\n\t\t<\/div>\n\t\t\t\t\t\t\t<\/div>\n\t\t<\/section>\n\t\t\t\t<section class=\"elementor-section elementor-top-section elementor-element elementor-element-b7111f4 elementor-section-boxed elementor-section-height-default elementor-section-height-default\" data-id=\"b7111f4\" data-element_type=\"section\">\n\t\t\t\t\t\t<div class=\"elementor-container elementor-column-gap-default\">\n\t\t\t\t\t<div class=\"elementor-column elementor-col-100 elementor-top-column elementor-element elementor-element-8f27634\" data-id=\"8f27634\" data-element_type=\"column\">\n\t\t\t<div class=\"elementor-widget-wrap elementor-element-populated\">\n\t\t\t\t\t\t\t\t<div class=\"elementor-element elementor-element-f05c6d5 elementor-widget elementor-widget-heading\" data-id=\"f05c6d5\" data-element_type=\"widget\" data-widget_type=\"heading.default\">\n\t\t\t\t<div class=\"elementor-widget-container\">\n\t\t\t<style>\/*! elementor - v3.7.3 - 29-08-2022 *\/\n.elementor-heading-title{padding:0;margin:0;line-height:1}.elementor-widget-heading .elementor-heading-title[class*=elementor-size-]>a{color:inherit;font-size:inherit;line-height:inherit}.elementor-widget-heading .elementor-heading-title.elementor-size-small{font-size:15px}.elementor-widget-heading .elementor-heading-title.elementor-size-medium{font-size:19px}.elementor-widget-heading .elementor-heading-title.elementor-size-large{font-size:29px}.elementor-widget-heading .elementor-heading-title.elementor-size-xl{font-size:39px}.elementor-widget-heading .elementor-heading-title.elementor-size-xxl{font-size:59px}<\/style><h2 class=\"elementor-heading-title elementor-size-default\">O Festival<\/h2>\t\t<\/div>\n\t\t\t\t<\/div>\n\t\t\t\t\t<\/div>\n\t\t<\/div>\n\t\t\t\t\t\t\t<\/div>\n\t\t<\/section>\n\t\t\t\t<section class=\"elementor-section elementor-top-section elementor-element elementor-element-504d4474 elementor-section-full_width elementor-section-height-default elementor-section-height-default\" data-id=\"504d4474\" data-element_type=\"section\" id=\"xs_team_9\">\n\t\t\t\t\t\t<div class=\"elementor-container elementor-column-gap-default\">\n\t\t\t\t\t<div class=\"elementor-column elementor-col-100 elementor-top-column elementor-element elementor-element-566bbf58\" data-id=\"566bbf58\" data-element_type=\"column\">\n\t\t\t<div class=\"elementor-widget-wrap elementor-element-populated\">\n\t\t\t\t\t\t\t\t<div class=\"elementor-element elementor-element-610675fd elementor-widget elementor-widget-elementskit-heading\" data-id=\"610675fd\" data-element_type=\"widget\" data-widget_type=\"elementskit-heading.default\">\n\t\t\t\t<div class=\"elementor-widget-container\">\n\t\t\t<div class=\"ekit-wid-con\" ><div class=\"ekit-heading elementskit-section-title-wraper center   ekit_heading_tablet-   ekit_heading_mobile-\"><h3 class=\"ekit-heading--title elementskit-section-title \">\n\t\t\t\t\tCuradoria\n\t\t\t\t<\/h3>\t\t\t\t<div class='ekit-heading__description'>\n\t\t\t\t\t<p>Essa equipe apreciou 745 filmes inscritos. Foram montadas nove mostras, sendo oito competitivas. Conseguimos abranger uma grande diversidade de olhares e est\u00e9ticas. Superando estes tempos tenebrosos para a produ\u00e7\u00e3o audiovisual percebemos uma manuten\u00e7\u00e3o da qualidade das produ\u00e7\u00f5es, principalmente de curta-metragem. Observamos que a Lei Aldir Blanc foi muito \u00fatil para essa produ\u00e7\u00e3o recente. Sempre buscamos dar visibilidade aos trabalhos que precisam de janela e incentivar seus realizadores a continuarem seu fluxo de produ\u00e7\u00e3o. Algumas produ\u00e7\u00f5es s\u00e3o estreias mundiais. isso nos alegra muito na caminhada ao Iniciar a trajet\u00f3ria de filmes\u00a0 necess\u00e1rios.<\/p>\n\t\t\t\t<\/div>\n\t\t\t<\/div><\/div>\t\t<\/div>\n\t\t\t\t<\/div>\n\t\t\t\t\t<\/div>\n\t\t<\/div>\n\t\t\t\t\t\t\t<\/div>\n\t\t<\/section>\n\t\t\t\t<section class=\"elementor-section elementor-top-section elementor-element elementor-element-43bf1c0c elementor-section-boxed elementor-section-height-default elementor-section-height-default\" data-id=\"43bf1c0c\" data-element_type=\"section\">\n\t\t\t\t\t\t<div class=\"elementor-container elementor-column-gap-default\">\n\t\t\t\t\t<div class=\"elementor-column elementor-col-100 elementor-top-column elementor-element elementor-element-42b5fabb\" data-id=\"42b5fabb\" data-element_type=\"column\">\n\t\t\t<div class=\"elementor-widget-wrap elementor-element-populated\">\n\t\t\t\t\t\t\t\t<section class=\"elementor-section elementor-inner-section elementor-element elementor-element-17712a34 elementor-section-boxed elementor-section-height-default elementor-section-height-default\" data-id=\"17712a34\" data-element_type=\"section\">\n\t\t\t\t\t\t<div class=\"elementor-container elementor-column-gap-default\">\n\t\t\t\t\t<div class=\"elementor-column elementor-col-25 elementor-inner-column elementor-element elementor-element-740ae021\" data-id=\"740ae021\" data-element_type=\"column\">\n\t\t\t<div class=\"elementor-widget-wrap elementor-element-populated\">\n\t\t\t\t\t\t\t\t<div class=\"elementor-element elementor-element-29465847 elementor-widget elementor-widget-elementskit-team\" data-id=\"29465847\" data-element_type=\"widget\" data-widget_type=\"elementskit-team.default\">\n\t\t\t\t<div class=\"elementor-widget-container\">\n\t\t\t<div class=\"ekit-wid-con\">\t\t\t\t\t\t <div class=\"profile-square-v square-v6 no_gutters\"> \t\t\n\t\t<div class=\"profile-card elementor-animation- text-center ekit-team-style-long_height_details\">\n\t\t\t\t\t\t\t<a href=\"javascript:void(0)\" data-mfp-src=\"#ekit_team_modal_29465847\" class=\"ekit-team-popup\">\n\t\t\t\t\t\t\n\t\t\t\t<div class=\"profile-header ekit-team-img \"  data-toggle=\"modal\" data-target=\"ekit_team_modal_#29465847\" >\n\t\t\t\t\t<img decoding=\"async\" width=\"1024\" height=\"1024\" src=\"https:\/\/festivaldecaruaru.com.br\/2022\/wp-content\/uploads\/2022\/07\/WhatsApp-Image-2022-07-28-at-17.20.06-e1659040365957-1024x1024.jpeg\" class=\"attachment-large size-large\" alt=\"\" loading=\"lazy\" srcset=\"https:\/\/festivaldecaruaru.com.br\/2022\/wp-content\/uploads\/2022\/07\/WhatsApp-Image-2022-07-28-at-17.20.06-e1659040365957-1024x1024.jpeg 1024w, https:\/\/festivaldecaruaru.com.br\/2022\/wp-content\/uploads\/2022\/07\/WhatsApp-Image-2022-07-28-at-17.20.06-e1659040365957-300x300.jpeg 300w, https:\/\/festivaldecaruaru.com.br\/2022\/wp-content\/uploads\/2022\/07\/WhatsApp-Image-2022-07-28-at-17.20.06-e1659040365957-150x150.jpeg 150w, https:\/\/festivaldecaruaru.com.br\/2022\/wp-content\/uploads\/2022\/07\/WhatsApp-Image-2022-07-28-at-17.20.06-e1659040365957-768x769.jpeg 768w, https:\/\/festivaldecaruaru.com.br\/2022\/wp-content\/uploads\/2022\/07\/WhatsApp-Image-2022-07-28-at-17.20.06-e1659040365957.jpeg 1186w\" sizes=\"(max-width: 1024px) 100vw, 1024px\" \/>\t\t\t\t<\/div><!-- .profile-header END -->\n\t\t\t\t\t\t\t<\/a>\n\t\t\t\t\t\t\n\n\t\t\t\t<div class=\"profile-body\">\n\t\t\t\t\t\n\t\t\t\t\t<h2 class=\"profile-title\">\n\t\t\t\t\t\t\t\t\t\t\t<a  href=\"javascript:void(0)\" data-mfp-src=\"#ekit_team_modal_29465847\" class=\"ekit-team-popup\">\n\t\t\t\t\t\tPriscila Urpia\t\t\t\t\t\t<\/a>\n\t\t\t\t\t\t\t\t\t\t\t<\/h2>\n\t\t\t\t\t<p class=\"profile-designation\">jornalista e fot\u00f3grafa<\/p>\n\t\t\t\t\t\t\t\t\t\t<p class=\"profile-content\">Priscila Urpia\nJornalista, produtora, cineclubista e fot\u00f3grafa. \u00c9 especialista em Estudos Cinematogr\u00e1ficos (UNICAP). Participa na comunica\u00e7\u00e3o, curadoria e j\u00faris de festivais e mostras audiovisuais, como: Cine Philos, do Festival Internacional de Artes Gr\u00e1ficas de S\u00e3o Paulo - Finart e da Mostra Cinemas do Brasil. Participou da diretoria colegiada da ABD\/APECI e do Conselho Consultivo do Audiovisual de Pernambuco, al\u00e9m de participar da produ\u00e7\u00e3o e execu\u00e7\u00e3o de projetos em diversas outras \u00e1reas.<\/p>\n\t\t\t\t\t\t\t\t\t<\/div><!-- .profile-body END -->\n\n\t\t\t\t\t\t\t\t<\/div>\n\t\t\t\t <\/div> \t\t\t\n\t\t\t\n\t\t\t\t\t<div class=\"zoom-anim-dialog mfp-hide elementskit-team-popup\" id=\"ekit_team_modal_29465847\" tabindex=\"-1\" role=\"dialog\" aria-hidden=\"true\">\n\t\t\t\t<div class=\"modal-dialog modal-dialog-centered\" role=\"document\">\n\t\t\t\t\t<div class=\"modal-content\">\n\t\t\t\t\t\t<button type=\"button\" class=\"ekit-team-modal-close\">\n\t\t\t\t\t\t\t<i aria-hidden=\"true\" class=\"fas fa-times\"><\/i>\t\t\t\t\t\t<\/button>\n\n\t\t\t\t\t\t<div class=\"modal-body\">\n\t\t\t\t\t\t\t\t\t\t\t\t\t\t\t<div class=\"ekit-team-modal-img\">\n\t\t\t\t\t\t\t\t\t<img decoding=\"async\" width=\"1024\" height=\"1024\" src=\"https:\/\/festivaldecaruaru.com.br\/2022\/wp-content\/uploads\/2022\/07\/WhatsApp-Image-2022-07-28-at-17.20.06-e1659040365957-1024x1024.jpeg\" class=\"attachment-large size-large\" alt=\"\" loading=\"lazy\" srcset=\"https:\/\/festivaldecaruaru.com.br\/2022\/wp-content\/uploads\/2022\/07\/WhatsApp-Image-2022-07-28-at-17.20.06-e1659040365957-1024x1024.jpeg 1024w, https:\/\/festivaldecaruaru.com.br\/2022\/wp-content\/uploads\/2022\/07\/WhatsApp-Image-2022-07-28-at-17.20.06-e1659040365957-300x300.jpeg 300w, https:\/\/festivaldecaruaru.com.br\/2022\/wp-content\/uploads\/2022\/07\/WhatsApp-Image-2022-07-28-at-17.20.06-e1659040365957-150x150.jpeg 150w, https:\/\/festivaldecaruaru.com.br\/2022\/wp-content\/uploads\/2022\/07\/WhatsApp-Image-2022-07-28-at-17.20.06-e1659040365957-768x769.jpeg 768w, https:\/\/festivaldecaruaru.com.br\/2022\/wp-content\/uploads\/2022\/07\/WhatsApp-Image-2022-07-28-at-17.20.06-e1659040365957.jpeg 1186w\" sizes=\"(max-width: 1024px) 100vw, 1024px\" \/>\t\t\t\t\t\t\t\t<\/div>\n\t\t\t\t\t\t\t\n\t\t\t\t\t\t\t<div class=\"ekit-team-modal-info has-img\">\n\t\t\t\t\t\t\t\t<h2 class=\"ekit-team-modal-title\">Priscila Urpia<\/h2>\n\t\t\t\t\t\t\t\t<p class=\"ekit-team-modal-position\">jornalista e fot\u00f3grafa<\/p>\n\t\t\t\t\t\t\t\t\n\t\t\t\t\t\t\t\t<div class=\"ekit-team-modal-content\">\n\t\t\t\t\t\t\t\t\t\t\t\t\t\t\t\t\t<\/div>\n\n\t\t\t\t\t\t\t\t\t\t\t\t\t\t\t\t\t<ul class=\"ekit-team-modal-list\">\n\t\t\t\t\t\t\t\t\t\t\n\t\t\t\t\t\t\t\t\t\t\t\t\t\t\t\t\t\t\t\t\t<li><strong>Email:<\/strong><a href=\"mailto:contato@bemditapauta.com.br\">contato@bemditapauta.com.br<\/a><\/li>\n\t\t\t\t\t\t\t\t\t\t\t\t\t\t\t\t\t\t\t<\/ul>\n\t\t\t\t\t\t\t\t\t\t\t\t\t\t\t\t\n\t\t\t\t\t\t\t\t\t\t\t\t\t\t\t<\/div>\n\t\t\t\t\t\t<\/div>\n\t\t\t\t\t<\/div>\n\t\t\t\t<\/div>\n\t\t\t<\/div>\n\t\t\t\t<\/div>\t\t<\/div>\n\t\t\t\t<\/div>\n\t\t\t\t\t<\/div>\n\t\t<\/div>\n\t\t\t\t<div class=\"elementor-column elementor-col-25 elementor-inner-column elementor-element elementor-element-52b51266\" data-id=\"52b51266\" data-element_type=\"column\">\n\t\t\t<div class=\"elementor-widget-wrap elementor-element-populated\">\n\t\t\t\t\t\t\t\t<div class=\"elementor-element elementor-element-5e2b334a elementor-widget elementor-widget-elementskit-team\" data-id=\"5e2b334a\" data-element_type=\"widget\" data-widget_type=\"elementskit-team.default\">\n\t\t\t\t<div class=\"elementor-widget-container\">\n\t\t\t<div class=\"ekit-wid-con\">\t\t\t\t\t\t <div class=\"profile-square-v square-v6 no_gutters\"> \t\t\n\t\t<div class=\"profile-card elementor-animation- text-center ekit-team-style-long_height_details\">\n\t\t\t\t\t\t\n\t\t\t\t<div class=\"profile-header ekit-team-img \" >\n\t\t\t\t\t<img decoding=\"async\" width=\"1024\" height=\"1024\" src=\"https:\/\/festivaldecaruaru.com.br\/2022\/wp-content\/uploads\/2022\/07\/Foto_Stephanie-scaled-e1659040313426-1024x1024.jpg\" class=\"attachment-large size-large\" alt=\"\" loading=\"lazy\" srcset=\"https:\/\/festivaldecaruaru.com.br\/2022\/wp-content\/uploads\/2022\/07\/Foto_Stephanie-scaled-e1659040313426-1024x1024.jpg 1024w, https:\/\/festivaldecaruaru.com.br\/2022\/wp-content\/uploads\/2022\/07\/Foto_Stephanie-scaled-e1659040313426-300x300.jpg 300w, https:\/\/festivaldecaruaru.com.br\/2022\/wp-content\/uploads\/2022\/07\/Foto_Stephanie-scaled-e1659040313426-150x150.jpg 150w, https:\/\/festivaldecaruaru.com.br\/2022\/wp-content\/uploads\/2022\/07\/Foto_Stephanie-scaled-e1659040313426-768x768.jpg 768w, https:\/\/festivaldecaruaru.com.br\/2022\/wp-content\/uploads\/2022\/07\/Foto_Stephanie-scaled-e1659040313426-1536x1536.jpg 1536w, https:\/\/festivaldecaruaru.com.br\/2022\/wp-content\/uploads\/2022\/07\/Foto_Stephanie-scaled-e1659040313426.jpg 1707w\" sizes=\"(max-width: 1024px) 100vw, 1024px\" \/>\t\t\t\t<\/div><!-- .profile-header END -->\n\t\t\t\t\t\t\n\n\t\t\t\t<div class=\"profile-body\">\n\t\t\t\t\t\n\t\t\t\t\t<h2 class=\"profile-title\">\n\t\t\t\t\t\t\t\t\t\t\tStephanie S\u00e1\t\t\t\t\t\t\t\t\t\t<\/h2>\n\t\t\t\t\t<p class=\"profile-designation\">jornalista<\/p>\n\t\t\t\t\t\t\t\t\t\t<p class=\"profile-content\">\u00c9 jornalista e especialista em Comunica\u00e7\u00e3o Empresarial e M\u00eddias Digitais. No meio jornal\u00edstico, j\u00e1 atuou como rep\u00f3rter, produtora, redatora e assessora de imprensa. Desde 2016, tem trabalhado em festivais de cinema em Pernambuco, nas cidades de Caruaru, Tabira, Taquaritinga do Norte e Recife. Atualmente, tamb\u00e9m conduz um projeto de jornalismo independente chamado Jornalismo Entrelinhas.<\/p>\n\t\t\t\t\t\t\t\t\t<\/div><!-- .profile-body END -->\n\n\t\t\t\t\t\t\t\t<\/div>\n\t\t\t\t <\/div> \t\t\t\n\t\t\t\n\t\t\t\t<\/div>\t\t<\/div>\n\t\t\t\t<\/div>\n\t\t\t\t\t<\/div>\n\t\t<\/div>\n\t\t\t\t<div class=\"elementor-column elementor-col-25 elementor-inner-column elementor-element elementor-element-6c36f6fe\" data-id=\"6c36f6fe\" data-element_type=\"column\">\n\t\t\t<div class=\"elementor-widget-wrap elementor-element-populated\">\n\t\t\t\t\t\t\t\t<div class=\"elementor-element elementor-element-4b127b87 elementor-widget elementor-widget-elementskit-team\" data-id=\"4b127b87\" data-element_type=\"widget\" data-widget_type=\"elementskit-team.default\">\n\t\t\t\t<div class=\"elementor-widget-container\">\n\t\t\t<div class=\"ekit-wid-con\">\t\t\t\t\t\t <div class=\"profile-square-v square-v6 no_gutters\"> \t\t\n\t\t<div class=\"profile-card elementor-animation- text-center ekit-team-style-long_height_details\">\n\t\t\t\t\t\t\t<a href=\"javascript:void(0)\" data-mfp-src=\"#ekit_team_modal_4b127b87\" class=\"ekit-team-popup\">\n\t\t\t\t\t\t\n\t\t\t\t<div class=\"profile-header ekit-team-img \"  data-toggle=\"modal\" data-target=\"ekit_team_modal_#4b127b87\" >\n\t\t\t\t\t<img decoding=\"async\" width=\"853\" height=\"853\" src=\"https:\/\/festivaldecaruaru.com.br\/2022\/wp-content\/uploads\/2022\/07\/Foto_Edvaldo.jpg\" class=\"attachment-large size-large\" alt=\"\" loading=\"lazy\" srcset=\"https:\/\/festivaldecaruaru.com.br\/2022\/wp-content\/uploads\/2022\/07\/Foto_Edvaldo.jpg 853w, https:\/\/festivaldecaruaru.com.br\/2022\/wp-content\/uploads\/2022\/07\/Foto_Edvaldo-300x300.jpg 300w, https:\/\/festivaldecaruaru.com.br\/2022\/wp-content\/uploads\/2022\/07\/Foto_Edvaldo-150x150.jpg 150w, https:\/\/festivaldecaruaru.com.br\/2022\/wp-content\/uploads\/2022\/07\/Foto_Edvaldo-768x768.jpg 768w\" sizes=\"(max-width: 853px) 100vw, 853px\" \/>\t\t\t\t<\/div><!-- .profile-header END -->\n\t\t\t\t\t\t\t<\/a>\n\t\t\t\t\t\t\n\n\t\t\t\t<div class=\"profile-body\">\n\t\t\t\t\t\n\t\t\t\t\t<h2 class=\"profile-title\">\n\t\t\t\t\t\t\t\t\t\t\t<a  href=\"javascript:void(0)\" data-mfp-src=\"#ekit_team_modal_4b127b87\" class=\"ekit-team-popup\">\n\t\t\t\t\t\tEdvaldo Santos\t\t\t\t\t\t<\/a>\n\t\t\t\t\t\t\t\t\t\t\t<\/h2>\n\t\t\t\t\t<p class=\"profile-designation\">professor e produtor cultural<\/p>\n\t\t\t\t\t\t\t\t\t\t<p class=\"profile-content\">P\u00f3s-graduado em Cinema e Linguagem Audiovisual, Psicopedagogia, Sociologia e Tecnologias na Educa\u00e7\u00e3o. \u00c9 idealizador do Festival de Cinema de Caruaru. Como diretor e roteirista tem nove curtas-metragens finalizados. Desenvolve a\u00e7\u00f5es educativas ministrando oficinas de inicia\u00e7\u00e3o \u00e0 cr\u00edtica cinematogr\u00e1fica, formando j\u00fari jovem. Atua como membro de j\u00fari em festivais de cinema. \u00c9 montador, diretor de fotografia e produtor de cinema.<\/p>\n\t\t\t\t\t\t\t\t\t<\/div><!-- .profile-body END -->\n\n\t\t\t\t\t\t\t\t<\/div>\n\t\t\t\t <\/div> \t\t\t\n\t\t\t\n\t\t\t\t\t<div class=\"zoom-anim-dialog mfp-hide elementskit-team-popup\" id=\"ekit_team_modal_4b127b87\" tabindex=\"-1\" role=\"dialog\" aria-hidden=\"true\">\n\t\t\t\t<div class=\"modal-dialog modal-dialog-centered\" role=\"document\">\n\t\t\t\t\t<div class=\"modal-content\">\n\t\t\t\t\t\t<button type=\"button\" class=\"ekit-team-modal-close\">\n\t\t\t\t\t\t\t<i aria-hidden=\"true\" class=\"fas fa-times\"><\/i>\t\t\t\t\t\t<\/button>\n\n\t\t\t\t\t\t<div class=\"modal-body\">\n\t\t\t\t\t\t\t\t\t\t\t\t\t\t\t<div class=\"ekit-team-modal-img\">\n\t\t\t\t\t\t\t\t\t<img decoding=\"async\" width=\"853\" height=\"853\" src=\"https:\/\/festivaldecaruaru.com.br\/2022\/wp-content\/uploads\/2022\/07\/Foto_Edvaldo.jpg\" class=\"attachment-large size-large\" alt=\"\" loading=\"lazy\" srcset=\"https:\/\/festivaldecaruaru.com.br\/2022\/wp-content\/uploads\/2022\/07\/Foto_Edvaldo.jpg 853w, https:\/\/festivaldecaruaru.com.br\/2022\/wp-content\/uploads\/2022\/07\/Foto_Edvaldo-300x300.jpg 300w, https:\/\/festivaldecaruaru.com.br\/2022\/wp-content\/uploads\/2022\/07\/Foto_Edvaldo-150x150.jpg 150w, https:\/\/festivaldecaruaru.com.br\/2022\/wp-content\/uploads\/2022\/07\/Foto_Edvaldo-768x768.jpg 768w\" sizes=\"(max-width: 853px) 100vw, 853px\" \/>\t\t\t\t\t\t\t\t<\/div>\n\t\t\t\t\t\t\t\n\t\t\t\t\t\t\t<div class=\"ekit-team-modal-info has-img\">\n\t\t\t\t\t\t\t\t<h2 class=\"ekit-team-modal-title\">Edvaldo Santos<\/h2>\n\t\t\t\t\t\t\t\t<p class=\"ekit-team-modal-position\">professor e produtor cultural<\/p>\n\t\t\t\t\t\t\t\t\n\t\t\t\t\t\t\t\t<div class=\"ekit-team-modal-content\">\n\t\t\t\t\t\t\t\t\t\t\t\t\t\t\t\t\t<\/div>\n\n\t\t\t\t\t\t\t\t\t\t\t\t\t\t\t\t\t<ul class=\"ekit-team-modal-list\">\n\t\t\t\t\t\t\t\t\t\t\t\t\t\t\t\t\t\t\t\t\t<li><strong>Phone:<\/strong><a href=\"tel:(81) 999161344\">(81) 999161344<\/a><\/li>\n\t\t\t\t\t\t\t\t\t\t\n\t\t\t\t\t\t\t\t\t\t\t\t\t\t\t\t\t\t\t\t\t<li><strong>Email:<\/strong><a href=\"mailto:edvaldo.cine@gmail.com\">edvaldo.cine@gmail.com<\/a><\/li>\n\t\t\t\t\t\t\t\t\t\t\t\t\t\t\t\t\t\t\t<\/ul>\n\t\t\t\t\t\t\t\t\t\t\t\t\t\t\t\t\n\t\t\t\t\t\t\t\t\t\t\t\t\t\t\t<\/div>\n\t\t\t\t\t\t<\/div>\n\t\t\t\t\t<\/div>\n\t\t\t\t<\/div>\n\t\t\t<\/div>\n\t\t\t\t<\/div>\t\t<\/div>\n\t\t\t\t<\/div>\n\t\t\t\t\t<\/div>\n\t\t<\/div>\n\t\t\t\t<div class=\"elementor-column elementor-col-25 elementor-inner-column elementor-element elementor-element-466d171c\" data-id=\"466d171c\" data-element_type=\"column\">\n\t\t\t<div class=\"elementor-widget-wrap elementor-element-populated\">\n\t\t\t\t\t\t\t\t<div class=\"elementor-element elementor-element-7e571e5c elementor-widget elementor-widget-elementskit-team\" data-id=\"7e571e5c\" data-element_type=\"widget\" data-widget_type=\"elementskit-team.default\">\n\t\t\t\t<div class=\"elementor-widget-container\">\n\t\t\t<div class=\"ekit-wid-con\">\t\t\t\t\t\t <div class=\"profile-square-v square-v6 no_gutters\"> \t\t\n\t\t<div class=\"profile-card elementor-animation- text-center ekit-team-style-long_height_details\">\n\t\t\t\t\t\t\t<a href=\"javascript:void(0)\" data-mfp-src=\"#ekit_team_modal_7e571e5c\" class=\"ekit-team-popup\">\n\t\t\t\t\t\t\n\t\t\t\t<div class=\"profile-header ekit-team-img \"  data-toggle=\"modal\" data-target=\"ekit_team_modal_#7e571e5c\" >\n\t\t\t\t\t<img decoding=\"async\" src=\"https:\/\/festivaldecaruaru.com.br\/2022\/wp-content\/uploads\/2022\/07\/WhatsApp-Image-2022-07-28-at-17.20.07-e1659040473756.jpeg\" title=\"WhatsApp Image 2022-07-28 at 17.20.07\" alt=\"WhatsApp Image 2022-07-28 at 17.20.07\" \/>\t\t\t\t<\/div><!-- .profile-header END -->\n\t\t\t\t\t\t\t<\/a>\n\t\t\t\t\t\t\n\n\t\t\t\t<div class=\"profile-body\">\n\t\t\t\t\t\n\t\t\t\t\t<h2 class=\"profile-title\">\n\t\t\t\t\t\t\t\t\t\t\t<a  href=\"javascript:void(0)\" data-mfp-src=\"#ekit_team_modal_7e571e5c\" class=\"ekit-team-popup\">\n\t\t\t\t\t\tLuciano Torres\t\t\t\t\t\t<\/a>\n\t\t\t\t\t\t\t\t\t\t\t<\/h2>\n\t\t\t\t\t<p class=\"profile-designation\">ator e diretor<\/p>\n\t\t\t\t\t\t\t\t\t\t<p class=\"profile-content\">Ator, diretor e produtor. \u00c9 formado em Publicidade, com especializa\u00e7\u00e3o em Cria\u00e7\u00e3o Publicit\u00e1ria (UFPE). Atuou na Cia. de Produ\u00e7\u00f5es Art\u00edsticas Prazeres Barbosa. Cursou a Escola de Atores Wolf Maia (RJ). Atuou em filmes, espet\u00e1culos teatrais, comerciais e novelas. Produziu, escreveu e dirigiu produ\u00e7\u00f5es independentes, al\u00e9m de comerciais.<\/p>\n\t\t\t\t\t\t\t\t\t<\/div><!-- .profile-body END -->\n\n\t\t\t\t\t\t\t\t<\/div>\n\t\t\t\t <\/div> \t\t\t\n\t\t\t\n\t\t\t\t\t<div class=\"zoom-anim-dialog mfp-hide elementskit-team-popup\" id=\"ekit_team_modal_7e571e5c\" tabindex=\"-1\" role=\"dialog\" aria-hidden=\"true\">\n\t\t\t\t<div class=\"modal-dialog modal-dialog-centered\" role=\"document\">\n\t\t\t\t\t<div class=\"modal-content\">\n\t\t\t\t\t\t<button type=\"button\" class=\"ekit-team-modal-close\">\n\t\t\t\t\t\t\t<i aria-hidden=\"true\" class=\"fas fa-times\"><\/i>\t\t\t\t\t\t<\/button>\n\n\t\t\t\t\t\t<div class=\"modal-body\">\n\t\t\t\t\t\t\t\t\t\t\t\t\t\t\t<div class=\"ekit-team-modal-img\">\n\t\t\t\t\t\t\t\t\t<img decoding=\"async\" src=\"https:\/\/festivaldecaruaru.com.br\/2022\/wp-content\/uploads\/2022\/07\/WhatsApp-Image-2022-07-28-at-17.20.07-e1659040473756.jpeg\" title=\"WhatsApp Image 2022-07-28 at 17.20.07\" alt=\"WhatsApp Image 2022-07-28 at 17.20.07\" \/>\t\t\t\t\t\t\t\t<\/div>\n\t\t\t\t\t\t\t\n\t\t\t\t\t\t\t<div class=\"ekit-team-modal-info has-img\">\n\t\t\t\t\t\t\t\t<h2 class=\"ekit-team-modal-title\">Luciano Torres<\/h2>\n\t\t\t\t\t\t\t\t<p class=\"ekit-team-modal-position\">ator e diretor<\/p>\n\t\t\t\t\t\t\t\t\n\t\t\t\t\t\t\t\t<div class=\"ekit-team-modal-content\">\n\t\t\t\t\t\t\t\t\t\t\t\t\t\t\t\t\t<\/div>\n\n\t\t\t\t\t\t\t\t\t\t\t\t\t\t\t\t\t<ul class=\"ekit-team-modal-list\">\n\t\t\t\t\t\t\t\t\t\t\n\t\t\t\t\t\t\t\t\t\t\t\t\t\t\t\t\t\t\t\t\t<li><strong>Email:<\/strong><a href=\"mailto:lucianotorrescinema@gmail.com\">lucianotorrescinema@gmail.com<\/a><\/li>\n\t\t\t\t\t\t\t\t\t\t\t\t\t\t\t\t\t\t\t<\/ul>\n\t\t\t\t\t\t\t\t\t\t\t\t\t\t\t\t\n\t\t\t\t\t\t\t\t\t\t\t\t\t\t\t<\/div>\n\t\t\t\t\t\t<\/div>\n\t\t\t\t\t<\/div>\n\t\t\t\t<\/div>\n\t\t\t<\/div>\n\t\t\t\t<\/div>\t\t<\/div>\n\t\t\t\t<\/div>\n\t\t\t\t\t<\/div>\n\t\t<\/div>\n\t\t\t\t\t\t\t<\/div>\n\t\t<\/section>\n\t\t\t\t\t<\/div>\n\t\t<\/div>\n\t\t\t\t\t\t\t<\/div>\n\t\t<\/section>\n\t\t\t\t<section class=\"elementor-section elementor-top-section elementor-element elementor-element-52c106f elementor-section-full_width elementor-section-height-default elementor-section-height-default\" data-id=\"52c106f\" data-element_type=\"section\" data-settings=\"{&quot;background_background&quot;:&quot;classic&quot;}\">\n\t\t\t\t\t\t<div class=\"elementor-container elementor-column-gap-default\">\n\t\t\t\t\t<div class=\"elementor-column elementor-col-100 elementor-top-column elementor-element elementor-element-883dccd\" data-id=\"883dccd\" data-element_type=\"column\">\n\t\t\t<div class=\"elementor-widget-wrap elementor-element-populated\">\n\t\t\t\t\t\t\t\t<section class=\"elementor-section elementor-inner-section elementor-element elementor-element-c684534 elementor-section-boxed elementor-section-height-default elementor-section-height-default\" data-id=\"c684534\" data-element_type=\"section\">\n\t\t\t\t\t\t<div class=\"elementor-container elementor-column-gap-default\">\n\t\t\t\t\t<div class=\"elementor-column elementor-col-100 elementor-inner-column elementor-element elementor-element-e873fd7\" data-id=\"e873fd7\" data-element_type=\"column\">\n\t\t\t<div class=\"elementor-widget-wrap elementor-element-populated\">\n\t\t\t\t\t\t\t\t<div class=\"elementor-element elementor-element-df8d08f elementor-widget elementor-widget-heading\" data-id=\"df8d08f\" data-element_type=\"widget\" data-widget_type=\"heading.default\">\n\t\t\t\t<div class=\"elementor-widget-container\">\n\t\t\t<h2 class=\"elementor-heading-title elementor-size-default\">Equipe<\/h2>\t\t<\/div>\n\t\t\t\t<\/div>\n\t\t\t\t\t<\/div>\n\t\t<\/div>\n\t\t\t\t\t\t\t<\/div>\n\t\t<\/section>\n\t\t\t\t<section class=\"elementor-section elementor-inner-section elementor-element elementor-element-c6d1421 elementor-section-boxed elementor-section-height-default elementor-section-height-default\" data-id=\"c6d1421\" data-element_type=\"section\">\n\t\t\t\t\t\t<div class=\"elementor-container elementor-column-gap-default\">\n\t\t\t\t\t<div class=\"elementor-column elementor-col-50 elementor-inner-column elementor-element elementor-element-fbd48ff\" data-id=\"fbd48ff\" data-element_type=\"column\">\n\t\t\t<div class=\"elementor-widget-wrap elementor-element-populated\">\n\t\t\t\t\t\t\t\t<div class=\"elementor-element elementor-element-ebee35b elementor-widget elementor-widget-text-editor\" data-id=\"ebee35b\" data-element_type=\"widget\" data-widget_type=\"text-editor.default\">\n\t\t\t\t<div class=\"elementor-widget-container\">\n\t\t\t<style>\/*! elementor - v3.7.3 - 29-08-2022 *\/\n.elementor-widget-text-editor.elementor-drop-cap-view-stacked .elementor-drop-cap{background-color:#818a91;color:#fff}.elementor-widget-text-editor.elementor-drop-cap-view-framed .elementor-drop-cap{color:#818a91;border:3px solid;background-color:transparent}.elementor-widget-text-editor:not(.elementor-drop-cap-view-default) .elementor-drop-cap{margin-top:8px}.elementor-widget-text-editor:not(.elementor-drop-cap-view-default) .elementor-drop-cap-letter{width:1em;height:1em}.elementor-widget-text-editor .elementor-drop-cap{float:left;text-align:center;line-height:1;font-size:50px}.elementor-widget-text-editor .elementor-drop-cap-letter{display:inline-block}<\/style>\t\t\t\t\t\t\t\t\t\t<\/div>\n\t\t\t\t<\/div>\n\t\t\t\t\t<\/div>\n\t\t<\/div>\n\t\t\t\t<div class=\"elementor-column elementor-col-50 elementor-inner-column elementor-element elementor-element-e4e3fbb\" data-id=\"e4e3fbb\" data-element_type=\"column\">\n\t\t\t<div class=\"elementor-widget-wrap elementor-element-populated\">\n\t\t\t\t\t\t\t\t<div class=\"elementor-element elementor-element-b277295 elementor-widget elementor-widget-text-editor\" data-id=\"b277295\" data-element_type=\"widget\" data-widget_type=\"text-editor.default\">\n\t\t\t\t<div class=\"elementor-widget-container\">\n\t\t\t\t\t\t\t<p><strong>dire\u00e7\u00e3o<\/strong><\/p><p>Edvaldo Santos<\/p><p>\u00a0<\/p><p><strong>produ\u00e7\u00e3o<\/strong><\/p><p>Jucineide Santos<\/p><p>\u00a0<\/p><p><strong>curadoria<\/strong><\/p><p>Priscila Urpia<\/p><p>Luciano Torres<\/p><p>Stephanie S\u00e1<\/p><p>Edvaldo Santos<\/p><p>\u00a0<\/p><p><strong>coordena\u00e7\u00e3o pedag\u00f3gica<\/strong><\/p><p>Renata Fabr\u00edcia<\/p><p>\u00a0<\/p><p><strong>assist\u00eancia de produ\u00e7\u00e3o<\/strong><\/p><p>Maria Cec\u00edlia Leal<\/p><p>Vict\u00f3ria M\u00e9lo<\/p><p>Dayane Jeniffer<\/p><p>\u00a0<\/p><p><strong>assessoria de imprensa<\/strong><\/p><p>Stephanie S\u00e1<\/p><p>\u00a0<\/p><p><strong>social media<\/strong><\/p><p>Matheus Moyses<\/p><p>\u00a0<\/p><p><strong>edi\u00e7\u00e3o Gr\u00e1fica<\/strong><\/p><p>Chen Wei Peng<\/p><p>\u00a0<\/p><p><strong>web designer<\/strong><\/p><p>Edvaldo Santos<\/p><p>\u00a0<\/p><p><strong>identidade visual<\/strong><\/p><p>J\u00e9ssika Kamila<\/p><p>\u00a0<\/p><p><strong>apresenta\u00e7\u00e3o<\/strong><\/p><p>Stephanie S\u00e1<\/p><p>Edson Santos<\/p><p>\u00a0<\/p><p><strong>acessibilidade<\/strong><\/p><p>Deise Souza<\/p><p>\u00a0<\/p><p><strong>interpreta\u00e7\u00e3o LIBRAS<\/strong><\/p><p>Rute Ferreira<\/p><p>Cleyton Bueno<\/p><p>Millene Barros<\/p><p>\u00a0<\/p><p><strong>Elabora\u00e7\u00e3o do trof\u00e9u<\/strong><\/p><p>Hor\u00e1cio Rodrigues<\/p><p>\u00a0<\/p><p><strong>proje\u00e7\u00e3o<\/strong><\/p><p>Paulo Concei\u00e7\u00e3o<\/p><p>\u00a0<\/p><p><strong>sonoriza\u00e7\u00e3o<\/strong><\/p><p>Manuel Junior<\/p><p>\u00a0<\/p><p><strong>registro f\u00edlmico<\/strong><\/p><p>Alison Santos (DEC Comunica\u00e7\u00e3o)<\/p><p>\u00a0<\/p><p><strong>Registro fotogr\u00e1fico<\/strong><\/p><p>Chen Wei Peng<\/p><p>\u00a0<\/p><p>\u00a0<\/p>\t\t\t\t\t\t<\/div>\n\t\t\t\t<\/div>\n\t\t\t\t\t<\/div>\n\t\t<\/div>\n\t\t\t\t\t\t\t<\/div>\n\t\t<\/section>\n\t\t\t\t\t<\/div>\n\t\t<\/div>\n\t\t\t\t\t\t\t<\/div>\n\t\t<\/section>\n\t\t\t\t<section class=\"elementor-section elementor-top-section elementor-element elementor-element-71fdc67 elementor-section-boxed elementor-section-height-default elementor-section-height-default\" data-id=\"71fdc67\" data-element_type=\"section\">\n\t\t\t\t\t\t<div class=\"elementor-container elementor-column-gap-default\">\n\t\t\t\t\t<div class=\"elementor-column elementor-col-100 elementor-top-column elementor-element elementor-element-9e24e5b\" data-id=\"9e24e5b\" data-element_type=\"column\">\n\t\t\t<div class=\"elementor-widget-wrap elementor-element-populated\">\n\t\t\t\t\t\t\t\t<div class=\"elementor-element elementor-element-c098441 elementor-widget elementor-widget-image\" data-id=\"c098441\" data-element_type=\"widget\" data-widget_type=\"image.default\">\n\t\t\t\t<div class=\"elementor-widget-container\">\n\t\t\t\t\t\t\t\t\t\t\t\t\t\t\t<img decoding=\"async\" width=\"1024\" height=\"85\" src=\"https:\/\/festivaldecaruaru.com.br\/2022\/wp-content\/uploads\/2022\/07\/100x1200-patrocinio_--1024x85.png\" class=\"attachment-large size-large\" alt=\"\" loading=\"lazy\" srcset=\"https:\/\/festivaldecaruaru.com.br\/2022\/wp-content\/uploads\/2022\/07\/100x1200-patrocinio_--1024x85.png 1024w, https:\/\/festivaldecaruaru.com.br\/2022\/wp-content\/uploads\/2022\/07\/100x1200-patrocinio_--300x25.png 300w, https:\/\/festivaldecaruaru.com.br\/2022\/wp-content\/uploads\/2022\/07\/100x1200-patrocinio_--768x64.png 768w, https:\/\/festivaldecaruaru.com.br\/2022\/wp-content\/uploads\/2022\/07\/100x1200-patrocinio_-.png 1200w\" sizes=\"(max-width: 1024px) 100vw, 1024px\" \/>\t\t\t\t\t\t\t\t\t\t\t\t\t\t\t<\/div>\n\t\t\t\t<\/div>\n\t\t\t\t\t<\/div>\n\t\t<\/div>\n\t\t\t\t\t\t\t<\/div>\n\t\t<\/section>\n\t\t\t\t<section class=\"elementor-section elementor-top-section elementor-element elementor-element-38f6a12f elementor-section-content-middle elementor-section-boxed elementor-section-height-default elementor-section-height-default\" data-id=\"38f6a12f\" data-element_type=\"section\" data-settings=\"{&quot;background_background&quot;:&quot;classic&quot;}\">\n\t\t\t\t\t\t<div class=\"elementor-container elementor-column-gap-no\">\n\t\t\t\t\t<div class=\"elementor-column elementor-col-100 elementor-top-column elementor-element elementor-element-4a9c213f\" data-id=\"4a9c213f\" data-element_type=\"column\">\n\t\t\t<div class=\"elementor-widget-wrap elementor-element-populated\">\n\t\t\t\t\t\t\t\t<div class=\"elementor-element elementor-element-24dfd63b elementor-widget elementor-widget-heading\" data-id=\"24dfd63b\" data-element_type=\"widget\" data-widget_type=\"heading.default\">\n\t\t\t\t<div class=\"elementor-widget-container\">\n\t\t\t<h5 class=\"elementor-heading-title elementor-size-default\">canais<\/h5>\t\t<\/div>\n\t\t\t\t<\/div>\n\t\t\t\t<div class=\"elementor-element elementor-element-1beafddf elementor-shape-circle elementor-grid-0 e-grid-align-center elementor-widget elementor-widget-social-icons\" data-id=\"1beafddf\" data-element_type=\"widget\" data-widget_type=\"social-icons.default\">\n\t\t\t\t<div class=\"elementor-widget-container\">\n\t\t\t<style>\/*! elementor - v3.7.3 - 29-08-2022 *\/\n.elementor-widget-social-icons.elementor-grid-0 .elementor-widget-container,.elementor-widget-social-icons.elementor-grid-mobile-0 .elementor-widget-container,.elementor-widget-social-icons.elementor-grid-tablet-0 .elementor-widget-container{line-height:1;font-size:0}.elementor-widget-social-icons:not(.elementor-grid-0):not(.elementor-grid-tablet-0):not(.elementor-grid-mobile-0) .elementor-grid{display:inline-grid}.elementor-widget-social-icons .elementor-grid{grid-column-gap:var(--grid-column-gap,5px);grid-row-gap:var(--grid-row-gap,5px);grid-template-columns:var(--grid-template-columns);-webkit-box-pack:var(--justify-content,center);-ms-flex-pack:var(--justify-content,center);justify-content:var(--justify-content,center);justify-items:var(--justify-content,center)}.elementor-icon.elementor-social-icon{font-size:var(--icon-size,25px);line-height:var(--icon-size,25px);width:calc(var(--icon-size, 25px) + (2 * var(--icon-padding, .5em)));height:calc(var(--icon-size, 25px) + (2 * var(--icon-padding, .5em)))}.elementor-social-icon{--e-social-icon-icon-color:#fff;display:-webkit-inline-box;display:-ms-inline-flexbox;display:inline-flex;background-color:#818a91;-webkit-box-align:center;-ms-flex-align:center;align-items:center;-webkit-box-pack:center;-ms-flex-pack:center;justify-content:center;text-align:center;cursor:pointer}.elementor-social-icon i{color:var(--e-social-icon-icon-color)}.elementor-social-icon svg{fill:var(--e-social-icon-icon-color)}.elementor-social-icon:last-child{margin:0}.elementor-social-icon:hover{opacity:.9;color:#fff}.elementor-social-icon-android{background-color:#a4c639}.elementor-social-icon-apple{background-color:#999}.elementor-social-icon-behance{background-color:#1769ff}.elementor-social-icon-bitbucket{background-color:#205081}.elementor-social-icon-codepen{background-color:#000}.elementor-social-icon-delicious{background-color:#39f}.elementor-social-icon-deviantart{background-color:#05cc47}.elementor-social-icon-digg{background-color:#005be2}.elementor-social-icon-dribbble{background-color:#ea4c89}.elementor-social-icon-elementor{background-color:#d30c5c}.elementor-social-icon-envelope{background-color:#ea4335}.elementor-social-icon-facebook,.elementor-social-icon-facebook-f{background-color:#3b5998}.elementor-social-icon-flickr{background-color:#0063dc}.elementor-social-icon-foursquare{background-color:#2d5be3}.elementor-social-icon-free-code-camp,.elementor-social-icon-freecodecamp{background-color:#006400}.elementor-social-icon-github{background-color:#333}.elementor-social-icon-gitlab{background-color:#e24329}.elementor-social-icon-globe{background-color:#818a91}.elementor-social-icon-google-plus,.elementor-social-icon-google-plus-g{background-color:#dd4b39}.elementor-social-icon-houzz{background-color:#7ac142}.elementor-social-icon-instagram{background-color:#262626}.elementor-social-icon-jsfiddle{background-color:#487aa2}.elementor-social-icon-link{background-color:#818a91}.elementor-social-icon-linkedin,.elementor-social-icon-linkedin-in{background-color:#0077b5}.elementor-social-icon-medium{background-color:#00ab6b}.elementor-social-icon-meetup{background-color:#ec1c40}.elementor-social-icon-mixcloud{background-color:#273a4b}.elementor-social-icon-odnoklassniki{background-color:#f4731c}.elementor-social-icon-pinterest{background-color:#bd081c}.elementor-social-icon-product-hunt{background-color:#da552f}.elementor-social-icon-reddit{background-color:#ff4500}.elementor-social-icon-rss{background-color:#f26522}.elementor-social-icon-shopping-cart{background-color:#4caf50}.elementor-social-icon-skype{background-color:#00aff0}.elementor-social-icon-slideshare{background-color:#0077b5}.elementor-social-icon-snapchat{background-color:#fffc00}.elementor-social-icon-soundcloud{background-color:#f80}.elementor-social-icon-spotify{background-color:#2ebd59}.elementor-social-icon-stack-overflow{background-color:#fe7a15}.elementor-social-icon-steam{background-color:#00adee}.elementor-social-icon-stumbleupon{background-color:#eb4924}.elementor-social-icon-telegram{background-color:#2ca5e0}.elementor-social-icon-thumb-tack{background-color:#1aa1d8}.elementor-social-icon-tripadvisor{background-color:#589442}.elementor-social-icon-tumblr{background-color:#35465c}.elementor-social-icon-twitch{background-color:#6441a5}.elementor-social-icon-twitter{background-color:#1da1f2}.elementor-social-icon-viber{background-color:#665cac}.elementor-social-icon-vimeo{background-color:#1ab7ea}.elementor-social-icon-vk{background-color:#45668e}.elementor-social-icon-weibo{background-color:#dd2430}.elementor-social-icon-weixin{background-color:#31a918}.elementor-social-icon-whatsapp{background-color:#25d366}.elementor-social-icon-wordpress{background-color:#21759b}.elementor-social-icon-xing{background-color:#026466}.elementor-social-icon-yelp{background-color:#af0606}.elementor-social-icon-youtube{background-color:#cd201f}.elementor-social-icon-500px{background-color:#0099e5}.elementor-shape-rounded .elementor-icon.elementor-social-icon{border-radius:10%}.elementor-shape-circle .elementor-icon.elementor-social-icon{border-radius:50%}<\/style>\t\t<div class=\"elementor-social-icons-wrapper elementor-grid\">\n\t\t\t\t\t\t\t<span class=\"elementor-grid-item\">\n\t\t\t\t\t<a class=\"elementor-icon elementor-social-icon elementor-social-icon-facebook-f elementor-animation-grow elementor-repeater-item-9c86cde\" href=\"https:\/\/www.facebook.com\/festivaldecinemadecaruaru\" target=\"_blank\">\n\t\t\t\t\t\t<span class=\"elementor-screen-only\">Facebook-f<\/span>\n\t\t\t\t\t\t<i class=\"fab fa-facebook-f\"><\/i>\t\t\t\t\t<\/a>\n\t\t\t\t<\/span>\n\t\t\t\t\t\t\t<span class=\"elementor-grid-item\">\n\t\t\t\t\t<a class=\"elementor-icon elementor-social-icon elementor-social-icon-instagram elementor-animation-grow elementor-repeater-item-7bcbd9e\" href=\"https:\/\/www.instagram.com\/festcinecru\/\" target=\"_blank\">\n\t\t\t\t\t\t<span class=\"elementor-screen-only\">Instagram<\/span>\n\t\t\t\t\t\t<i class=\"fab fa-instagram\"><\/i>\t\t\t\t\t<\/a>\n\t\t\t\t<\/span>\n\t\t\t\t\t\t\t<span class=\"elementor-grid-item\">\n\t\t\t\t\t<a class=\"elementor-icon elementor-social-icon elementor-social-icon-youtube elementor-animation-grow elementor-repeater-item-31673c9\" href=\"https:\/\/www.youtube.com\/channel\/UCvFGLGcttcB-22ZO5RuI_6g\" target=\"_blank\">\n\t\t\t\t\t\t<span class=\"elementor-screen-only\">Youtube<\/span>\n\t\t\t\t\t\t<i class=\"fab fa-youtube\"><\/i>\t\t\t\t\t<\/a>\n\t\t\t\t<\/span>\n\t\t\t\t\t<\/div>\n\t\t\t\t<\/div>\n\t\t\t\t<\/div>\n\t\t\t\t\t<\/div>\n\t\t<\/div>\n\t\t\t\t\t\t\t<\/div>\n\t\t<\/section>\n\t\t\t\t\t\t\t<\/div>\n\t\t","protected":false},"excerpt":{"rendered":"<p>O Festival Curadoria Essa equipe apreciou 745 filmes inscritos. Foram montadas nove mostras, sendo oito competitivas. Conseguimos abranger uma grande diversidade de olhares e est\u00e9ticas. Superando estes tempos tenebrosos para a produ\u00e7\u00e3o audiovisual percebemos uma manuten\u00e7\u00e3o da qualidade das produ\u00e7\u00f5es, principalmente de curta-metragem. Observamos que a Lei Aldir Blanc foi muito \u00fatil para essa produ\u00e7\u00e3o [&hellip;]<\/p>\n","protected":false},"author":1,"featured_media":0,"parent":0,"menu_order":0,"comment_status":"closed","ping_status":"closed","template":"elementor_canvas","meta":[],"_links":{"self":[{"href":"https:\/\/festivaldecaruaru.com.br\/2022\/wp-json\/wp\/v2\/pages\/137"}],"collection":[{"href":"https:\/\/festivaldecaruaru.com.br\/2022\/wp-json\/wp\/v2\/pages"}],"about":[{"href":"https:\/\/festivaldecaruaru.com.br\/2022\/wp-json\/wp\/v2\/types\/page"}],"author":[{"embeddable":true,"href":"https:\/\/festivaldecaruaru.com.br\/2022\/wp-json\/wp\/v2\/users\/1"}],"replies":[{"embeddable":true,"href":"https:\/\/festivaldecaruaru.com.br\/2022\/wp-json\/wp\/v2\/comments?post=137"}],"version-history":[{"count":52,"href":"https:\/\/festivaldecaruaru.com.br\/2022\/wp-json\/wp\/v2\/pages\/137\/revisions"}],"predecessor-version":[{"id":703,"href":"https:\/\/festivaldecaruaru.com.br\/2022\/wp-json\/wp\/v2\/pages\/137\/revisions\/703"}],"wp:attachment":[{"href":"https:\/\/festivaldecaruaru.com.br\/2022\/wp-json\/wp\/v2\/media?parent=137"}],"curies":[{"name":"wp","href":"https:\/\/api.w.org\/{rel}","templated":true}]}}