{"id":4212,"date":"2023-07-27T22:16:20","date_gmt":"2023-07-27T22:16:20","guid":{"rendered":"https:\/\/festivaldecaruaru.com.br\/2023\/?page_id=4212"},"modified":"2023-07-27T22:36:15","modified_gmt":"2023-07-27T22:36:15","slug":"programacao","status":"publish","type":"page","link":"https:\/\/festivaldecaruaru.com.br\/2023\/?page_id=4212","title":{"rendered":"Programa\u00e7\u00e3o"},"content":{"rendered":"\t\t<div data-elementor-type=\"wp-page\" data-elementor-id=\"4212\" class=\"elementor elementor-4212\">\n\t\t\t\t\t\t\t\t\t<section class=\"elementor-section elementor-top-section elementor-element elementor-element-060c836 elementor-section-boxed elementor-section-height-default elementor-section-height-default\" data-id=\"060c836\" data-element_type=\"section\">\n\t\t\t\t\t\t<div class=\"elementor-container elementor-column-gap-default\">\n\t\t\t\t\t<div class=\"elementor-column elementor-col-33 elementor-top-column elementor-element elementor-element-2af1c31\" data-id=\"2af1c31\" data-element_type=\"column\">\n\t\t\t<div class=\"elementor-widget-wrap\">\n\t\t\t\t\t\t\t\t\t<\/div>\n\t\t<\/div>\n\t\t\t\t<div class=\"elementor-column elementor-col-33 elementor-top-column elementor-element elementor-element-7e48c63\" data-id=\"7e48c63\" data-element_type=\"column\">\n\t\t\t<div class=\"elementor-widget-wrap elementor-element-populated\">\n\t\t\t\t\t\t\t\t<div class=\"elementor-element elementor-element-cf6f1f8 elementor-widget__width-initial elementor-widget elementor-widget-text-editor\" data-id=\"cf6f1f8\" data-element_type=\"widget\" data-widget_type=\"text-editor.default\">\n\t\t\t\t<div class=\"elementor-widget-container\">\n\t\t\t<style>\/*! elementor - v3.12.1 - 02-04-2023 *\/\n.elementor-widget-text-editor.elementor-drop-cap-view-stacked .elementor-drop-cap{background-color:#69727d;color:#fff}.elementor-widget-text-editor.elementor-drop-cap-view-framed .elementor-drop-cap{color:#69727d;border:3px solid;background-color:transparent}.elementor-widget-text-editor:not(.elementor-drop-cap-view-default) .elementor-drop-cap{margin-top:8px}.elementor-widget-text-editor:not(.elementor-drop-cap-view-default) .elementor-drop-cap-letter{width:1em;height:1em}.elementor-widget-text-editor .elementor-drop-cap{float:left;text-align:center;line-height:1;font-size:50px}.elementor-widget-text-editor .elementor-drop-cap-letter{display:inline-block}<\/style>\t\t\t\t<h1><strong>De 14 \u00e0 18 de agosto de 2023<\/strong><\/h1><p><strong>Locais: Escolas p\u00fablicas de Caruaru e regi\u00e3o Agreste<\/strong><\/p><p><strong>MOSTRA INFANTIL<\/strong><\/p><p>Aninha em: A Magia do Sonho, dir. Maria Luciana Rodrigues, Granito &#8211; PE, 7 min., L<\/p><p>Amei te Ver, dir. Ricardo Garcia, Atibaia &#8211; SP, 15 min., L<\/p><p>Quintal, dir. Mariana Netto, Salvador &#8211; BA, 15 min., L<\/p><p>Coelhos e Gamb\u00e1s, dir. Thomas Larson, S\u00e3o Paulo &#8211; SP, 10 min., L<\/p><p>Apolo, dir. Camila Alexandroni e Lincoln Marterson, S\u00e3o Paulo &#8211; SP, 4 min., L<\/p><p><strong>\u00a0<\/strong><strong style=\"font-style: inherit;\">MOSTRA ADOLESCENTE<\/strong><\/p><p><strong>\u00a0<\/strong><span style=\"font-style: inherit; font-weight: inherit;\">Eu Youtuber, dir. Rodrigo Sena, Natal &#8211; RN, 19 min., 10<\/span><\/p><p>Palavras M\u00e1gicas, dir. Carlon Hardt, Curitiba &#8211; PR, 2 min., L<\/p><p>O Discurso de Txai Suru\u00ed, dir. Alunos do Projeto Multim\u00eddia da Escola Parque, Rio de Janeiro &#8211; RJ, 4 min., 10<\/p><p>Valentina Versus, dir. E.M.Z. Camargo e Anne Lise Ale, Curitiba &#8211; PR, 14 min., 12<\/p><p>Trancinhas, dir. Mariana Stolf Friggi, Juiz de Fora &#8211; MG, 9 min., L<\/p><p>\u00a0<\/p><h1><strong>Dia 21 de agosto de 2023<\/strong><\/h1><p><strong>Hor\u00e1rio: 19 horas<\/strong><\/p><p><strong>Local: Teatro Jo\u00e3o Lyra Filho<\/strong><\/p><p><strong>Mostra Especial<\/strong><\/p><p>N\u00e3o \u00e9 um Jogo, dir. Conde Celeste, Argentina, 7 min, L<\/p><p><strong style=\"font-style: inherit;\">MOSTRA LATINO-AMERICANA<\/strong><\/p><p><span style=\"font-style: inherit; font-weight: inherit;\">Ascendente, dir. Valentina Paz Camus, Argentina, 5 min., L<\/span><\/p><p>Casa Assombrada, dir. Pablo Guti\u00e9rrez, Col\u00f4mbia, 11 min., 12<\/p><p>O que Deixamos no Caminho, dir. Branco Fern\u00e1ndez Sciafa e Josefina Hidalgo, Argentina, 20 min., L<\/p><p>Tr\u00eas \u00e9 uma Multid\u00e3o, dir. Juan Ign\u00e1cio Villano, Argentina, 7 min., 10<\/p><p>Fot\u00f3grafo de Rua, dir. Zoum Dom\u00ednguez, Venezuela, 19 min., 10<\/p><p>Atraso &#8211; Tempo e V\u00ednculo, dir. Gast\u00f3n Bejas, Argentina, 8 min., 10<\/p><p><strong style=\"font-style: inherit;\">MOSTRA FANT\u00c1STICOS<\/strong><\/p><p><span style=\"font-style: inherit; font-weight: inherit;\">Surpresa! dir. Jorge Filho, Recife &#8211; PE, 13 min., 10<\/span><\/p><p>Beto, dir. Thiago Morais, Manaus &#8211; AM, 11 min., L<\/p><p>Aurora, 2068, dir. Gustavo S. D. Brand\u00e3o, S\u00e3o Paulo &#8211; SP, 13 min., L<\/p><p>Cadente, dir. Antonio Vasconcelos, Caruaru &#8211; PE, 5 min., 12<\/p><p>O Fim da Imagem, dir. Gil Baroni, Curitiba &#8211; PR, 14 min., 14<\/p><p>O Processo, dir. Eduardo Aliberti, S\u00e3o Paulo &#8211; SP, 7 min., 12<\/p><p>\u00a0<\/p><h1><strong>Dia 22 de agosto de 2023<\/strong><\/h1><p><strong>Hor\u00e1rio:\u00a0<\/strong><strong>19 horas<\/strong><\/p><p><strong>Local: Teatro Jo\u00e3o Lyra Filho<\/strong><\/p><p><strong>Mostra Especial<\/strong><\/p><p>Infantaria, dir. La\u00eds Santos, Macei\u00f3 &#8211; AL, 24 min., 12<\/p><p><strong>MOSTRA LATINO-AMERICANA<\/strong><\/p><p>Sem Pele, dir. Diego Pezo Paz, Chile, 5 min., 18<\/p><p>Empate Eterno, dir. Nicol\u00e1s Franco Cefarelli, Argentina, 18 min., 18<\/p><p>Elena, dir. Diana Mu\u00f1oz, M\u00e9xico, 9 min., 14<\/p><p>Promessa, dir. Santiago Castelo, Argentina, 16 min., 18<\/p><p>Carga Animal, dir. Iv\u00e1n Bustinduy, Argentina, 18 min., 14<\/p><p><strong>MOSTRA FANT\u00c1STICOS<\/strong><\/p><p>Cabiluda, dir. Arthur Colleto e Dera Santos, Recife &#8211; PE, 20 min., 16<\/p><p>Reporte Aqui, dir. Amanda Signorelli, Rio de Janeiro &#8211; RJ, 13 min., 18<\/p><p>Empatia, dir. Marcos Aur\u00e9lio Rangel, Paraibuna &#8211; SP, 11 min., 16<\/p><p>Apneia, dir. Nathan Cirino e Carol Torquato, Campina Grande &#8211; PB, 14 min., 12<\/p><p>Amor Irreal, dir. Lucas Reis, Porto Alegre &#8211; RS, 6 min., 14<\/p><p>\u00a0<\/p><h1><strong>Dia 23 de agosto de 2023<\/strong><\/h1><p><strong>Hor\u00e1rio:\u00a0<\/strong><strong>19 horas<\/strong><\/p><p><strong>Local: Teatro Jo\u00e3o Lyra Filho<\/strong><\/p><p><strong>Mostra Especial<\/strong><\/p><p>Bateman, O Her\u00f3i Que Bate, dir. Ivan Cordeiro, Cabedelo &#8211; PB, 31 min., L<\/p><p><strong>MOSTRA AGRESTE<\/strong><\/p><p>Arte e P\u00f3lvora, dir. Emilly Eduarda Marques, Caruaru &#8211; PE, 15 min., L<\/p><p>Fazendeiras do Barro \u2013 Uma Hist\u00f3ria Emergente no Alto do Moura, dir. S\u00f4nia Regina Fortes e Daniel Victor, Caruaru &#8211; PE, 16 min., L<\/p><p>Todo \u00cdndio Tem Ci\u00eancia, dir. Celso Brand\u00e3o e Aldemir Barros, Palmeira dos \u00cdndios &#8211; AL, 17 min., L<\/p><p><strong>\u00a0<\/strong><strong style=\"font-style: inherit;\">MOSTRA BRASIL<\/strong><\/p><p>Nada se Perde, dir. Renan Montenegro, Bras\u00edlia &#8211; DF, 12 min., 10<\/p><p>Bauxita, dir. Thamara Pereira, Muria\u00e9 &#8211; MG, 15 min., L<\/p><p>Uiev\u00f4 Opar\u00e1, dir. Albert Ferreira e Fernando Brand\u00e3o, Penedo &#8211; AL, 7 min., L<\/p><p>N\u00e3o Somos Apenas Sombras, dir. Dino Menezes, Santos &#8211; SP, 12 min., L<\/p><p>Pescadoras em Rede: As Mulheres da Gamboa de Baixo, dir. Lucas Ribeiro Sousa e Lu\u00edsa Caria, Salvador &#8211; BA, 14 min., L<\/p><p>Mem\u00f3rias do Fogo, dir. Rita de C\u00e1ssia Melo, Leandro Ol\u00edmpio e Irineu Cruzeiro Neto, Jo\u00e3o Pessoa &#8211; PB, 8 min., L<\/p><p>Sobre Elas, dir. Bruna Arcangelo, S\u00e3o Paulo &#8211; SP, 14 min., L<\/p><p>Paulo Galo: Mil Faces de Um Homem Leal, dir. Iuri Salles e Felipe Larozza, S\u00e3o Paulo &#8211; SP, 19 min., L<\/p><p>\u00a0<\/p><h1><strong>Dia 24 de agosto de 2023<\/strong><\/h1><p><strong>Hor\u00e1rio:\u00a0<\/strong><strong>19 horas<\/strong><\/p><p><strong>Local: Teatro Jo\u00e3o Lyra Filho<\/strong><\/p><p><strong>MOSTRA AGRESTE<\/strong><\/p><p>Tudo O Que Restou, dir. Bono Siqueira, Caruaru &#8211; PE, 7 min., L<\/p><p>Filhos Ausentes, dir. Jansen Barros e Virg\u00ednia Guimar\u00e3es, Santa Cruz do Capibaribe &#8211; PE, 7 min., L<\/p><p>Confins, dir. Carlos Mosca, Lagoa Seca &#8211; PB, 14 min., 12<\/p><p>Em Algum Lugar do Tempo, dir. Erick Marinho, Pesqueira &#8211; PE, 12 min., 10<\/p><p>Tesouro em Carros de Barro, dir. Vin\u00edcius Rios, Feira de Santana &#8211; BA, 11 min., L<\/p><p><strong>\u00a0<\/strong><strong style=\"font-style: inherit;\">MOSTRA BRASIL<\/strong><\/p><p>Emerenciana, dir. Larissa Nepomuceno, Curitiba &#8211; PR, 11 min., L<\/p><p>Ser\u00e1 que as Casas Tamb\u00e9m Sentem Saudade? dir. Leandro Machado da Silva, Caruaru &#8211; PE, 5 min., L<\/p><p>Cercas, dir. Ismael Moura, Cuit\u00e9 &#8211; PB, 19 min., 10<\/p><p>Eu Nunca Contei a Ningu\u00e9m, dir. Douglas Duan Alves de Albuquerque, Olinda &#8211; PE, 10 min., L<\/p><p>Estela A Menina Maragu\u00e1, dir. Sofia Mazaro Espinoza, Campinas &#8211; SP, 4 min., L<\/p><p>A Espera, dir. Ana C\u00e9lia Gomes, Sum\u00e9 &#8211; PB, 12 min., L<\/p><p>Lilith, dir. Nayane Nayse, Afogados da Ingazeira &#8211; PE, 15 min., 12<\/p><p>Ela Mora Logo Ali, dir. Rafael Rogante e Fabiano Barros, Porto Velho &#8211; RO, 16 min., L<\/p><p>\u00a0<\/p><h1><strong>Dia 25 de agosto de 2023<\/strong><\/h1><p><strong>Hor\u00e1rio: 19 horas<\/strong><\/p><p><strong>Local: Teatro Jo\u00e3o Lyra Filho<\/strong><\/p><p><strong>MOSTRA AGRESTE<\/strong><\/p><p>Anarri\u00ea, dir. Neto Ast\u00e9rio, S\u00e3o Crist\u00f3v\u00e3o &#8211; SE, 14 min., L<\/p><p>Abri\u00e7\u00e3o de Portas, dir. Jaime Guimar\u00e3es, Campina Grande &#8211; PB, 19 min., L<\/p><p>&#8230;E o Vento do Norte, dir. Antonio Fargoni, Taquaritinga do Norte &#8211; PE, 15 min., L<\/p><p><strong>\u00a0<\/strong><strong style=\"font-style: inherit;\">MOSTRA BRASIL<\/strong><\/p><p>Estampido, dir. Djaelton Quirino dos Santos, Arcoverde &#8211; PE, 13 min., 12<\/p><p>Big Bang, dir. Carlos Segundo, Uberl\u00e2ndia &#8211; MG, 13 min., 10<\/p><p>Fora do Dom\u00ednio, dir. Giulia Valente, S\u00e3o Paulo &#8211; SP, 18 min., 14<\/p><p>Os Finais de Domingos, dir. Olavo J\u00fanior, Fortaleza &#8211; CE, 8 min., L<\/p><p>Cine Porn\u00f4: Fragmentos de Desejo e Medo, dir. Lu\u00eds Teixeira Mendes, Rio de Janeiro &#8211; RJ, 5 min., 18<\/p><p>\u00daltimo Domingo, dir. Joana Claude e Renan Barbosa Brand\u00e3o, Rio de Janeiro &#8211; RJ, 17 min., L<\/p><p>Quebra Panela, dir. Rafael Anaroli, Condado &#8211; PE, 17 min., L<\/p><p>\u00a0<\/p><h1><strong>Dia 26 de agosto de 2023<\/strong><\/h1><p><strong>Hor\u00e1rio: 19 horas<\/strong><\/p><p><strong>Local: Teatro Jo\u00e3o Lyra Filho<\/strong><\/p><p><strong>Mostra Especial Caruaru<\/strong><\/p><p>Na Minha Volta S\u00f3 Escapa Quem Avoa Pelo Ar, dir. Osman Assis, Caruaru &#8211; PE, 18 min., L<\/p><p>Resist\u00eancia Ind\u00edgena na Universidade, dir. Ingrid Gon\u00e7alves, Caruaru &#8211; PE, 8 min., L<\/p><p>Flor do Barro, dir. Carlos Fran\u00e7a e Rosangela Ara\u00fajo, Caruaru &#8211; PE, 19 min., L<\/p><p>Seu Adauto, dir. Edvaldo Santos, 12 min., Caruaru &#8211; PE, L<\/p><p>Homenagens<\/p><p>Premia\u00e7\u00e3o<\/p>\t\t\t\t\t\t<\/div>\n\t\t\t\t<\/div>\n\t\t\t\t\t<\/div>\n\t\t<\/div>\n\t\t\t\t<div class=\"elementor-column elementor-col-33 elementor-top-column elementor-element elementor-element-117c491\" data-id=\"117c491\" data-element_type=\"column\">\n\t\t\t<div class=\"elementor-widget-wrap\">\n\t\t\t\t\t\t\t\t\t<\/div>\n\t\t<\/div>\n\t\t\t\t\t\t\t<\/div>\n\t\t<\/section>\n\t\t\t\t\t\t\t<\/div>\n\t\t","protected":false},"excerpt":{"rendered":"<p>De 14 \u00e0 18 de agosto de 2023 Locais: Escolas p\u00fablicas de Caruaru e regi\u00e3o Agreste MOSTRA INFANTIL Aninha em: A Magia do Sonho, dir. Maria Luciana Rodrigues, Granito &#8211; PE, 7 min., L Amei te Ver, dir. Ricardo Garcia, Atibaia &#8211; SP, 15 min., L Quintal, dir. Mariana Netto, Salvador &#8211; BA, 15 min., [&hellip;]<\/p>\n","protected":false},"author":1,"featured_media":0,"parent":0,"menu_order":0,"comment_status":"closed","ping_status":"closed","template":"","meta":[],"_links":{"self":[{"href":"https:\/\/festivaldecaruaru.com.br\/2023\/index.php?rest_route=\/wp\/v2\/pages\/4212"}],"collection":[{"href":"https:\/\/festivaldecaruaru.com.br\/2023\/index.php?rest_route=\/wp\/v2\/pages"}],"about":[{"href":"https:\/\/festivaldecaruaru.com.br\/2023\/index.php?rest_route=\/wp\/v2\/types\/page"}],"author":[{"embeddable":true,"href":"https:\/\/festivaldecaruaru.com.br\/2023\/index.php?rest_route=\/wp\/v2\/users\/1"}],"replies":[{"embeddable":true,"href":"https:\/\/festivaldecaruaru.com.br\/2023\/index.php?rest_route=%2Fwp%2Fv2%2Fcomments&post=4212"}],"version-history":[{"count":10,"href":"https:\/\/festivaldecaruaru.com.br\/2023\/index.php?rest_route=\/wp\/v2\/pages\/4212\/revisions"}],"predecessor-version":[{"id":4224,"href":"https:\/\/festivaldecaruaru.com.br\/2023\/index.php?rest_route=\/wp\/v2\/pages\/4212\/revisions\/4224"}],"wp:attachment":[{"href":"https:\/\/festivaldecaruaru.com.br\/2023\/index.php?rest_route=%2Fwp%2Fv2%2Fmedia&parent=4212"}],"curies":[{"name":"wp","href":"https:\/\/api.w.org\/{rel}","templated":true}]}}