{"id":4292,"date":"2023-08-06T16:10:00","date_gmt":"2023-08-06T16:10:00","guid":{"rendered":"https:\/\/festivaldecaruaru.com.br\/2023\/?page_id=4292"},"modified":"2023-10-20T22:05:50","modified_gmt":"2023-10-20T22:05:50","slug":"juri","status":"publish","type":"page","link":"https:\/\/festivaldecaruaru.com.br\/2023\/?page_id=4292","title":{"rendered":"J\u00fari"},"content":{"rendered":"\t\t<div data-elementor-type=\"wp-page\" data-elementor-id=\"4292\" class=\"elementor elementor-4292\">\n\t\t\t\t\t\t\t\t\t<section class=\"elementor-section elementor-top-section elementor-element elementor-element-b0f87c1 elementor-section-boxed elementor-section-height-default elementor-section-height-default\" data-id=\"b0f87c1\" data-element_type=\"section\">\n\t\t\t\t\t\t<div class=\"elementor-container elementor-column-gap-default\">\n\t\t\t\t\t<div class=\"elementor-column elementor-col-100 elementor-top-column elementor-element elementor-element-2c570e1\" data-id=\"2c570e1\" data-element_type=\"column\">\n\t\t\t<div class=\"elementor-widget-wrap elementor-element-populated\">\n\t\t\t\t\t\t\t\t<div class=\"elementor-element elementor-element-2517b1e elementor-widget elementor-widget-heading\" data-id=\"2517b1e\" data-element_type=\"widget\" data-widget_type=\"heading.default\">\n\t\t\t\t<div class=\"elementor-widget-container\">\n\t\t\t<style>\/*! elementor - v3.12.1 - 02-04-2023 *\/\n.elementor-heading-title{padding:0;margin:0;line-height:1}.elementor-widget-heading .elementor-heading-title[class*=elementor-size-]>a{color:inherit;font-size:inherit;line-height:inherit}.elementor-widget-heading .elementor-heading-title.elementor-size-small{font-size:15px}.elementor-widget-heading .elementor-heading-title.elementor-size-medium{font-size:19px}.elementor-widget-heading .elementor-heading-title.elementor-size-large{font-size:29px}.elementor-widget-heading .elementor-heading-title.elementor-size-xl{font-size:39px}.elementor-widget-heading .elementor-heading-title.elementor-size-xxl{font-size:59px}<\/style><h2 class=\"elementor-heading-title elementor-size-default\">Mostras Brasil e Agreste<\/h2>\t\t<\/div>\n\t\t\t\t<\/div>\n\t\t\t\t\t<\/div>\n\t\t<\/div>\n\t\t\t\t\t\t\t<\/div>\n\t\t<\/section>\n\t\t\t\t<section class=\"elementor-section elementor-top-section elementor-element elementor-element-11c7b843 elementor-section-boxed elementor-section-height-default elementor-section-height-default\" data-id=\"11c7b843\" data-element_type=\"section\">\n\t\t\t\t\t\t<div class=\"elementor-container elementor-column-gap-no\">\n\t\t\t\t\t<div class=\"elementor-column elementor-col-100 elementor-top-column elementor-element elementor-element-d7ef449\" data-id=\"d7ef449\" data-element_type=\"column\">\n\t\t\t<div class=\"elementor-widget-wrap elementor-element-populated\">\n\t\t\t\t\t\t\t\t<div class=\"elementor-element elementor-element-3291b83f elementor-testimonial--layout-image_stacked animated-slow elementor-testimonial--skin-default elementor-testimonial--align-center elementor-pagination-type-bullets elementor-widget elementor-widget-testimonial-carousel\" data-id=\"3291b83f\" data-element_type=\"widget\" data-settings=\"{&quot;space_between&quot;:{&quot;unit&quot;:&quot;px&quot;,&quot;size&quot;:23,&quot;sizes&quot;:[]},&quot;slides_per_view&quot;:&quot;3&quot;,&quot;slides_to_scroll&quot;:&quot;3&quot;,&quot;slides_to_scroll_mobile&quot;:&quot;3&quot;,&quot;_animation&quot;:&quot;none&quot;,&quot;pagination&quot;:&quot;bullets&quot;,&quot;speed&quot;:500,&quot;autoplay&quot;:&quot;yes&quot;,&quot;autoplay_speed&quot;:5000,&quot;pause_on_hover&quot;:&quot;yes&quot;,&quot;pause_on_interaction&quot;:&quot;yes&quot;,&quot;space_between_tablet&quot;:{&quot;unit&quot;:&quot;px&quot;,&quot;size&quot;:10,&quot;sizes&quot;:[]},&quot;space_between_mobile&quot;:{&quot;unit&quot;:&quot;px&quot;,&quot;size&quot;:10,&quot;sizes&quot;:[]}}\" data-widget_type=\"testimonial-carousel.default\">\n\t\t\t\t<div class=\"elementor-widget-container\">\n\t\t\t<link rel=\"stylesheet\" href=\"https:\/\/festivaldecaruaru.com.br\/2023\/wp-content\/plugins\/elementor-pro\/assets\/css\/widget-carousel.min.css\">\t\t<div class=\"elementor-swiper\">\n\t\t\t<div class=\"elementor-main-swiper swiper-container\">\n\t\t\t\t<div class=\"swiper-wrapper\">\n\t\t\t\t\t\t\t\t\t\t\t<div class=\"swiper-slide\">\n\t\t\t\t\t\t\t\t\t<div class=\"elementor-testimonial\">\n\t\t\t\t\t\t\t<div class=\"elementor-testimonial__content\">\n\t\t\t\t\t<div class=\"elementor-testimonial__text\">\n\t\t\t\t\t\tFot\u00f3grafa apaixonada por arte, busca sempre imprimir um olhar mais art\u00edstico e sens\u00edvel aos ensaios que produz. Com trabalhos realizados nas \u00e1reas de moda, eventos, shows, fotografia de produtos e ensaios art\u00edsticos, \u00e9 uma fot\u00f3grafa inquieta que explora a criatividade por diversos nichos. Estudou Publicidade e Propaganda e Artes Visuais, trabalhou como Produtora Cultural, teve sua primeira exposi\u00e7\u00e3o fotogr\u00e1fica em 2022 para o MMA - Moda, M\u00fasica e Arte do Armaz\u00e9m da Criatividade, onde permaneceu por um ano - entitulada de \"Jardins do P\u00f3lo\", uma s\u00e9rie de perspectivas de quatro estilistas pernambucanos que exploram a moda sustent\u00e1vel.\t\t\t\t\t<\/div>\n\t\t\t\t\t\t\t\t\t<\/div>\n\t\t\t\t\t\t<div class=\"elementor-testimonial__footer\">\n\t\t\t\t\t\t\t\t\t<div class=\"elementor-testimonial__image\">\n\t\t\t\t\t\t<img decoding=\"async\" src=\"https:\/\/festivaldecaruaru.com.br\/2023\/wp-content\/uploads\/2023\/08\/WhatsApp-Image-2023-07-26-at-07.24.43.jpeg\" alt=\"Mariana Granja\">\n\t\t\t\t\t<\/div>\n\t\t\t\t\t\t\t\t<cite class=\"elementor-testimonial__cite\"><span class=\"elementor-testimonial__name\">Mariana Granja<\/span><span class=\"elementor-testimonial__title\">fot\u00f3grafa<\/span><\/cite>\t\t\t<\/div>\n\t\t<\/div>\n\t\t\t\t\t\t\t\t<\/div>\n\t\t\t\t\t\t\t\t\t\t\t<div class=\"swiper-slide\">\n\t\t\t\t\t\t\t\t\t<div class=\"elementor-testimonial\">\n\t\t\t\t\t\t\t<div class=\"elementor-testimonial__content\">\n\t\t\t\t\t<div class=\"elementor-testimonial__text\">\n\t\t\t\t\t\tCome\u00e7ou no teatro em 1995. Dois anos ap\u00f3s participou de sua primeira oficina de atua\u00e7\u00e3o com Maria Alves. Foi dirigido por v\u00e1rios artistas como Giovani Gomes, Wagnner Sales, Mois\u00e9s Gon\u00e7alves e Gabriel S\u00e1. No cinema atuou em Jo\u00e3o Heleno dos Brito (Neco Tabosa, 2013), A Mulher e o Mandacaru (Rafael Coelho, 2013), Olhos de Bot\u00e3o (Marlom Meirelles, 2014), Repulsa (Eduardo Morot\u00f3, 2017), Foi no Carnaval que Passou (Leo Leite, 2018), Ponto (Edvaldo Santos e Luciano Torres, 2021). Gravou pra televis\u00e3o a s\u00e9rie Giga (Taciano Val\u00e9rio). Foi premiado no 2\u00b0 Festival de Cinema de Caruaru pela atua\u00e7\u00e3o em Olhos de Bot\u00e3o, contracenando com Zezita Matos.\t\t\t\t\t<\/div>\n\t\t\t\t\t\t\t\t\t<\/div>\n\t\t\t\t\t\t<div class=\"elementor-testimonial__footer\">\n\t\t\t\t\t\t\t\t\t<div class=\"elementor-testimonial__image\">\n\t\t\t\t\t\t<img decoding=\"async\" src=\"https:\/\/festivaldecaruaru.com.br\/2023\/wp-content\/uploads\/2023\/08\/WhatsApp-Image-2023-07-26-at-07.25.59.jpeg\" alt=\"Beto Arag\u00e3o\">\n\t\t\t\t\t<\/div>\n\t\t\t\t\t\t\t\t<cite class=\"elementor-testimonial__cite\"><span class=\"elementor-testimonial__name\">Beto Arag\u00e3o<\/span><span class=\"elementor-testimonial__title\">Ator<\/span><\/cite>\t\t\t<\/div>\n\t\t<\/div>\n\t\t\t\t\t\t\t\t<\/div>\n\t\t\t\t\t\t\t\t\t\t\t<div class=\"swiper-slide\">\n\t\t\t\t\t\t\t\t\t<div class=\"elementor-testimonial\">\n\t\t\t\t\t\t\t<div class=\"elementor-testimonial__content\">\n\t\t\t\t\t<div class=\"elementor-testimonial__text\">\n\t\t\t\t\t\tComunicador, pesquisador e professor. Formado em Letras (UNOPAR) e em Comunica\u00e7\u00e3o Social (UNIFAVIP\/Devry). Professor de Linguagem, Capta\u00e7\u00e3o e Novas Tecnologias do Audiovisual. Atualmente \u00e9 coordenador do curso de Produ\u00e7\u00e3o de \u00c1udio e V\u00eddeo da Escola T\u00e9cnica Estadual Nelson Barbalho. Desenvolve semestralmente projetos de v\u00eddeos document\u00e1rios em diversos formatos, modos de produ\u00e7\u00e3o e abordagens. J\u00e1 foi aprovado tr\u00eas vezes consecutivas pelo programa de extens\u00e3o da FACEPE, a fim de resolver problemas que atendam \u00e0s necessidades das empresas ou governo de forma inovadora e com o cunho audiovisual. \t\t\t\t\t<\/div>\n\t\t\t\t\t\t\t\t\t<\/div>\n\t\t\t\t\t\t<div class=\"elementor-testimonial__footer\">\n\t\t\t\t\t\t\t\t\t<div class=\"elementor-testimonial__image\">\n\t\t\t\t\t\t<img decoding=\"async\" src=\"https:\/\/festivaldecaruaru.com.br\/2023\/wp-content\/uploads\/2023\/08\/WhatsApp-Image-2023-07-26-at-07.27.08.jpeg\" alt=\"Carlos Antonio\">\n\t\t\t\t\t<\/div>\n\t\t\t\t\t\t\t\t<cite class=\"elementor-testimonial__cite\"><span class=\"elementor-testimonial__name\">Carlos Antonio<\/span><span class=\"elementor-testimonial__title\">Professor<\/span><\/cite>\t\t\t<\/div>\n\t\t<\/div>\n\t\t\t\t\t\t\t\t<\/div>\n\t\t\t\t\t\t\t\t\t<\/div>\n\t\t\t\t\t\t\t\t\t\t\t\t\t\t\t<div class=\"swiper-pagination\"><\/div>\n\t\t\t\t\t\t\t\t\t\t\t\t\t\t\t\t\t<\/div>\n\t\t<\/div>\n\t\t\t\t<\/div>\n\t\t\t\t<\/div>\n\t\t\t\t\t<\/div>\n\t\t<\/div>\n\t\t\t\t\t\t\t<\/div>\n\t\t<\/section>\n\t\t\t\t<section class=\"elementor-section elementor-top-section elementor-element elementor-element-1e7dfe0 elementor-section-boxed elementor-section-height-default elementor-section-height-default\" data-id=\"1e7dfe0\" data-element_type=\"section\">\n\t\t\t\t\t\t<div class=\"elementor-container elementor-column-gap-default\">\n\t\t\t\t\t<div class=\"elementor-column elementor-col-100 elementor-top-column elementor-element elementor-element-1ceab59\" data-id=\"1ceab59\" data-element_type=\"column\">\n\t\t\t<div class=\"elementor-widget-wrap elementor-element-populated\">\n\t\t\t\t\t\t\t\t<div class=\"elementor-element elementor-element-a719a76 elementor-widget elementor-widget-heading\" data-id=\"a719a76\" data-element_type=\"widget\" data-widget_type=\"heading.default\">\n\t\t\t\t<div class=\"elementor-widget-container\">\n\t\t\t<h2 class=\"elementor-heading-title elementor-size-default\">Mostras Latino-americana e Fant\u00e1sticos<\/h2>\t\t<\/div>\n\t\t\t\t<\/div>\n\t\t\t\t\t<\/div>\n\t\t<\/div>\n\t\t\t\t\t\t\t<\/div>\n\t\t<\/section>\n\t\t\t\t<section class=\"elementor-section elementor-top-section elementor-element elementor-element-99413cb elementor-section-boxed elementor-section-height-default elementor-section-height-default\" data-id=\"99413cb\" data-element_type=\"section\">\n\t\t\t\t\t\t<div class=\"elementor-container elementor-column-gap-no\">\n\t\t\t\t\t<div class=\"elementor-column elementor-col-100 elementor-top-column elementor-element elementor-element-d430e88\" data-id=\"d430e88\" data-element_type=\"column\">\n\t\t\t<div class=\"elementor-widget-wrap elementor-element-populated\">\n\t\t\t\t\t\t\t\t<div class=\"elementor-element elementor-element-cefde70 elementor-testimonial--layout-image_stacked elementor-testimonial--skin-default elementor-testimonial--align-center elementor-pagination-type-bullets elementor-widget elementor-widget-testimonial-carousel\" data-id=\"cefde70\" data-element_type=\"widget\" data-settings=\"{&quot;space_between&quot;:{&quot;unit&quot;:&quot;px&quot;,&quot;size&quot;:23,&quot;sizes&quot;:[]},&quot;slides_per_view&quot;:&quot;3&quot;,&quot;slides_to_scroll&quot;:&quot;3&quot;,&quot;_animation&quot;:&quot;none&quot;,&quot;pagination&quot;:&quot;bullets&quot;,&quot;speed&quot;:500,&quot;autoplay&quot;:&quot;yes&quot;,&quot;autoplay_speed&quot;:5000,&quot;loop&quot;:&quot;yes&quot;,&quot;pause_on_hover&quot;:&quot;yes&quot;,&quot;pause_on_interaction&quot;:&quot;yes&quot;,&quot;space_between_tablet&quot;:{&quot;unit&quot;:&quot;px&quot;,&quot;size&quot;:10,&quot;sizes&quot;:[]},&quot;space_between_mobile&quot;:{&quot;unit&quot;:&quot;px&quot;,&quot;size&quot;:10,&quot;sizes&quot;:[]}}\" data-widget_type=\"testimonial-carousel.default\">\n\t\t\t\t<div class=\"elementor-widget-container\">\n\t\t\t\t\t<div class=\"elementor-swiper\">\n\t\t\t<div class=\"elementor-main-swiper swiper-container\">\n\t\t\t\t<div class=\"swiper-wrapper\">\n\t\t\t\t\t\t\t\t\t\t\t<div class=\"swiper-slide\">\n\t\t\t\t\t\t\t\t\t<div class=\"elementor-testimonial\">\n\t\t\t\t\t\t\t<div class=\"elementor-testimonial__content\">\n\t\t\t\t\t<div class=\"elementor-testimonial__text\">\n\t\t\t\t\t\t\u00c9 cineasta, roteirista, cineclubista e produtor cultural. Produziu Bald\u00eda (2018) que foi exibido em Bogot\u00e1 (Col\u00f4mbia), Salvador e S\u00e3o Paulo. Realizador do curta Pare, Olhe e Escute (2019). Produziu e fez som direto em Ela \u00e9 Artista (2018). Co-criador do Cine Cuca Livre. Co-diretor e montador no document\u00e1rio \"Para Que N\u00e3o Se Acabe\" (2021) e Still no document\u00e1rio \"Entre a Serra e a Malhada\"  (2021).\t\t\t\t\t<\/div>\n\t\t\t\t\t\t\t\t\t<\/div>\n\t\t\t\t\t\t<div class=\"elementor-testimonial__footer\">\n\t\t\t\t\t\t\t\t\t<div class=\"elementor-testimonial__image\">\n\t\t\t\t\t\t<img decoding=\"async\" src=\"https:\/\/festivaldecaruaru.com.br\/2023\/wp-content\/uploads\/2023\/08\/WhatsApp-Image-2023-07-26-at-07.27.53.jpeg\" alt=\"Davi Batista\">\n\t\t\t\t\t<\/div>\n\t\t\t\t\t\t\t\t<cite class=\"elementor-testimonial__cite\"><span class=\"elementor-testimonial__name\">Davi Batista<\/span><span class=\"elementor-testimonial__title\">Cineasta e produtor cultural<\/span><\/cite>\t\t\t<\/div>\n\t\t<\/div>\n\t\t\t\t\t\t\t\t<\/div>\n\t\t\t\t\t\t\t\t\t\t\t<div class=\"swiper-slide\">\n\t\t\t\t\t\t\t\t\t<div class=\"elementor-testimonial\">\n\t\t\t\t\t\t\t<div class=\"elementor-testimonial__content\">\n\t\t\t\t\t<div class=\"elementor-testimonial__text\">\n\t\t\t\t\t\tT\u00falio Beat \u00e9 realizador audiovisual perif\u00e9rico, roteirista, produtor cultural, integra o \"T\u00f4 Dentro Festivais\", ativista LGBTQIA+ e estudante de Produ\u00e7\u00e3o de \u00c1udio e V\u00eddeo na Escola T\u00e9cnica Estadual Nelson Barbalho (t\u00e9cnico). Produz o FestCine Ita\u00fana - Festival Internacional de Cinema de Ita\u00fana. Tem v\u00e1rios curtas premiados em dezenas de festivais como O Beato, a Botija e a Besta-fera. Faz parte da Cia Bacurau.\t\t\t\t\t<\/div>\n\t\t\t\t\t\t\t\t\t<\/div>\n\t\t\t\t\t\t<div class=\"elementor-testimonial__footer\">\n\t\t\t\t\t\t\t\t\t<div class=\"elementor-testimonial__image\">\n\t\t\t\t\t\t<img decoding=\"async\" src=\"https:\/\/festivaldecaruaru.com.br\/2023\/wp-content\/uploads\/2023\/08\/WhatsApp-Image-2023-07-26-at-07.28.45.jpeg\" alt=\"T\u00falio Beat\">\n\t\t\t\t\t<\/div>\n\t\t\t\t\t\t\t\t<cite class=\"elementor-testimonial__cite\"><span class=\"elementor-testimonial__name\">T\u00falio Beat<\/span><span class=\"elementor-testimonial__title\">Realizador audiovisual<\/span><\/cite>\t\t\t<\/div>\n\t\t<\/div>\n\t\t\t\t\t\t\t\t<\/div>\n\t\t\t\t\t\t\t\t\t\t\t<div class=\"swiper-slide\">\n\t\t\t\t\t\t\t\t\t<div class=\"elementor-testimonial\">\n\t\t\t\t\t\t\t<div class=\"elementor-testimonial__content\">\n\t\t\t\t\t<div class=\"elementor-testimonial__text\">\n\t\t\t\t\t\tProfessor e cineasta nascido em Fernando de Noronha. Heitor foi educado em Recife e atualmente reside em Caruaru onde leciona no curso de Produ\u00e7\u00e3o de \u00c1udio e V\u00eddeo da ETE Nelson Barbalho. Desenvolveu trabalhos na \u00e1rea de produ\u00e7\u00e3o e roteiro para produtos audiovisuais e pesquisa cinema brasileiro no programa de p\u00f3s-gradua\u00e7\u00e3o da Universidade Federal de Pernambuco.\t\t\t\t\t<\/div>\n\t\t\t\t\t\t\t\t\t<\/div>\n\t\t\t\t\t\t<div class=\"elementor-testimonial__footer\">\n\t\t\t\t\t\t\t\t\t<div class=\"elementor-testimonial__image\">\n\t\t\t\t\t\t<img decoding=\"async\" src=\"https:\/\/festivaldecaruaru.com.br\/2023\/wp-content\/uploads\/2023\/08\/WhatsApp-Image-2023-07-26-at-07.29.34.jpeg\" alt=\"HEITOR SOARES \">\n\t\t\t\t\t<\/div>\n\t\t\t\t\t\t\t\t<cite class=\"elementor-testimonial__cite\"><span class=\"elementor-testimonial__name\">HEITOR SOARES <\/span><span class=\"elementor-testimonial__title\">Professor e cineasta<\/span><\/cite>\t\t\t<\/div>\n\t\t<\/div>\n\t\t\t\t\t\t\t\t<\/div>\n\t\t\t\t\t\t\t\t\t<\/div>\n\t\t\t\t\t\t\t\t\t\t\t\t\t\t\t<div class=\"swiper-pagination\"><\/div>\n\t\t\t\t\t\t\t\t\t\t\t\t\t\t\t\t\t<\/div>\n\t\t<\/div>\n\t\t\t\t<\/div>\n\t\t\t\t<\/div>\n\t\t\t\t\t<\/div>\n\t\t<\/div>\n\t\t\t\t\t\t\t<\/div>\n\t\t<\/section>\n\t\t\t\t<section class=\"elementor-section elementor-top-section elementor-element elementor-element-a571df7 elementor-section-boxed elementor-section-height-default elementor-section-height-default\" data-id=\"a571df7\" data-element_type=\"section\">\n\t\t\t\t\t\t<div class=\"elementor-container elementor-column-gap-default\">\n\t\t\t\t\t<div class=\"elementor-column elementor-col-100 elementor-top-column elementor-element elementor-element-fa9b3af\" data-id=\"fa9b3af\" data-element_type=\"column\">\n\t\t\t<div class=\"elementor-widget-wrap elementor-element-populated\">\n\t\t\t\t\t\t\t\t<div class=\"elementor-element elementor-element-51c0ebb elementor-widget elementor-widget-heading\" data-id=\"51c0ebb\" data-element_type=\"widget\" data-widget_type=\"heading.default\">\n\t\t\t\t<div class=\"elementor-widget-container\">\n\t\t\t<h2 class=\"elementor-heading-title elementor-size-default\">J\u00fari Jovem Mostras Brasil e Agreste<\/h2>\t\t<\/div>\n\t\t\t\t<\/div>\n\t\t\t\t\t<\/div>\n\t\t<\/div>\n\t\t\t\t\t\t\t<\/div>\n\t\t<\/section>\n\t\t\t\t<section class=\"elementor-section elementor-top-section elementor-element elementor-element-cd7716e elementor-section-boxed elementor-section-height-default elementor-section-height-default\" data-id=\"cd7716e\" data-element_type=\"section\">\n\t\t\t\t\t\t<div class=\"elementor-container elementor-column-gap-default\">\n\t\t\t\t\t<div class=\"elementor-column elementor-col-100 elementor-top-column elementor-element elementor-element-0a50672\" data-id=\"0a50672\" data-element_type=\"column\">\n\t\t\t<div class=\"elementor-widget-wrap elementor-element-populated\">\n\t\t\t\t\t\t\t\t<div class=\"elementor-element elementor-element-6153429 elementor-testimonial--layout-image_stacked animated-slow elementor-testimonial--skin-default elementor-testimonial--align-center elementor-pagination-type-bullets elementor-widget elementor-widget-testimonial-carousel\" data-id=\"6153429\" data-element_type=\"widget\" data-settings=\"{&quot;space_between&quot;:{&quot;unit&quot;:&quot;px&quot;,&quot;size&quot;:23,&quot;sizes&quot;:[]},&quot;slides_per_view&quot;:&quot;3&quot;,&quot;slides_to_scroll&quot;:&quot;3&quot;,&quot;slides_to_scroll_mobile&quot;:&quot;3&quot;,&quot;_animation&quot;:&quot;none&quot;,&quot;pagination&quot;:&quot;bullets&quot;,&quot;speed&quot;:500,&quot;autoplay&quot;:&quot;yes&quot;,&quot;autoplay_speed&quot;:5000,&quot;pause_on_hover&quot;:&quot;yes&quot;,&quot;pause_on_interaction&quot;:&quot;yes&quot;,&quot;space_between_tablet&quot;:{&quot;unit&quot;:&quot;px&quot;,&quot;size&quot;:10,&quot;sizes&quot;:[]},&quot;space_between_mobile&quot;:{&quot;unit&quot;:&quot;px&quot;,&quot;size&quot;:10,&quot;sizes&quot;:[]}}\" data-widget_type=\"testimonial-carousel.default\">\n\t\t\t\t<div class=\"elementor-widget-container\">\n\t\t\t\t\t<div class=\"elementor-swiper\">\n\t\t\t<div class=\"elementor-main-swiper swiper-container\">\n\t\t\t\t<div class=\"swiper-wrapper\">\n\t\t\t\t\t\t\t\t\t\t\t<div class=\"swiper-slide\">\n\t\t\t\t\t\t\t\t\t<div class=\"elementor-testimonial\">\n\t\t\t\t\t\t\t<div class=\"elementor-testimonial__content\">\n\t\t\t\t\t<div class=\"elementor-testimonial__text\">\n\t\t\t\t\t\t\u00c9 estudante de Comunica\u00e7\u00e3o Social na UFPE Campus Agreste.  Atualmente est\u00e1 envolvida em duas produ\u00e7\u00f5es do curso: um curta-metragem, orientado pela professora e cineasta Adelina Pontual, no qual atua como assistente de roteiro, assistente de dire\u00e7\u00e3o e diretora de arte e um v\u00eddeo-dan\u00e7a autoral, orientado pela professora Iomana Rocha, onde trabalha como dan\u00e7arina, al\u00e9m de outras fun\u00e7\u00f5es.\t\t\t\t\t<\/div>\n\t\t\t\t\t\t\t\t\t<\/div>\n\t\t\t\t\t\t<div class=\"elementor-testimonial__footer\">\n\t\t\t\t\t\t\t\t\t<div class=\"elementor-testimonial__image\">\n\t\t\t\t\t\t<img decoding=\"async\" src=\"https:\/\/festivaldecaruaru.com.br\/2023\/wp-content\/uploads\/2023\/10\/IMG_4091-scaled.jpg\" alt=\"Niny Nascimento\">\n\t\t\t\t\t<\/div>\n\t\t\t\t\t\t\t\t<cite class=\"elementor-testimonial__cite\"><span class=\"elementor-testimonial__name\">Niny Nascimento<\/span><span class=\"elementor-testimonial__title\">estudante<\/span><\/cite>\t\t\t<\/div>\n\t\t<\/div>\n\t\t\t\t\t\t\t\t<\/div>\n\t\t\t\t\t\t\t\t\t\t\t<div class=\"swiper-slide\">\n\t\t\t\t\t\t\t\t\t<div class=\"elementor-testimonial\">\n\t\t\t\t\t\t\t<div class=\"elementor-testimonial__content\">\n\t\t\t\t\t<div class=\"elementor-testimonial__text\">\n\t\t\t\t\t\tSilvia Janaina Feitosa \u00e9 cin\u00e9fila. Professora licenciada em Ci\u00eancias Sociais. Com P\u00f3s gradua\u00e7\u00e3o em Ensino de Geografia e Hist\u00f3ria, e em Ensino de Sociologia e tamb\u00e9m em Orienta\u00e7\u00e3o, Supervis\u00e3o e Gest\u00e3o Escolar. Encontra-se estudando Produ\u00e7\u00e3o de \u00c1udio e V\u00eddeo na ETE Nelson Barbalho e participou da Oficina de Constru\u00e7\u00f5es textuais de j\u00fari e de cr\u00edtica cinematogr\u00e1fica em 2023.\t\t\t\t\t<\/div>\n\t\t\t\t\t\t\t\t\t<\/div>\n\t\t\t\t\t\t<div class=\"elementor-testimonial__footer\">\n\t\t\t\t\t\t\t\t\t<div class=\"elementor-testimonial__image\">\n\t\t\t\t\t\t<img decoding=\"async\" src=\"https:\/\/festivaldecaruaru.com.br\/2023\/wp-content\/uploads\/2023\/10\/IMG_4065-scaled.jpg\" alt=\"Silvia Janaina\">\n\t\t\t\t\t<\/div>\n\t\t\t\t\t\t\t\t<cite class=\"elementor-testimonial__cite\"><span class=\"elementor-testimonial__name\">Silvia Janaina<\/span><span class=\"elementor-testimonial__title\">professora<\/span><\/cite>\t\t\t<\/div>\n\t\t<\/div>\n\t\t\t\t\t\t\t\t<\/div>\n\t\t\t\t\t\t\t\t\t\t\t<div class=\"swiper-slide\">\n\t\t\t\t\t\t\t\t\t<div class=\"elementor-testimonial\">\n\t\t\t\t\t\t\t<div class=\"elementor-testimonial__content\">\n\t\t\t\t\t<div class=\"elementor-testimonial__text\">\n\t\t\t\t\t\tJefferson Ant\u00f4nio \u00e9 apaixonado por audiovisual. \u00c9 editor, finalizador e estudante de produ\u00e7\u00e3o audiovisual (t\u00e9cnico). \u00c9 desenvolvedor de projetos documentais, um filmaker que pelas lentes de uma c\u00e2mera, nas linhas de edi\u00e7\u00e3o de um software, sempre busca a pr\u00f3xima hist\u00f3ria para contar, um pr\u00f3ximo desafio para superar e uma nova forma de levar o p\u00fablico, a uma jornada visual inesquec\u00edvel.\t\t\t\t\t<\/div>\n\t\t\t\t\t\t\t\t\t<\/div>\n\t\t\t\t\t\t<div class=\"elementor-testimonial__footer\">\n\t\t\t\t\t\t\t\t\t<div class=\"elementor-testimonial__image\">\n\t\t\t\t\t\t<img decoding=\"async\" src=\"https:\/\/festivaldecaruaru.com.br\/2023\/wp-content\/uploads\/2023\/10\/IMG_4109-scaled.jpg\" alt=\"Jefferson Ant\u00f4nio\">\n\t\t\t\t\t<\/div>\n\t\t\t\t\t\t\t\t<cite class=\"elementor-testimonial__cite\"><span class=\"elementor-testimonial__name\">Jefferson Ant\u00f4nio<\/span><span class=\"elementor-testimonial__title\">estudante<\/span><\/cite>\t\t\t<\/div>\n\t\t<\/div>\n\t\t\t\t\t\t\t\t<\/div>\n\t\t\t\t\t\t\t\t\t<\/div>\n\t\t\t\t\t\t\t\t\t\t\t\t\t\t\t<div class=\"swiper-pagination\"><\/div>\n\t\t\t\t\t\t\t\t\t\t\t\t\t\t\t\t\t<\/div>\n\t\t<\/div>\n\t\t\t\t<\/div>\n\t\t\t\t<\/div>\n\t\t\t\t\t<\/div>\n\t\t<\/div>\n\t\t\t\t\t\t\t<\/div>\n\t\t<\/section>\n\t\t\t\t\t\t\t<\/div>\n\t\t","protected":false},"excerpt":{"rendered":"<p>Mostras Brasil e Agreste Fot\u00f3grafa apaixonada por arte, busca sempre imprimir um olhar mais art\u00edstico e sens\u00edvel aos ensaios que produz. Com trabalhos realizados nas \u00e1reas de moda, eventos, shows, fotografia de produtos e ensaios art\u00edsticos, \u00e9 uma fot\u00f3grafa inquieta que explora a criatividade por diversos nichos. Estudou Publicidade e Propaganda e Artes Visuais, trabalhou [&hellip;]<\/p>\n","protected":false},"author":1,"featured_media":0,"parent":0,"menu_order":0,"comment_status":"closed","ping_status":"closed","template":"","meta":[],"_links":{"self":[{"href":"https:\/\/festivaldecaruaru.com.br\/2023\/index.php?rest_route=\/wp\/v2\/pages\/4292"}],"collection":[{"href":"https:\/\/festivaldecaruaru.com.br\/2023\/index.php?rest_route=\/wp\/v2\/pages"}],"about":[{"href":"https:\/\/festivaldecaruaru.com.br\/2023\/index.php?rest_route=\/wp\/v2\/types\/page"}],"author":[{"embeddable":true,"href":"https:\/\/festivaldecaruaru.com.br\/2023\/index.php?rest_route=\/wp\/v2\/users\/1"}],"replies":[{"embeddable":true,"href":"https:\/\/festivaldecaruaru.com.br\/2023\/index.php?rest_route=%2Fwp%2Fv2%2Fcomments&post=4292"}],"version-history":[{"count":25,"href":"https:\/\/festivaldecaruaru.com.br\/2023\/index.php?rest_route=\/wp\/v2\/pages\/4292\/revisions"}],"predecessor-version":[{"id":4344,"href":"https:\/\/festivaldecaruaru.com.br\/2023\/index.php?rest_route=\/wp\/v2\/pages\/4292\/revisions\/4344"}],"wp:attachment":[{"href":"https:\/\/festivaldecaruaru.com.br\/2023\/index.php?rest_route=%2Fwp%2Fv2%2Fmedia&parent=4292"}],"curies":[{"name":"wp","href":"https:\/\/api.w.org\/{rel}","templated":true}]}}