{"id":1299,"date":"2026-07-20T04:29:20","date_gmt":"2026-07-20T04:29:20","guid":{"rendered":"https:\/\/festivaldecaruaru.com.br\/2026\/?page_id=1299"},"modified":"2026-08-19T00:54:37","modified_gmt":"2026-08-19T00:54:37","slug":"mostra-latino-americana","status":"publish","type":"page","link":"https:\/\/festivaldecaruaru.com.br\/2026\/mostra-latino-americana\/","title":{"rendered":"Mostra Latino Americana"},"content":{"rendered":"\t\t<div data-elementor-type=\"wp-page\" data-elementor-id=\"1299\" class=\"elementor elementor-1299\">\n\t\t\t\t\t\t<section class=\"elementor-section elementor-top-section elementor-element elementor-element-c2ddba4 elementor-section-boxed elementor-section-height-default elementor-section-height-default wpr-particle-no wpr-jarallax-no wpr-parallax-no wpr-sticky-section-no wpr-column-slider-no wpr-equal-height-no\" data-id=\"c2ddba4\" data-element_type=\"section\" data-e-type=\"section\" data-settings=\"{&quot;background_background&quot;:&quot;classic&quot;}\">\n\t\t\t\t\t\t<div class=\"elementor-container elementor-column-gap-default\">\n\t\t\t\t\t<div class=\"elementor-column elementor-col-33 elementor-top-column elementor-element elementor-element-adb5651\" data-id=\"adb5651\" data-element_type=\"column\" data-e-type=\"column\">\n\t\t\t<div class=\"elementor-widget-wrap elementor-element-populated\">\n\t\t\t\t\t\t<div class=\"elementor-element elementor-element-3ff8d09 wpr-logo-position-center elementor-widget elementor-widget-wpr-logo\" data-id=\"3ff8d09\" data-element_type=\"widget\" data-e-type=\"widget\" data-widget_type=\"wpr-logo.default\">\n\t\t\t\t\t\t\t\t\n\t\t\t<div class=\"wpr-logo elementor-clearfix\">\n\n\t\t\t\t\t\t\t\t<picture class=\"wpr-logo-image\">\n\t\t\t\t\t\n\t\t\t\t\t\t\t\t\t\t\n\t\t\t\t\t<img decoding=\"async\" src=\"https:\/\/festivaldecaruaru.com.br\/2026\/wp-content\/uploads\/2026\/07\/logo-festcinecaruaru26.png\" alt=\"\">\n\n\t\t\t\t\t\t\t\t\t\t\t<a class=\"wpr-logo-url\" rel=\"home\" aria-label=\"\" href=\"https:\/\/festivaldecaruaru.com.br\/2026\/home\/\"><\/a>\n\t\t\t\t\t\t\t\t\t<\/picture>\n\t\t\t\t\n\t\t\t\t\n\t\t\t\t\t\t\t\t\t<a class=\"wpr-logo-url\" rel=\"home\" aria-label=\"\" href=\"https:\/\/festivaldecaruaru.com.br\/2026\/home\/\"><\/a>\n\t\t\t\t\n\t\t\t<\/div>\n\t\t\t\t\n\t\t\t\t\t\t<\/div>\n\t\t\t\t\t<\/div>\n\t\t<\/div>\n\t\t\t\t<div class=\"elementor-column elementor-col-66 elementor-top-column elementor-element elementor-element-de4a8a6\" data-id=\"de4a8a6\" data-element_type=\"column\" data-e-type=\"column\">\n\t\t\t<div class=\"elementor-widget-wrap elementor-element-populated\">\n\t\t\t\t\t\t<div class=\"elementor-element elementor-element-28ba701 wpr-main-menu-align-right wpr-main-menu-align--tabletright wpr-main-menu-align--mobileleft wpr-pointer-underline wpr-pointer-line-fx wpr-pointer-fx-fade wpr-sub-icon-caret-down wpr-sub-menu-fx-fade wpr-nav-menu-bp-mobile wpr-mobile-menu-full-width wpr-mobile-menu-item-align-center wpr-mobile-toggle-v1 wpr-mobile-divider-yes elementor-widget elementor-widget-wpr-nav-menu\" data-id=\"28ba701\" data-element_type=\"widget\" data-e-type=\"widget\" data-settings=\"{&quot;menu_layout&quot;:&quot;horizontal&quot;}\" data-widget_type=\"wpr-nav-menu.default\">\n\t\t\t\t\t<nav class=\"wpr-nav-menu-container wpr-nav-menu-horizontal\" data-trigger=\"hover\" data-consider-header=\"\" data-scroll-speed=\"500\"><ul id=\"menu-1-28ba701\" class=\"wpr-nav-menu\"><li class=\"menu-item menu-item-type-post_type menu-item-object-page menu-item-home menu-item-1069\"><a href=\"https:\/\/festivaldecaruaru.com.br\/2026\/\" class=\"wpr-menu-item wpr-pointer-item\">Home<\/a><\/li>\n<li class=\"menu-item menu-item-type-post_type menu-item-object-page menu-item-1638\"><a href=\"https:\/\/festivaldecaruaru.com.br\/2026\/programacao\/\" class=\"wpr-menu-item wpr-pointer-item\">Programa\u00e7\u00e3o<\/a><\/li>\n<li class=\"menu-item menu-item-type-custom menu-item-object-custom menu-item-has-children menu-item-1341\"><a aria-haspopup=\"true\" aria-expanded=\"false\" href=\"#\" class=\"wpr-menu-item wpr-pointer-item\">Mostras<i class=\"wpr-sub-icon fas\" aria-hidden=\"true\"><\/i><\/a>\n<ul class=\"sub-menu wpr-sub-menu\">\n\t<li class=\"menu-item menu-item-type-post_type menu-item-object-page menu-item-1340\"><a href=\"https:\/\/festivaldecaruaru.com.br\/2026\/mostra-adolescine\/\" class=\"wpr-sub-menu-item\">Mostra Adolescine<\/a><\/li>\n\t<li class=\"menu-item menu-item-type-post_type menu-item-object-page menu-item-1338\"><a href=\"https:\/\/festivaldecaruaru.com.br\/2026\/mostra-agreste\/\" class=\"wpr-sub-menu-item\">Mostra Agreste<\/a><\/li>\n\t<li class=\"menu-item menu-item-type-post_type menu-item-object-page menu-item-1337\"><a href=\"https:\/\/festivaldecaruaru.com.br\/2026\/mostra-brasil\/\" class=\"wpr-sub-menu-item\">Mostra Brasil<\/a><\/li>\n\t<li class=\"menu-item menu-item-type-post_type menu-item-object-page menu-item-1336\"><a href=\"https:\/\/festivaldecaruaru.com.br\/2026\/mostra-fantasticos\/\" class=\"wpr-sub-menu-item\">Mostra Fanta\u0301sticos<\/a><\/li>\n\t<li class=\"menu-item menu-item-type-post_type menu-item-object-page menu-item-1339\"><a href=\"https:\/\/festivaldecaruaru.com.br\/2026\/mostra-infantil\/\" class=\"wpr-sub-menu-item\">Mostra Infantil<\/a><\/li>\n\t<li class=\"menu-item menu-item-type-post_type menu-item-object-page menu-item-1335\"><a href=\"https:\/\/festivaldecaruaru.com.br\/2026\/mostra-internacional\/\" class=\"wpr-sub-menu-item\">Mostra Internacional<\/a><\/li>\n\t<li class=\"menu-item menu-item-type-post_type menu-item-object-page menu-item-1334\"><a href=\"https:\/\/festivaldecaruaru.com.br\/2026\/mostra-latino-americana\/\" class=\"wpr-sub-menu-item\">Mostra Latino Americana<\/a><\/li>\n\t<li class=\"menu-item menu-item-type-post_type menu-item-object-page menu-item-1333\"><a href=\"https:\/\/festivaldecaruaru.com.br\/2026\/mostra-pega-leve\/\" class=\"wpr-sub-menu-item\">Mostra Pega Leve<\/a><\/li>\n\t<li class=\"menu-item menu-item-type-post_type menu-item-object-page menu-item-1332\"><a href=\"https:\/\/festivaldecaruaru.com.br\/2026\/mostra-personagem\/\" class=\"wpr-sub-menu-item\">Mostra Personagem<\/a><\/li>\n<\/ul>\n<\/li>\n<li class=\"menu-item menu-item-type-post_type menu-item-object-page menu-item-1437\"><a href=\"https:\/\/festivaldecaruaru.com.br\/2026\/homenagem\/\" class=\"wpr-menu-item wpr-pointer-item\">Homenagem<\/a><\/li>\n<li class=\"menu-item menu-item-type-post_type menu-item-object-page menu-item-1666\"><a href=\"https:\/\/festivaldecaruaru.com.br\/2026\/juri\/\" class=\"wpr-menu-item wpr-pointer-item\">Juri<\/a><\/li>\n<li class=\"menu-item menu-item-type-post_type menu-item-object-page menu-item-1067\"><a href=\"https:\/\/festivaldecaruaru.com.br\/2026\/curadoria\/\" class=\"wpr-menu-item wpr-pointer-item\">Curadoria<\/a><\/li>\n<li class=\"menu-item menu-item-type-post_type menu-item-object-page menu-item-1763\"><a href=\"https:\/\/festivaldecaruaru.com.br\/2026\/oficinas\/\" class=\"wpr-menu-item wpr-pointer-item\">Oficinas<\/a><\/li>\n<li class=\"menu-item menu-item-type-post_type menu-item-object-page menu-item-1066\"><a href=\"https:\/\/festivaldecaruaru.com.br\/2026\/equipe\/\" class=\"wpr-menu-item wpr-pointer-item\">Equipe<\/a><\/li>\n<li class=\"menu-item menu-item-type-custom menu-item-object-custom menu-item-has-children menu-item-1356\"><a aria-haspopup=\"true\" aria-expanded=\"false\" href=\"#\" class=\"wpr-menu-item wpr-pointer-item\">Outros anos<i class=\"wpr-sub-icon fas\" aria-hidden=\"true\"><\/i><\/a>\n<ul class=\"sub-menu wpr-sub-menu\">\n\t<li class=\"menu-item menu-item-type-custom menu-item-object-custom menu-item-1357\"><a href=\"https:\/\/festivaldecaruaru.com.br\/home-2025\/\" class=\"wpr-sub-menu-item\">2025<\/a><\/li>\n\t<li class=\"menu-item menu-item-type-custom menu-item-object-custom menu-item-1358\"><a href=\"https:\/\/festivaldecaruaru.com.br\/2024\/\" class=\"wpr-sub-menu-item\">2024<\/a><\/li>\n\t<li class=\"menu-item menu-item-type-custom menu-item-object-custom menu-item-1359\"><a href=\"https:\/\/festivaldecaruaru.com.br\/2023\/\" class=\"wpr-sub-menu-item\">2023<\/a><\/li>\n\t<li class=\"menu-item menu-item-type-custom menu-item-object-custom menu-item-1360\"><a href=\"https:\/\/festivaldecaruaru.com.br\/2022\/o-festival\/\" class=\"wpr-sub-menu-item\">2022<\/a><\/li>\n\t<li class=\"menu-item menu-item-type-custom menu-item-object-custom menu-item-1361\"><a href=\"https:\/\/festivaldecaruaru.com.br\/2021\/\" class=\"wpr-sub-menu-item\">2021<\/a><\/li>\n\t<li class=\"menu-item menu-item-type-custom menu-item-object-custom menu-item-1362\"><a href=\"https:\/\/emcasa.festivaldecaruaru.com.br\" class=\"wpr-sub-menu-item\">2020<\/a><\/li>\n<\/ul>\n<\/li>\n<\/ul><\/nav><nav class=\"wpr-mobile-nav-menu-container\"><div class=\"wpr-mobile-toggle-wrap\"><div class=\"wpr-mobile-toggle\"><span class=\"wpr-mobile-toggle-line\"><\/span><span class=\"wpr-mobile-toggle-line\"><\/span><span class=\"wpr-mobile-toggle-line\"><\/span><\/div><\/div><ul id=\"mobile-menu-2-28ba701\" class=\"wpr-mobile-nav-menu\"><li class=\"menu-item menu-item-type-post_type menu-item-object-page menu-item-home menu-item-1069\"><a href=\"https:\/\/festivaldecaruaru.com.br\/2026\/\" class=\"wpr-mobile-menu-item\">Home<\/a><\/li>\n<li class=\"menu-item menu-item-type-post_type menu-item-object-page menu-item-1638\"><a href=\"https:\/\/festivaldecaruaru.com.br\/2026\/programacao\/\" class=\"wpr-mobile-menu-item\">Programa\u00e7\u00e3o<\/a><\/li>\n<li class=\"menu-item menu-item-type-custom menu-item-object-custom menu-item-has-children menu-item-1341\"><a href=\"#\" class=\"wpr-mobile-menu-item\">Mostras<\/a>\n<ul class=\"sub-menu wpr-sub-menu\">\n\t<li class=\"menu-item menu-item-type-post_type menu-item-object-page menu-item-1340\"><a href=\"https:\/\/festivaldecaruaru.com.br\/2026\/mostra-adolescine\/\" class=\"wpr-mobile-sub-menu-item\">Mostra Adolescine<\/a><\/li>\n\t<li class=\"menu-item menu-item-type-post_type menu-item-object-page menu-item-1338\"><a href=\"https:\/\/festivaldecaruaru.com.br\/2026\/mostra-agreste\/\" class=\"wpr-mobile-sub-menu-item\">Mostra Agreste<\/a><\/li>\n\t<li class=\"menu-item menu-item-type-post_type menu-item-object-page menu-item-1337\"><a href=\"https:\/\/festivaldecaruaru.com.br\/2026\/mostra-brasil\/\" class=\"wpr-mobile-sub-menu-item\">Mostra Brasil<\/a><\/li>\n\t<li class=\"menu-item menu-item-type-post_type menu-item-object-page menu-item-1336\"><a href=\"https:\/\/festivaldecaruaru.com.br\/2026\/mostra-fantasticos\/\" class=\"wpr-mobile-sub-menu-item\">Mostra Fanta\u0301sticos<\/a><\/li>\n\t<li class=\"menu-item menu-item-type-post_type menu-item-object-page menu-item-1339\"><a href=\"https:\/\/festivaldecaruaru.com.br\/2026\/mostra-infantil\/\" class=\"wpr-mobile-sub-menu-item\">Mostra Infantil<\/a><\/li>\n\t<li class=\"menu-item menu-item-type-post_type menu-item-object-page menu-item-1335\"><a href=\"https:\/\/festivaldecaruaru.com.br\/2026\/mostra-internacional\/\" class=\"wpr-mobile-sub-menu-item\">Mostra Internacional<\/a><\/li>\n\t<li class=\"menu-item menu-item-type-post_type menu-item-object-page menu-item-1334\"><a href=\"https:\/\/festivaldecaruaru.com.br\/2026\/mostra-latino-americana\/\" class=\"wpr-mobile-sub-menu-item\">Mostra Latino Americana<\/a><\/li>\n\t<li class=\"menu-item menu-item-type-post_type menu-item-object-page menu-item-1333\"><a href=\"https:\/\/festivaldecaruaru.com.br\/2026\/mostra-pega-leve\/\" class=\"wpr-mobile-sub-menu-item\">Mostra Pega Leve<\/a><\/li>\n\t<li class=\"menu-item menu-item-type-post_type menu-item-object-page menu-item-1332\"><a href=\"https:\/\/festivaldecaruaru.com.br\/2026\/mostra-personagem\/\" class=\"wpr-mobile-sub-menu-item\">Mostra Personagem<\/a><\/li>\n<\/ul>\n<\/li>\n<li class=\"menu-item menu-item-type-post_type menu-item-object-page menu-item-1437\"><a href=\"https:\/\/festivaldecaruaru.com.br\/2026\/homenagem\/\" class=\"wpr-mobile-menu-item\">Homenagem<\/a><\/li>\n<li class=\"menu-item menu-item-type-post_type menu-item-object-page menu-item-1666\"><a href=\"https:\/\/festivaldecaruaru.com.br\/2026\/juri\/\" class=\"wpr-mobile-menu-item\">Juri<\/a><\/li>\n<li class=\"menu-item menu-item-type-post_type menu-item-object-page menu-item-1067\"><a href=\"https:\/\/festivaldecaruaru.com.br\/2026\/curadoria\/\" class=\"wpr-mobile-menu-item\">Curadoria<\/a><\/li>\n<li class=\"menu-item menu-item-type-post_type menu-item-object-page menu-item-1763\"><a href=\"https:\/\/festivaldecaruaru.com.br\/2026\/oficinas\/\" class=\"wpr-mobile-menu-item\">Oficinas<\/a><\/li>\n<li class=\"menu-item menu-item-type-post_type menu-item-object-page menu-item-1066\"><a href=\"https:\/\/festivaldecaruaru.com.br\/2026\/equipe\/\" class=\"wpr-mobile-menu-item\">Equipe<\/a><\/li>\n<li class=\"menu-item menu-item-type-custom menu-item-object-custom menu-item-has-children menu-item-1356\"><a href=\"#\" class=\"wpr-mobile-menu-item\">Outros anos<\/a>\n<ul class=\"sub-menu wpr-sub-menu\">\n\t<li class=\"menu-item menu-item-type-custom menu-item-object-custom menu-item-1357\"><a href=\"https:\/\/festivaldecaruaru.com.br\/home-2025\/\" class=\"wpr-mobile-sub-menu-item\">2025<\/a><\/li>\n\t<li class=\"menu-item menu-item-type-custom menu-item-object-custom menu-item-1358\"><a href=\"https:\/\/festivaldecaruaru.com.br\/2024\/\" class=\"wpr-mobile-sub-menu-item\">2024<\/a><\/li>\n\t<li class=\"menu-item menu-item-type-custom menu-item-object-custom menu-item-1359\"><a href=\"https:\/\/festivaldecaruaru.com.br\/2023\/\" class=\"wpr-mobile-sub-menu-item\">2023<\/a><\/li>\n\t<li class=\"menu-item menu-item-type-custom menu-item-object-custom menu-item-1360\"><a href=\"https:\/\/festivaldecaruaru.com.br\/2022\/o-festival\/\" class=\"wpr-mobile-sub-menu-item\">2022<\/a><\/li>\n\t<li class=\"menu-item menu-item-type-custom menu-item-object-custom menu-item-1361\"><a href=\"https:\/\/festivaldecaruaru.com.br\/2021\/\" class=\"wpr-mobile-sub-menu-item\">2021<\/a><\/li>\n\t<li class=\"menu-item menu-item-type-custom menu-item-object-custom menu-item-1362\"><a href=\"https:\/\/emcasa.festivaldecaruaru.com.br\" class=\"wpr-mobile-sub-menu-item\">2020<\/a><\/li>\n<\/ul>\n<\/li>\n<\/ul><\/nav>\t\t\t\t<\/div>\n\t\t\t\t\t<\/div>\n\t\t<\/div>\n\t\t\t\t\t<\/div>\n\t\t<\/section>\n\t\t<div class=\"elementor-element elementor-element-ee8c0d6 e-con e-atomic-element e-flexbox-base e-ee8c0d6-3329c40 \" data-id=\"ee8c0d6\" data-element_type=\"e-flexbox\" data-e-type=\"e-flexbox\" data-interaction-id=\"ee8c0d6\">\n    <div class=\"elementor-element elementor-element-2ef3a06 e-flex e-con-boxed wpr-particle-no wpr-jarallax-no wpr-parallax-no wpr-sticky-section-no wpr-column-slider-no wpr-equal-height-no e-con e-parent\" data-id=\"2ef3a06\" data-element_type=\"container\" data-e-type=\"container\">\n\t\t\t\t\t<div class=\"e-con-inner\">\n\t\t\t\t<div class=\"elementor-element elementor-element-5cffe8c elementor-icon-list--layout-inline elementor-list-item-link-inline elementor-align-start elementor-widget elementor-widget-icon-list\" data-id=\"5cffe8c\" data-element_type=\"widget\" data-e-type=\"widget\" data-widget_type=\"icon-list.default\">\n\t\t\t\t\t\t\t<ul class=\"elementor-icon-list-items elementor-inline-items\">\n\t\t\t\t\t\t\t<li class=\"elementor-icon-list-item elementor-inline-item\">\n\t\t\t\t\t\t\t\t\t\t\t<a href=\"https:\/\/festivaldecaruaru.com.br\/2026\/\">\n\n\t\t\t\t\t\t\t\t\t\t\t<span class=\"elementor-icon-list-text\">Home<\/span>\n\t\t\t\t\t\t\t\t\t\t\t<\/a>\n\t\t\t\t\t\t\t\t\t<\/li>\n\t\t\t\t\t\t\t\t<li class=\"elementor-icon-list-item elementor-inline-item\">\n\t\t\t\t\t\t\t\t\t\t<span class=\"elementor-icon-list-text\">Mostra Latino-Americana<\/span>\n\t\t\t\t\t\t\t\t\t<\/li>\n\t\t\t\t\t\t<\/ul>\n\t\t\t\t\t\t<\/div>\n\t\t\t\t\t<\/div>\n\t\t\t\t<\/div>\n\t\t\n<\/div>\n<div class=\"elementor-element elementor-element-e94950b e-con e-atomic-element e-flexbox-base e-e94950b-264ed2c \" data-id=\"e94950b\" data-element_type=\"e-flexbox\" data-e-type=\"e-flexbox\" data-interaction-id=\"e94950b\">\n    <div class=\"elementor-element elementor-element-2e59a80 e-flex e-con-boxed wpr-particle-no wpr-jarallax-no wpr-parallax-no wpr-sticky-section-no wpr-column-slider-no wpr-equal-height-no e-con e-parent\" data-id=\"2e59a80\" data-element_type=\"container\" data-e-type=\"container\">\n\t\t\t\t\t<div class=\"e-con-inner\">\n\t\t\t\t<div class=\"elementor-element elementor-element-780b20e elementor-widget-divider--view-line elementor-widget elementor-widget-divider\" data-id=\"780b20e\" data-element_type=\"widget\" data-e-type=\"widget\" data-widget_type=\"divider.default\">\n\t\t\t\t\t\t\t<div class=\"elementor-divider\">\n\t\t\t<span class=\"elementor-divider-separator\">\n\t\t\t\t\t\t<\/span>\n\t\t<\/div>\n\t\t\t\t\t\t<\/div>\n\t\t\t\t\t<\/div>\n\t\t\t\t<\/div>\n\t\t\n<\/div>\n<div class=\"elementor-element elementor-element-8d403dd e-con e-atomic-element e-flexbox-base e-8d403dd-35cc0f3 \" data-id=\"8d403dd\" data-element_type=\"e-flexbox\" data-e-type=\"e-flexbox\" data-interaction-id=\"8d403dd\">\n    <div class=\"elementor-element elementor-element-960cc07 e-flex e-con-boxed wpr-particle-no wpr-jarallax-no wpr-parallax-no wpr-sticky-section-no wpr-column-slider-no wpr-equal-height-no e-con e-parent\" data-id=\"960cc07\" data-element_type=\"container\" data-e-type=\"container\">\n\t\t\t\t\t<div class=\"e-con-inner\">\n\t\t\t\t<div class=\"elementor-element elementor-element-223f1e1 elementor-widget elementor-widget-heading\" data-id=\"223f1e1\" data-element_type=\"widget\" data-e-type=\"widget\" data-widget_type=\"heading.default\">\n\t\t\t\t\t<h2 class=\"elementor-heading-title elementor-size-default\">Mostra Latino-Americana<\/h2>\t\t\t\t<\/div>\n\t\t\t\t\t<\/div>\n\t\t\t\t<\/div>\n\t\t\n<\/div>\n<div class=\"elementor-element elementor-element-0e6b697 e-flex e-con-boxed wpr-particle-no wpr-jarallax-no wpr-parallax-no wpr-sticky-section-no wpr-column-slider-no wpr-equal-height-no e-con e-parent\" data-id=\"0e6b697\" data-element_type=\"container\" data-e-type=\"container\">\n\t\t\t\t\t<div class=\"e-con-inner\">\n\t\t\t\t<div class=\"elementor-element elementor-element-293ba10 elementor-widget elementor-widget-spacer\" data-id=\"293ba10\" data-element_type=\"widget\" data-e-type=\"widget\" data-widget_type=\"spacer.default\">\n\t\t\t\t\t\t\t<div class=\"elementor-spacer\">\n\t\t\t<div class=\"elementor-spacer-inner\"><\/div>\n\t\t<\/div>\n\t\t\t\t\t\t<\/div>\n\t\t\t\t\t<\/div>\n\t\t\t\t<\/div>\n\t\t<div class=\"elementor-element elementor-element-ba05cec e-grid e-con-boxed wpr-particle-no wpr-jarallax-no wpr-parallax-no wpr-sticky-section-no wpr-column-slider-no wpr-equal-height-no e-con e-parent\" data-id=\"ba05cec\" data-element_type=\"container\" data-e-type=\"container\">\n\t\t\t\t\t<div class=\"e-con-inner\">\n\t\t\t\t<div class=\"elementor-element elementor-element-2ba1df1 elementor-position-top elementor-widget elementor-widget-image-box\" data-id=\"2ba1df1\" data-element_type=\"widget\" data-e-type=\"widget\" data-widget_type=\"image-box.default\">\n\t\t\t\t\t<div class=\"elementor-image-box-wrapper\"><figure class=\"elementor-image-box-img\"><a href=\"https:\/\/festivaldecaruaru.com.br\/2026\/a-ilha-do-lixo\/\" tabindex=\"-1\"><img fetchpriority=\"high\" decoding=\"async\" width=\"900\" height=\"1600\" src=\"https:\/\/festivaldecaruaru.com.br\/2026\/wp-content\/uploads\/2026\/07\/Poster_A-Ilha-do-Lixo.jpg\" class=\"attachment-full size-full wp-image-1302\" alt=\"\" srcset=\"https:\/\/festivaldecaruaru.com.br\/2026\/wp-content\/uploads\/2026\/07\/Poster_A-Ilha-do-Lixo.jpg 900w, https:\/\/festivaldecaruaru.com.br\/2026\/wp-content\/uploads\/2026\/07\/Poster_A-Ilha-do-Lixo-169x300.jpg 169w, https:\/\/festivaldecaruaru.com.br\/2026\/wp-content\/uploads\/2026\/07\/Poster_A-Ilha-do-Lixo-576x1024.jpg 576w, https:\/\/festivaldecaruaru.com.br\/2026\/wp-content\/uploads\/2026\/07\/Poster_A-Ilha-do-Lixo-768x1365.jpg 768w, https:\/\/festivaldecaruaru.com.br\/2026\/wp-content\/uploads\/2026\/07\/Poster_A-Ilha-do-Lixo-864x1536.jpg 864w\" sizes=\"(max-width: 900px) 100vw, 900px\" \/><\/a><\/figure><div class=\"elementor-image-box-content\"><h3 class=\"elementor-image-box-title\"><a href=\"https:\/\/festivaldecaruaru.com.br\/2026\/a-ilha-do-lixo\/\">A Ilha de Lixo - Pequenos Curtas<\/a><\/h3><\/div><\/div>\t\t\t\t<\/div>\n\t\t\t\t<div class=\"elementor-element elementor-element-19c16a4 elementor-position-top elementor-widget elementor-widget-image-box\" data-id=\"19c16a4\" data-element_type=\"widget\" data-e-type=\"widget\" data-widget_type=\"image-box.default\">\n\t\t\t\t\t<div class=\"elementor-image-box-wrapper\"><figure class=\"elementor-image-box-img\"><a href=\"https:\/\/festivaldecaruaru.com.br\/2026\/catatumbo\/\" tabindex=\"-1\"><img decoding=\"async\" width=\"560\" height=\"800\" src=\"https:\/\/festivaldecaruaru.com.br\/2026\/wp-content\/uploads\/2026\/07\/Poster_Catatumbo.jpg\" class=\"attachment-1536x1536 size-1536x1536 wp-image-1303\" alt=\"\" srcset=\"https:\/\/festivaldecaruaru.com.br\/2026\/wp-content\/uploads\/2026\/07\/Poster_Catatumbo.jpg 560w, https:\/\/festivaldecaruaru.com.br\/2026\/wp-content\/uploads\/2026\/07\/Poster_Catatumbo-210x300.jpg 210w\" sizes=\"(max-width: 560px) 100vw, 560px\" \/><\/a><\/figure><div class=\"elementor-image-box-content\"><h3 class=\"elementor-image-box-title\"><a href=\"https:\/\/festivaldecaruaru.com.br\/2026\/catatumbo\/\">Catatumbo: Casa do Trov\u00e3o<\/a><\/h3><\/div><\/div>\t\t\t\t<\/div>\n\t\t\t\t<div class=\"elementor-element elementor-element-666cdee elementor-position-top elementor-widget elementor-widget-image-box\" data-id=\"666cdee\" data-element_type=\"widget\" data-e-type=\"widget\" data-widget_type=\"image-box.default\">\n\t\t\t\t\t<div class=\"elementor-image-box-wrapper\"><figure class=\"elementor-image-box-img\"><a href=\"https:\/\/festivaldecaruaru.com.br\/2026\/colombia\/\" tabindex=\"-1\"><img decoding=\"async\" width=\"560\" height=\"800\" src=\"https:\/\/festivaldecaruaru.com.br\/2026\/wp-content\/uploads\/2026\/07\/Poster_Colombia.jpg\" class=\"attachment-1536x1536 size-1536x1536 wp-image-1304\" alt=\"\" srcset=\"https:\/\/festivaldecaruaru.com.br\/2026\/wp-content\/uploads\/2026\/07\/Poster_Colombia.jpg 560w, https:\/\/festivaldecaruaru.com.br\/2026\/wp-content\/uploads\/2026\/07\/Poster_Colombia-210x300.jpg 210w\" sizes=\"(max-width: 560px) 100vw, 560px\" \/><\/a><\/figure><div class=\"elementor-image-box-content\"><h3 class=\"elementor-image-box-title\"><a href=\"https:\/\/festivaldecaruaru.com.br\/2026\/colombia\/\">Col\u00f4mbia, Um Poema de Versos Vivos<\/a><\/h3><\/div><\/div>\t\t\t\t<\/div>\n\t\t\t\t<div class=\"elementor-element elementor-element-01b5fce elementor-position-top elementor-widget elementor-widget-image-box\" data-id=\"01b5fce\" data-element_type=\"widget\" data-e-type=\"widget\" data-widget_type=\"image-box.default\">\n\t\t\t\t\t<div class=\"elementor-image-box-wrapper\"><figure class=\"elementor-image-box-img\"><a href=\"https:\/\/festivaldecaruaru.com.br\/2026\/detritos\/\" tabindex=\"-1\"><img loading=\"lazy\" decoding=\"async\" width=\"533\" height=\"800\" src=\"https:\/\/festivaldecaruaru.com.br\/2026\/wp-content\/uploads\/2026\/07\/Poster_Detritos.jpg\" class=\"attachment-1536x1536 size-1536x1536 wp-image-1305\" alt=\"\" srcset=\"https:\/\/festivaldecaruaru.com.br\/2026\/wp-content\/uploads\/2026\/07\/Poster_Detritos.jpg 533w, https:\/\/festivaldecaruaru.com.br\/2026\/wp-content\/uploads\/2026\/07\/Poster_Detritos-200x300.jpg 200w\" sizes=\"(max-width: 533px) 100vw, 533px\" \/><\/a><\/figure><div class=\"elementor-image-box-content\"><h3 class=\"elementor-image-box-title\"><a href=\"https:\/\/festivaldecaruaru.com.br\/2026\/detritos\/\">Detritos<\/a><\/h3><\/div><\/div>\t\t\t\t<\/div>\n\t\t\t\t<div class=\"elementor-element elementor-element-b6d979c elementor-position-top elementor-widget elementor-widget-image-box\" data-id=\"b6d979c\" data-element_type=\"widget\" data-e-type=\"widget\" data-widget_type=\"image-box.default\">\n\t\t\t\t\t<div class=\"elementor-image-box-wrapper\"><figure class=\"elementor-image-box-img\"><a href=\"https:\/\/festivaldecaruaru.com.br\/2026\/duas-estrelas\/\" tabindex=\"-1\"><img loading=\"lazy\" decoding=\"async\" width=\"566\" height=\"800\" src=\"https:\/\/festivaldecaruaru.com.br\/2026\/wp-content\/uploads\/2026\/07\/Poster_Duas-Estrelas.jpg\" class=\"attachment-1536x1536 size-1536x1536 wp-image-1306\" alt=\"\" srcset=\"https:\/\/festivaldecaruaru.com.br\/2026\/wp-content\/uploads\/2026\/07\/Poster_Duas-Estrelas.jpg 566w, https:\/\/festivaldecaruaru.com.br\/2026\/wp-content\/uploads\/2026\/07\/Poster_Duas-Estrelas-212x300.jpg 212w\" sizes=\"(max-width: 566px) 100vw, 566px\" \/><\/a><\/figure><div class=\"elementor-image-box-content\"><h3 class=\"elementor-image-box-title\"><a href=\"https:\/\/festivaldecaruaru.com.br\/2026\/duas-estrelas\/\">Duas Estrelas<\/a><\/h3><\/div><\/div>\t\t\t\t<\/div>\n\t\t\t\t<div class=\"elementor-element elementor-element-a0ca99e elementor-position-top elementor-widget elementor-widget-image-box\" data-id=\"a0ca99e\" data-element_type=\"widget\" data-e-type=\"widget\" data-widget_type=\"image-box.default\">\n\t\t\t\t\t<div class=\"elementor-image-box-wrapper\"><figure class=\"elementor-image-box-img\"><a href=\"https:\/\/festivaldecaruaru.com.br\/2026\/ela-se-parece-com-voce\/\" tabindex=\"-1\"><img loading=\"lazy\" decoding=\"async\" width=\"566\" height=\"800\" src=\"https:\/\/festivaldecaruaru.com.br\/2026\/wp-content\/uploads\/2026\/07\/Poster_Ela-Se-Parece-Com-Voce.jpg\" class=\"attachment-1536x1536 size-1536x1536 wp-image-1307\" alt=\"\" srcset=\"https:\/\/festivaldecaruaru.com.br\/2026\/wp-content\/uploads\/2026\/07\/Poster_Ela-Se-Parece-Com-Voce.jpg 566w, https:\/\/festivaldecaruaru.com.br\/2026\/wp-content\/uploads\/2026\/07\/Poster_Ela-Se-Parece-Com-Voce-212x300.jpg 212w\" sizes=\"(max-width: 566px) 100vw, 566px\" \/><\/a><\/figure><div class=\"elementor-image-box-content\"><h3 class=\"elementor-image-box-title\"><a href=\"https:\/\/festivaldecaruaru.com.br\/2026\/ela-se-parece-com-voce\/\">Ela se Parece com Voc\u00ea<\/a><\/h3><\/div><\/div>\t\t\t\t<\/div>\n\t\t\t\t<div class=\"elementor-element elementor-element-3a92fa2 elementor-position-top elementor-widget elementor-widget-image-box\" data-id=\"3a92fa2\" data-element_type=\"widget\" data-e-type=\"widget\" data-widget_type=\"image-box.default\">\n\t\t\t\t\t<div class=\"elementor-image-box-wrapper\"><figure class=\"elementor-image-box-img\"><a href=\"https:\/\/festivaldecaruaru.com.br\/2026\/olhe-para-mim\/\" tabindex=\"-1\"><img loading=\"lazy\" decoding=\"async\" width=\"533\" height=\"800\" src=\"https:\/\/festivaldecaruaru.com.br\/2026\/wp-content\/uploads\/2026\/07\/Poster_Olhe-para-Mim.jpg\" class=\"attachment-1536x1536 size-1536x1536 wp-image-1308\" alt=\"\" srcset=\"https:\/\/festivaldecaruaru.com.br\/2026\/wp-content\/uploads\/2026\/07\/Poster_Olhe-para-Mim.jpg 533w, https:\/\/festivaldecaruaru.com.br\/2026\/wp-content\/uploads\/2026\/07\/Poster_Olhe-para-Mim-200x300.jpg 200w\" sizes=\"(max-width: 533px) 100vw, 533px\" \/><\/a><\/figure><div class=\"elementor-image-box-content\"><h3 class=\"elementor-image-box-title\"><a href=\"https:\/\/festivaldecaruaru.com.br\/2026\/olhe-para-mim\/\">Olhe para Mim<\/a><\/h3><\/div><\/div>\t\t\t\t<\/div>\n\t\t\t\t<div class=\"elementor-element elementor-element-83989f1 elementor-position-top elementor-widget elementor-widget-image-box\" data-id=\"83989f1\" data-element_type=\"widget\" data-e-type=\"widget\" data-widget_type=\"image-box.default\">\n\t\t\t\t\t<div class=\"elementor-image-box-wrapper\"><figure class=\"elementor-image-box-img\"><a href=\"https:\/\/festivaldecaruaru.com.br\/2026\/tenebras\/\" tabindex=\"-1\"><img loading=\"lazy\" decoding=\"async\" width=\"600\" height=\"800\" src=\"https:\/\/festivaldecaruaru.com.br\/2026\/wp-content\/uploads\/2026\/07\/Poster_Tenebras.jpg\" class=\"attachment-1536x1536 size-1536x1536 wp-image-1309\" alt=\"\" srcset=\"https:\/\/festivaldecaruaru.com.br\/2026\/wp-content\/uploads\/2026\/07\/Poster_Tenebras.jpg 600w, https:\/\/festivaldecaruaru.com.br\/2026\/wp-content\/uploads\/2026\/07\/Poster_Tenebras-225x300.jpg 225w\" sizes=\"(max-width: 600px) 100vw, 600px\" \/><\/a><\/figure><div class=\"elementor-image-box-content\"><h3 class=\"elementor-image-box-title\"><a href=\"https:\/\/festivaldecaruaru.com.br\/2026\/tenebras\/\">Tenebras<\/a><\/h3><\/div><\/div>\t\t\t\t<\/div>\n\t\t\t\t\t<\/div>\n\t\t\t\t<\/div>\n\t\t<div class=\"elementor-element elementor-element-a133396 e-con e-atomic-element e-flexbox-base e-a133396-8e1bd4b \" data-id=\"a133396\" data-element_type=\"e-flexbox\" data-e-type=\"e-flexbox\" data-interaction-id=\"a133396\">\n    \t\t<div class=\"elementor-element elementor-element-568f6a0 elementor-widget elementor-widget-spacer\" data-id=\"568f6a0\" data-element_type=\"widget\" data-e-type=\"widget\" data-widget_type=\"spacer.default\">\n\t\t\t\t\t\t\t<div class=\"elementor-spacer\">\n\t\t\t<div class=\"elementor-spacer-inner\"><\/div>\n\t\t<\/div>\n\t\t\t\t\t\t<\/div>\n\t\t\n<\/div>\n<div class=\"elementor-element elementor-element-504f422e e-con e-atomic-element e-flexbox-base e-504f422e-aec8e8e \" data-id=\"504f422e\" data-element_type=\"e-flexbox\" data-e-type=\"e-flexbox\" data-interaction-id=\"504f422e\">\n    \t\t<div class=\"elementor-element elementor-element-5d537d87 elementor-widget elementor-widget-spacer\" data-id=\"5d537d87\" data-element_type=\"widget\" data-e-type=\"widget\" data-widget_type=\"spacer.default\">\n\t\t\t\t\t\t\t<div class=\"elementor-spacer\">\n\t\t\t<div class=\"elementor-spacer-inner\"><\/div>\n\t\t<\/div>\n\t\t\t\t\t\t<\/div>\n\t\t\t\t<div class=\"elementor-element elementor-element-18c0b729 elementor-shape-circle elementor-grid-0 e-grid-align-center elementor-widget elementor-widget-social-icons\" data-id=\"18c0b729\" data-element_type=\"widget\" data-e-type=\"widget\" data-widget_type=\"social-icons.default\">\n\t\t\t\t\t\t\t<div class=\"elementor-social-icons-wrapper elementor-grid\" role=\"list\">\n\t\t\t\t\t\t\t<span class=\"elementor-grid-item\" role=\"listitem\">\n\t\t\t\t\t<a class=\"elementor-icon elementor-social-icon elementor-social-icon-instagram elementor-animation-shrink elementor-repeater-item-fc48bf2\" href=\"https:\/\/www.instagram.com\/festcinecru\/\" target=\"_blank\">\n\t\t\t\t\t\t<span class=\"elementor-screen-only\">Instagram<\/span>\n\t\t\t\t\t\t<svg aria-hidden=\"true\" class=\"e-font-icon-svg e-fab-instagram\" viewBox=\"0 0 448 512\" xmlns=\"http:\/\/www.w3.org\/2000\/svg\"><path d=\"M224.1 141c-63.6 0-114.9 51.3-114.9 114.9s51.3 114.9 114.9 114.9S339 319.5 339 255.9 287.7 141 224.1 141zm0 189.6c-41.1 0-74.7-33.5-74.7-74.7s33.5-74.7 74.7-74.7 74.7 33.5 74.7 74.7-33.6 74.7-74.7 74.7zm146.4-194.3c0 14.9-12 26.8-26.8 26.8-14.9 0-26.8-12-26.8-26.8s12-26.8 26.8-26.8 26.8 12 26.8 26.8zm76.1 27.2c-1.7-35.9-9.9-67.7-36.2-93.9-26.2-26.2-58-34.4-93.9-36.2-37-2.1-147.9-2.1-184.9 0-35.8 1.7-67.6 9.9-93.9 36.1s-34.4 58-36.2 93.9c-2.1 37-2.1 147.9 0 184.9 1.7 35.9 9.9 67.7 36.2 93.9s58 34.4 93.9 36.2c37 2.1 147.9 2.1 184.9 0 35.9-1.7 67.7-9.9 93.9-36.2 26.2-26.2 34.4-58 36.2-93.9 2.1-37 2.1-147.8 0-184.8zM398.8 388c-7.8 19.6-22.9 34.7-42.6 42.6-29.5 11.7-99.5 9-132.1 9s-102.7 2.6-132.1-9c-19.6-7.8-34.7-22.9-42.6-42.6-11.7-29.5-9-99.5-9-132.1s-2.6-102.7 9-132.1c7.8-19.6 22.9-34.7 42.6-42.6 29.5-11.7 99.5-9 132.1-9s102.7-2.6 132.1 9c19.6 7.8 34.7 22.9 42.6 42.6 11.7 29.5 9 99.5 9 132.1s2.7 102.7-9 132.1z\"><\/path><\/svg>\t\t\t\t\t<\/a>\n\t\t\t\t<\/span>\n\t\t\t\t\t\t\t<span class=\"elementor-grid-item\" role=\"listitem\">\n\t\t\t\t\t<a class=\"elementor-icon elementor-social-icon elementor-social-icon-facebook elementor-animation-shrink elementor-repeater-item-5cb00f8\" href=\"https:\/\/www.facebook.com\/festivaldecinemadecaruaru\" target=\"_blank\">\n\t\t\t\t\t\t<span class=\"elementor-screen-only\">Facebook<\/span>\n\t\t\t\t\t\t<svg aria-hidden=\"true\" class=\"e-font-icon-svg e-fab-facebook\" viewBox=\"0 0 512 512\" xmlns=\"http:\/\/www.w3.org\/2000\/svg\"><path d=\"M504 256C504 119 393 8 256 8S8 119 8 256c0 123.78 90.69 226.38 209.25 245V327.69h-63V256h63v-54.64c0-62.15 37-96.48 93.67-96.48 27.14 0 55.52 4.84 55.52 4.84v61h-31.28c-30.8 0-40.41 19.12-40.41 38.73V256h68.78l-11 71.69h-57.78V501C413.31 482.38 504 379.78 504 256z\"><\/path><\/svg>\t\t\t\t\t<\/a>\n\t\t\t\t<\/span>\n\t\t\t\t\t\t\t<span class=\"elementor-grid-item\" role=\"listitem\">\n\t\t\t\t\t<a class=\"elementor-icon elementor-social-icon elementor-social-icon-youtube elementor-animation-shrink elementor-repeater-item-b212b46\" href=\"https:\/\/www.youtube.com\/channel\/UCvFGLGcttcB-22ZO5RuI_6g\" target=\"_blank\">\n\t\t\t\t\t\t<span class=\"elementor-screen-only\">Youtube<\/span>\n\t\t\t\t\t\t<svg aria-hidden=\"true\" class=\"e-font-icon-svg e-fab-youtube\" viewBox=\"0 0 576 512\" xmlns=\"http:\/\/www.w3.org\/2000\/svg\"><path d=\"M549.655 124.083c-6.281-23.65-24.787-42.276-48.284-48.597C458.781 64 288 64 288 64S117.22 64 74.629 75.486c-23.497 6.322-42.003 24.947-48.284 48.597-11.412 42.867-11.412 132.305-11.412 132.305s0 89.438 11.412 132.305c6.281 23.65 24.787 41.5 48.284 47.821C117.22 448 288 448 288 448s170.78 0 213.371-11.486c23.497-6.321 42.003-24.171 48.284-47.821 11.412-42.867 11.412-132.305 11.412-132.305s0-89.438-11.412-132.305zm-317.51 213.508V175.185l142.739 81.205-142.739 81.201z\"><\/path><\/svg>\t\t\t\t\t<\/a>\n\t\t\t\t<\/span>\n\t\t\t\t\t<\/div>\n\t\t\t\t\t\t<\/div>\n\t\t\t\t\t<h6 data-interaction-id=\"730bd241\" class=\"e-730bd241-9fdf46e e-heading-base\">Festival de Cinema de Caruaru \u00a9 2026<\/h6>\n\t\t\t\t<div class=\"elementor-element elementor-element-28d39138 elementor-widget elementor-widget-spacer\" data-id=\"28d39138\" data-element_type=\"widget\" data-e-type=\"widget\" data-widget_type=\"spacer.default\">\n\t\t\t\t\t\t\t<div class=\"elementor-spacer\">\n\t\t\t<div class=\"elementor-spacer-inner\"><\/div>\n\t\t<\/div>\n\t\t\t\t\t\t<\/div>\n\t\t\t\t<div class=\"elementor-element elementor-element-45e6f16b elementor-hidden-desktop elementor-widget elementor-widget-image\" data-id=\"45e6f16b\" data-element_type=\"widget\" data-e-type=\"widget\" data-widget_type=\"image.default\">\n\t\t\t\t\t\t\t\t\t\t\t\t\t\t\t<img loading=\"lazy\" decoding=\"async\" width=\"800\" height=\"210\" src=\"https:\/\/festivaldecaruaru.com.br\/2026\/wp-content\/uploads\/2026\/07\/REGUA-1-BRANCA_1-1024x269.png\" class=\"attachment-large size-large wp-image-1109\" alt=\"\" srcset=\"https:\/\/festivaldecaruaru.com.br\/2026\/wp-content\/uploads\/2026\/07\/REGUA-1-BRANCA_1-1024x269.png 1024w, https:\/\/festivaldecaruaru.com.br\/2026\/wp-content\/uploads\/2026\/07\/REGUA-1-BRANCA_1-300x79.png 300w, https:\/\/festivaldecaruaru.com.br\/2026\/wp-content\/uploads\/2026\/07\/REGUA-1-BRANCA_1-768x201.png 768w, https:\/\/festivaldecaruaru.com.br\/2026\/wp-content\/uploads\/2026\/07\/REGUA-1-BRANCA_1-1536x403.png 1536w, https:\/\/festivaldecaruaru.com.br\/2026\/wp-content\/uploads\/2026\/07\/REGUA-1-BRANCA_1-2048x537.png 2048w\" sizes=\"(max-width: 800px) 100vw, 800px\" \/>\t\t\t\t\t\t\t\t\t\t\t\t\t\t\t<\/div>\n\t\t\t\t<div class=\"elementor-element elementor-element-37e4d3cf elementor-hidden-tablet elementor-hidden-mobile elementor-widget elementor-widget-image\" data-id=\"37e4d3cf\" data-element_type=\"widget\" data-e-type=\"widget\" data-widget_type=\"image.default\">\n\t\t\t\t\t\t\t\t\t\t\t\t\t\t\t<img loading=\"lazy\" decoding=\"async\" width=\"1536\" height=\"97\" src=\"https:\/\/festivaldecaruaru.com.br\/2026\/wp-content\/uploads\/2026\/07\/REGUA-2-BRANCA_1-1536x97.png\" class=\"attachment-1536x1536 size-1536x1536 wp-image-1108\" alt=\"\" srcset=\"https:\/\/festivaldecaruaru.com.br\/2026\/wp-content\/uploads\/2026\/07\/REGUA-2-BRANCA_1-1536x97.png 1536w, https:\/\/festivaldecaruaru.com.br\/2026\/wp-content\/uploads\/2026\/07\/REGUA-2-BRANCA_1-300x19.png 300w, https:\/\/festivaldecaruaru.com.br\/2026\/wp-content\/uploads\/2026\/07\/REGUA-2-BRANCA_1-1024x65.png 1024w, https:\/\/festivaldecaruaru.com.br\/2026\/wp-content\/uploads\/2026\/07\/REGUA-2-BRANCA_1-768x48.png 768w, https:\/\/festivaldecaruaru.com.br\/2026\/wp-content\/uploads\/2026\/07\/REGUA-2-BRANCA_1-2048x129.png 2048w\" sizes=\"(max-width: 1536px) 100vw, 1536px\" \/>\t\t\t\t\t\t\t\t\t\t\t\t\t\t\t<\/div>\n\t\t\t\t<div class=\"elementor-element elementor-element-731cfa35 elementor-widget elementor-widget-spacer\" data-id=\"731cfa35\" data-element_type=\"widget\" data-e-type=\"widget\" data-widget_type=\"spacer.default\">\n\t\t\t\t\t\t\t<div class=\"elementor-spacer\">\n\t\t\t<div class=\"elementor-spacer-inner\"><\/div>\n\t\t<\/div>\n\t\t\t\t\t\t<\/div>\n\t\t\n<\/div>\n\t\t<\/div>\n\t\t","protected":false},"excerpt":{"rendered":"<p>Home Programa\u00e7\u00e3o Mostras Mostra Adolescine Mostra Agreste Mostra Brasil Mostra Fanta\u0301sticos Mostra Infantil Mostra Internacional Mostra Latino Americana Mostra Pega Leve Mostra Personagem Homenagem Juri Curadoria Oficinas Equipe Outros anos 2025 2024 2023 2022 2021 2020 Home Programa\u00e7\u00e3o Mostras Mostra Adolescine Mostra Agreste Mostra Brasil Mostra Fanta\u0301sticos Mostra Infantil Mostra Internacional Mostra Latino Americana Mostra Pega Leve Mostra Personagem Homenagem Juri Curadoria Oficinas Equipe Outros anos 2025 2024 2023 2022 2021 2020 Home Mostra Latino-Americana Mostra Latino-Americana A Ilha de Lixo &#8211; Pequenos Curtas Catatumbo: Casa do Trov\u00e3o Col\u00f4mbia, Um Poema de Versos Vivos Detritos Duas Estrelas Ela se Parece com Voc\u00ea Olhe para Mim Tenebras Instagram Facebook Youtube Festival de Cinema de Caruaru \u00a9 2026<\/p>\n","protected":false},"author":2,"featured_media":0,"parent":0,"menu_order":0,"comment_status":"closed","ping_status":"closed","template":"elementor_header_footer","meta":{"footnotes":""},"class_list":["post-1299","page","type-page","status-publish","hentry"],"_hostinger_reach_plugin_has_subscription_block":false,"_hostinger_reach_plugin_is_elementor":false,"_links":{"self":[{"href":"https:\/\/festivaldecaruaru.com.br\/2026\/wp-json\/wp\/v2\/pages\/1299","targetHints":{"allow":["GET"]}}],"collection":[{"href":"https:\/\/festivaldecaruaru.com.br\/2026\/wp-json\/wp\/v2\/pages"}],"about":[{"href":"https:\/\/festivaldecaruaru.com.br\/2026\/wp-json\/wp\/v2\/types\/page"}],"author":[{"embeddable":true,"href":"https:\/\/festivaldecaruaru.com.br\/2026\/wp-json\/wp\/v2\/users\/2"}],"replies":[{"embeddable":true,"href":"https:\/\/festivaldecaruaru.com.br\/2026\/wp-json\/wp\/v2\/comments?post=1299"}],"version-history":[{"count":19,"href":"https:\/\/festivaldecaruaru.com.br\/2026\/wp-json\/wp\/v2\/pages\/1299\/revisions"}],"predecessor-version":[{"id":2204,"href":"https:\/\/festivaldecaruaru.com.br\/2026\/wp-json\/wp\/v2\/pages\/1299\/revisions\/2204"}],"wp:attachment":[{"href":"https:\/\/festivaldecaruaru.com.br\/2026\/wp-json\/wp\/v2\/media?parent=1299"}],"curies":[{"name":"wp","href":"https:\/\/api.w.org\/{rel}","templated":true}]}}